{"id":3622,"date":"2023-03-26T18:57:08","date_gmt":"2023-03-26T18:57:08","guid":{"rendered":"https:\/\/www.jet-vip.com\/grup-sozlesmesi\/"},"modified":"2024-11-24T08:59:12","modified_gmt":"2024-11-24T08:59:12","slug":"grup-sozlesmesi","status":"publish","type":"page","link":"https:\/\/www.jet-vip.com\/tr\/grup-sozlesmesi\/","title":{"rendered":"Grup s\u00f6zle\u015fmesi"},"content":{"rendered":"\n<div class=\"wp-block-group mx-7 max-w-7xl sm:mx-auto my-7 is-layout-constrained wp-block-group-is-layout-constrained\">\n<div class=\"wp-block-group is-content-justification-space-between is-layout-flex wp-container-core-group-is-layout-4 wp-block-group-is-layout-flex\">\n<h2 class=\"wp-block-heading\">Jet-VIP&#8217;in Grup Charter U\u00e7u\u015f Hizmetleriyle Tan\u0131\u015f\u0131n<\/h2>\n\n\n\n<hr class=\"wp-block-separator has-alpha-channel-opacity\"\/>\n\n\n\n<div class=\"wp-block-group grid-cols-25-75 is-content-justification-space-between is-layout-flex wp-container-core-group-is-layout-3 wp-block-group-is-layout-flex\">\n<div class=\"wp-block-group border border-grey-blue-700 px-4 rounded-3xl is-layout-constrained wp-block-group-is-layout-constrained\">\n<p>Jet-VIP, \u00e7ok \u00e7e\u015fitli grup u\u00e7u\u015f ihtiya\u00e7lar\u0131n\u0131 kar\u015f\u0131layan grup charter u\u00e7u\u015f hizmetini tan\u0131tmaktan gurur duyar. Kurumsal seyahatlerden \u00f6zel etkinlikler i\u00e7in grup u\u00e7u\u015flar\u0131na kadar herkes i\u00e7in bir \u015feyimiz var.<\/p>\n<\/div>\n\n\n\n<div class=\"wp-block-group rounded-cover is-layout-constrained wp-container-core-group-is-layout-2 wp-block-group-is-layout-constrained\" style=\"padding-top:0;padding-right:0;padding-bottom:0;padding-left:0\">\n<div class=\"wp-block-cover is-light rounded-2xl\" style=\"min-height:244px;aspect-ratio:unset;\"><span aria-hidden=\"true\" class=\"wp-block-cover__background has-very-light-blue-background-color has-background-dim-80 has-background-dim\"><\/span><img decoding=\"async\" width=\"1218\" height=\"812\" class=\"wp-block-cover__image-background wp-image-859\" alt=\"\" src=\"https:\/\/test-jetvip.mendo.lv\/app\/uploads\/2023\/03\/travel_coronavirus.jpg\" style=\"object-position:56% 33%\" data-object-fit=\"cover\" data-object-position=\"56% 33%\" srcset=\"https:\/\/www.jet-vip.com\/app\/uploads\/2023\/03\/travel_coronavirus.jpg 1218w, https:\/\/www.jet-vip.com\/app\/uploads\/2023\/03\/travel_coronavirus-300x200.jpg 300w, https:\/\/www.jet-vip.com\/app\/uploads\/2023\/03\/travel_coronavirus-1024x683.jpg 1024w, https:\/\/www.jet-vip.com\/app\/uploads\/2023\/03\/travel_coronavirus-768x512.jpg 768w\" sizes=\"(max-width: 1218px) 100vw, 1218px\" \/><div class=\"wp-block-cover__inner-container is-layout-flow wp-block-cover-is-layout-flow\">\n<h3 class=\"has-text-align-center wp-block-heading\">Koronavir\u00fcs s\u0131ras\u0131nda seyahat<\/h3>\n\n\n\n<p class=\"has-text-align-center\">Acil durum seyahat d\u00fczenlemeleri s\u00f6z konusu oldu\u011funda, Jet-VIP olarak geni\u015f bir deneyime sahibiz ve \u00f6zel jetlerle \u00e7ok say\u0131da tahliye u\u00e7u\u015fu organize ettik. Profesyonel ekibimiz zorlu bir d\u00f6nemde size destek olmaya kendini adam\u0131\u015ft\u0131r ve ortaya \u00e7\u0131kabilecek her t\u00fcrl\u00fc seyahat krizi acil durumuyla ba\u015fa \u00e7\u0131kma konusunda deneyimlidir.<\/p>\n<\/div><\/div>\n<\/div>\n\n\n\n<p><\/p>\n<\/div>\n<\/div>\n<\/div>\n\n<div class=\"wp-block-group p-7 is-layout-flow wp-block-group-is-layout-flow\">\n<div class=\"wp-block-group mx-7 max-w-7xl sm:mx-auto is-layout-flow wp-block-group-is-layout-flow\">\n<h3 class=\"wp-block-heading\">Grup Charter U\u00e7u\u015f T\u00fcrleri<\/h3>\n\n\n\n<p>Jet-VIP&#8217;de, bir\u00e7ok benzersiz durum i\u00e7in \u00e7ok \u00e7e\u015fitli grup charter u\u00e7u\u015f \u00e7\u00f6z\u00fcmleri sunuyoruz. Size \u015fu konularda yard\u0131mc\u0131 olabiliriz:<\/p>\n\n\n\n<div class=\"wp-block-group is-content-justification-space-between is-layout-flex wp-container-core-group-is-layout-9 wp-block-group-is-layout-flex\">\n<div class=\"wp-block-group sm:w-3\/10 is-layout-constrained wp-block-group-is-layout-constrained\">\n<figure class=\"wp-block-image size-full is-style-rounded\"><img decoding=\"async\" width=\"467\" height=\"263\" src=\"https:\/\/test-jetvip.mendo.lv\/app\/uploads\/2023\/03\/corporate_travel-edited-2.jpg\" alt=\"\" class=\"wp-image-885\" srcset=\"https:\/\/www.jet-vip.com\/app\/uploads\/2023\/03\/corporate_travel-edited-2.jpg 467w, https:\/\/www.jet-vip.com\/app\/uploads\/2023\/03\/corporate_travel-edited-2-300x169.jpg 300w\" sizes=\"(max-width: 467px) 100vw, 467px\" \/><figcaption class=\"wp-element-caption\">Kurumsal Seyahat ve \u0130\u015f Turlar\u0131<\/figcaption><\/figure>\n\n\n<p class=\"has-text-align-left\">Bir i\u015fyeri etkinli\u011fi mi d\u00fczenliyorsunuz? \u0130\u015f arkada\u015flar\u0131n\u0131z ve ekiplerinizle birlikte bir u\u00e7ak kiralamay\u0131 tercih etmek m\u00fckemmel bir se\u00e7enektir.  <\/p>\n\n\n\n<p class=\"has-text-align-left\">\u00d6zel bir u\u00e7ak, bir i\u015f gezisi, konferans, kongre veya te\u015fvik gezisinde seyahati kolayla\u015ft\u0131rmak, \u00e7al\u0131\u015fanlar\u0131n\u0131za ilham vermek ve onlar\u0131 kutlamak i\u00e7in harika bir yol olabilir.  <\/p>\n\n\n\n<p class=\"has-text-align-left\">Seyahatinizi planlaman\u0131za yard\u0131mc\u0131 olmas\u0131 i\u00e7in Jet-VIP&#8217;e g\u00fcvenebilirsiniz. Kendimizi size en iyi ve en uygun maliyetli \u00e7\u00f6z\u00fcmleri sunmaya adad\u0131k.<\/p>\n<\/div>\n\n\n\n<div class=\"wp-block-group sm:w-3\/10 is-layout-constrained wp-block-group-is-layout-constrained\">\n<figure class=\"wp-block-image size-full is-style-rounded\"><img decoding=\"async\" width=\"466\" height=\"262\" src=\"https:\/\/test-jetvip.mendo.lv\/app\/uploads\/2023\/03\/vip_travel-edited-2.jpg\" alt=\"\" class=\"wp-image-886\" srcset=\"https:\/\/www.jet-vip.com\/app\/uploads\/2023\/03\/vip_travel-edited-2.jpg 466w, https:\/\/www.jet-vip.com\/app\/uploads\/2023\/03\/vip_travel-edited-2-300x169.jpg 300w\" sizes=\"(max-width: 466px) 100vw, 466px\" \/><figcaption class=\"wp-element-caption\">\u00d6zel VIP Seyahat<\/figcaption><\/figure>\n\n\n<p class=\"has-text-align-left\">Bir grup arkada\u015f\u0131n\u0131zla veya ailenizle gidiyorsan\u0131z \u00f6zel bir jetle u\u00e7may\u0131 d\u00fc\u015f\u00fcn\u00fcn. Gizlili\u011finizi ve refah\u0131n\u0131z\u0131 korumak i\u00e7in her t\u00fcrl\u00fc \u00e7aba g\u00f6sterilmektedir. Misafirlerinizi kabininizde kar\u015f\u0131lamak i\u00e7in \u00f6zel ihtiya\u00e7lar\u0131n\u0131z\u0131 kar\u015f\u0131layacak \u015fekilde \u00f6zelle\u015ftirebilece\u011finiz y\u00fcksek kaliteli hizmetlerden yararlan\u0131n.  <\/p>\n\n\n\n<p class=\"has-text-align-left\">\u00d6zel jet kiralama, gidece\u011finiz yere olabildi\u011fince h\u0131zl\u0131 ve en l\u00fcks ko\u015fullarda gitmenin en uygun ve uygun maliyetli yoludur.  <\/p>\n\n\n\n<p class=\"has-text-align-left\">Size her f\u0131rsatta haysiyetli ve sayg\u0131l\u0131 davranaca\u011f\u0131m\u0131za g\u00fcvenebilirsiniz.<\/p>\n<\/div>\n\n\n\n<div class=\"wp-block-group sm:w-3\/10 is-layout-constrained wp-block-group-is-layout-constrained\">\n<figure class=\"wp-block-image size-full is-style-rounded\"><img decoding=\"async\" width=\"525\" height=\"295\" src=\"https:\/\/test-jetvip.mendo.lv\/app\/uploads\/2023\/03\/sports_teams-edited.jpg\" alt=\"\" class=\"wp-image-887\" srcset=\"https:\/\/www.jet-vip.com\/app\/uploads\/2023\/03\/sports_teams-edited.jpg 525w, https:\/\/www.jet-vip.com\/app\/uploads\/2023\/03\/sports_teams-edited-300x169.jpg 300w\" sizes=\"(max-width: 525px) 100vw, 525px\" \/><figcaption class=\"wp-element-caption\">Spor Tak\u0131mlar\u0131 ve Taraftarlar<\/figcaption><\/figure>\n\n\n<p class=\"has-text-align-left\">Spor toplant\u0131n\u0131za t\u00fcm ekibiniz ve ekipman\u0131n\u0131zla birlikte \u00f6zel bir u\u00e7akla seyahat edin.  <\/p>\n\n\n\n<p class=\"has-text-align-left\">Zamandan tasarruf eder, lojisti\u011fi optimize eder ve optimum konforun keyfini \u00e7\u0131kar\u0131rs\u0131n\u0131z. \u00d6zel bir u\u00e7ak, oyuncular\u0131n\u0131z\u0131 ve personelinizi en iyi ko\u015fullarda ta\u015f\u0131man\u0131n en iyi yoludur. Rahat koltuklardan, ki\u015fiye \u00f6zel yemeklerden ve \u00f6zel terminalden faydalan\u0131rlar.  <\/p>\n\n\n\n<p class=\"has-text-align-left\">Bir grup taraftar m\u0131s\u0131n\u0131z ve bir ma\u00e7a gitmek mi istiyorsunuz? Destek\u00e7i grubunuz i\u00e7in \u00f6zel bir u\u00e7ak kiralay\u0131n. Seyahatinizi m\u00fcmk\u00fcn oldu\u011funca kolayla\u015ft\u0131ran uygun maliyetli bir \u00e7\u00f6z\u00fcmden faydalan\u0131rs\u0131n\u0131z.<\/p>\n<\/div>\n<\/div>\n\n\n\n<div class=\"wp-block-group is-content-justification-space-between is-layout-flex wp-container-core-group-is-layout-13 wp-block-group-is-layout-flex\">\n<div class=\"wp-block-group sm:w-3\/10 is-layout-constrained wp-block-group-is-layout-constrained\">\n<figure class=\"wp-block-image size-full is-style-rounded\"><img decoding=\"async\" width=\"525\" height=\"295\" src=\"https:\/\/test-jetvip.mendo.lv\/app\/uploads\/2023\/03\/wedding-edited.jpg\" alt=\"\" class=\"wp-image-884\" srcset=\"https:\/\/www.jet-vip.com\/app\/uploads\/2023\/03\/wedding-edited.jpg 525w, https:\/\/www.jet-vip.com\/app\/uploads\/2023\/03\/wedding-edited-300x169.jpg 300w\" sizes=\"(max-width: 525px) 100vw, 525px\" \/><figcaption class=\"wp-element-caption\">D\u00fc\u011f\u00fcn, Kutlama ve Etkinlikler<\/figcaption><\/figure>\n\n\n<p>Konuklar \u00f6zel g\u00fcn\u00fcn\u00fczde \u00f6zel bir jetle \u015f\u0131k bir \u015fekilde gelebilirler.  <\/p>\n\n\n\n<p>Ziyaret\u00e7ilerinize hayatlar\u0131nda bir kez ya\u015fayacaklar\u0131 bir deneyim ya\u015fatman\u0131n en iyi y\u00f6ntemi bir jet kiralamakt\u0131r.  <\/p>\n\n\n\n<p>Jet-VIP olarak, her bir misafirimize ola\u011fan\u00fcst\u00fc d\u00fczeyde hizmet sunmak i\u00e7in \u00e7al\u0131\u015f\u0131yoruz.<\/p>\n<\/div>\n\n\n\n<div class=\"wp-block-group sm:w-3\/10 is-layout-constrained wp-block-group-is-layout-constrained\">\n<figure class=\"wp-block-image size-full is-style-rounded\"><img decoding=\"async\" width=\"1000\" height=\"562\" src=\"https:\/\/test-jetvip.mendo.lv\/app\/uploads\/2023\/03\/concert_journey.jpg\" alt=\"\" class=\"wp-image-854\" srcset=\"https:\/\/www.jet-vip.com\/app\/uploads\/2023\/03\/concert_journey.jpg 1000w, https:\/\/www.jet-vip.com\/app\/uploads\/2023\/03\/concert_journey-300x169.jpg 300w, https:\/\/www.jet-vip.com\/app\/uploads\/2023\/03\/concert_journey-768x432.jpg 768w\" sizes=\"(max-width: 1000px) 100vw, 1000px\" \/><figcaption class=\"wp-element-caption\">Konser Yolculuklar\u0131<\/figcaption><\/figure>\n\n\n<p>Bir jet kiralayarak \u015f\u0131k bir m\u00fczik yolculu\u011fu yap\u0131n. Ayr\u0131ca, grubunuzu ve ekipmanlar\u0131n\u0131 g\u00f6sterilerinize ta\u015f\u0131mak i\u00e7in \u00f6zel bir jet kullanarak zamandan ve paradan tasarruf edebilirsiniz.  <\/p>\n\n\n\n<p>Yolculu\u011funuz s\u00fcresince \u00f6zel jet kiralad\u0131\u011f\u0131n\u0131zda, lojisti\u011finizi basitle\u015ftirir ve zaman \u00e7izelgeniz \u00fczerinde tam kontrol sahibi olursunuz. Jet-VIP ile grubunuzla birlikte konforlu ve \u015f\u0131k bir \u015fekilde seyahat edebilirsiniz.<\/p>\n<\/div>\n\n\n\n<div class=\"wp-block-group sm:w-3\/10 is-layout-constrained wp-block-group-is-layout-constrained\">\n<figure class=\"wp-block-image size-full is-style-rounded\"><img decoding=\"async\" width=\"525\" height=\"295\" src=\"https:\/\/test-jetvip.mendo.lv\/app\/uploads\/2023\/03\/school_exc-edited.jpg\" alt=\"\" class=\"wp-image-883\" srcset=\"https:\/\/www.jet-vip.com\/app\/uploads\/2023\/03\/school_exc-edited.jpg 525w, https:\/\/www.jet-vip.com\/app\/uploads\/2023\/03\/school_exc-edited-300x169.jpg 300w\" sizes=\"(max-width: 525px) 100vw, 525px\" \/><figcaption class=\"wp-element-caption\">Spor Tak\u0131mlar\u0131 ve Taraftarlar<\/figcaption><\/figure>\n\n\n<p>Okul ve e\u011fitim gezilerine giderken \u00f6zel bir u\u00e7a\u011f\u0131n avantajlar\u0131ndan yararlan\u0131n. Biz Jet-VIP olarak size en uygun maliyetli se\u00e7ene\u011fi sunarken ayn\u0131 zamanda en y\u00fcksek g\u00fcvenlik standartlar\u0131n\u0131 da sa\u011fl\u0131yoruz.  <\/p>\n\n\n\n<p>Ekibimiz okul turunuzu planlaman\u0131za yard\u0131mc\u0131 olmak i\u00e7in burada. Seyahatlerinizin sorunsuz ge\u00e7mesi ve \u00f6\u011frencilerinize hayatlar\u0131nda bir kez ya\u015fayacaklar\u0131 bir deneyim sunmak i\u00e7in her \u015feyin \u00f6tesine ge\u00e7iyoruz.<\/p>\n<\/div>\n<\/div>\n\n\n\n<div class=\"wp-block-buttons my-12 is-content-justification-center is-layout-flex wp-container-core-buttons-is-layout-1 wp-block-buttons-is-layout-flex\">\n<div class=\"wp-block-button\"><a class=\"wp-block-button__link wp-element-button\" href=\"https:\/\/www.jet-vip.com\/flight-search\/\">Grup u\u00e7u\u015fu rezervasyonu yap\u0131n<\/a><\/div>\n<\/div>\n<\/div>\n<\/div>\n\n<div class=\"wp-block-group w-full is-layout-constrained wp-block-group-is-layout-constrained\">\n<div class=\"wp-block-group mx-7 max-w-7xl sm:mx-auto mt-12 is-layout-flow wp-block-group-is-layout-flow\">\n<div class=\"wp-block-group carousel-container is-layout-constrained wp-block-group-is-layout-constrained\">\n<h3 class=\"has-text-align-left w-full wp-block-heading\" style=\"padding-bottom:var(--wp--preset--spacing--60)\">Grup Seyahatleri i\u00e7in Hava Yolu Charter U\u00e7u\u015flar\u0131n\u0131n Avantajlar\u0131 Nelerdir?<\/h3>\n\n\n\n<div class=\"wp-block-group grid-cols-25-75 is-layout-flex wp-block-group-is-layout-flex\">\n<div class=\"wp-block-group h-full rounded-cover is-layout-flow wp-block-group-is-layout-flow\">\n<div class=\"wp-block-cover h-full w-full\"><span aria-hidden=\"true\" class=\"wp-block-cover__background has-dark-blue-background-color has-background-dim-80 has-background-dim\"><\/span><img decoding=\"async\" width=\"528\" height=\"1393\" class=\"wp-block-cover__image-background wp-image-853\" alt=\"\" src=\"https:\/\/test-jetvip.mendo.lv\/app\/uploads\/2023\/03\/advantages_vertical.jpg\" data-object-fit=\"cover\" srcset=\"https:\/\/www.jet-vip.com\/app\/uploads\/2023\/03\/advantages_vertical.jpg 528w, https:\/\/www.jet-vip.com\/app\/uploads\/2023\/03\/advantages_vertical-114x300.jpg 114w, https:\/\/www.jet-vip.com\/app\/uploads\/2023\/03\/advantages_vertical-388x1024.jpg 388w\" sizes=\"(max-width: 528px) 100vw, 528px\" \/><div class=\"wp-block-cover__inner-container is-layout-flow wp-block-cover-is-layout-flow\">\n<figure class=\"wp-block-image aligncenter size-full is-resized mx-auto\"><img decoding=\"async\" src=\"https:\/\/test-jetvip.mendo.lv\/app\/uploads\/2022\/12\/Jet-VIP-Logo-White.png\" alt=\"\" class=\"wp-image-116\" width=\"168\" height=\"101\"\/><\/figure>\n\n\n<div class=\"wp-block-buttons my-12 is-content-justification-center is-layout-flex wp-container-core-buttons-is-layout-2 wp-block-buttons-is-layout-flex\">\n<div class=\"wp-block-button\"><a class=\"wp-block-button__link wp-element-button\" href=\"https:\/\/test-jetvip.mendo.lv\/flight-search\/\">Grup u\u00e7u\u015fu rezervasyonu yap\u0131n<\/a><\/div>\n<\/div>\n<\/div><\/div>\n<\/div>\n\n\n\n<div class=\"wp-block-group h-full is-layout-constrained wp-block-group-is-layout-constrained\">\n<h4 class=\"wp-block-heading\">Program esnekli\u011fi<\/h4>\n\n\n\n<p>U\u00e7ak kiralamak, kendi kalk\u0131\u015f ve var\u0131\u015f havaalanlar\u0131n\u0131z\u0131n yan\u0131 s\u0131ra kendi seyahat g\u00fczergah\u0131n\u0131z\u0131 se\u00e7menize olanak tan\u0131r. U\u00e7u\u015f \u00fczerinde tam kontrole sahipsiniz ve hatta ko\u015fullarda son dakika de\u011fi\u015fiklikleri yapabilirsiniz. \u00d6zel jet kiralama, b\u00fcy\u00fck bir parti ile seyahat etmenin en esnek ve kullan\u0131\u015fl\u0131 yoludur.<\/p>\n\n\n\n<h4 class=\"wp-block-heading\">Zamandan tasarruf edin<\/h4>\n\n\n\n<p>Bir grup gezisi i\u00e7in u\u00e7ak kiralad\u0131\u011f\u0131n\u0131zda, transferler ve ba\u011flant\u0131lar konusunda endi\u015felenmenize gerek kalmadan do\u011frudan gidece\u011finiz yere en yak\u0131n havaalan\u0131na u\u00e7abilirsiniz. \u00d6zel jet terminaline vard\u0131\u011f\u0131n\u0131zda, g\u00fcvenlik kontrollerinden h\u0131zl\u0131 bir \u015fekilde ge\u00e7irilirsiniz. Ayr\u0131ca, havaalan\u0131 transferleri i\u00e7in \u00f6zel \u015fof\u00f6rl\u00fc otob\u00fcsler ve minib\u00fcsler sa\u011flayabiliriz.<\/p>\n\n\n\n<p>U\u00e7u\u015funuzun m\u00fcmk\u00fcn oldu\u011funca iyi ge\u00e7mesi i\u00e7in her \u015feyi organize etmenize yard\u0131mc\u0131 olaca\u011f\u0131z. \u00d6zel jet kiralarsan\u0131z grup seyahatleri daha verimli hale gelebilir.<\/p>\n\n\n\n<h4 class=\"wp-block-heading\">Sorunsuz organizasyon<\/h4>\n\n\n\n<p>Jet-VIP ile \u00f6zel bir u\u00e7akla seyahat planlamak \u00e7ok kolay. \u0130dari s\u00fcre\u00e7lerin yan\u0131 s\u0131ra u\u00e7u\u015f haz\u0131rl\u0131\u011f\u0131n\u0131n t\u00fcm y\u00f6nleri tamamen taraf\u0131m\u0131zca ele al\u0131nmaktad\u0131r.<\/p>\n\n\n\n<p>Seyahatinize haz\u0131rlanman\u0131z\u0131 kolayla\u015ft\u0131rmak i\u00e7in size yard\u0131mc\u0131 olacak \u00f6zel bir profesyonel g\u00f6revlendirdik. Jet-VIP, bir grup seyahatini verimli bir \u015fekilde planlamay\u0131 her zamankinden daha kolay hale getirdi.<\/p>\n\n\n\n<h4 class=\"wp-block-heading\">Sonsuz ki\u015fiselle\u015ftirme se\u00e7enekleri<\/h4>\n\n\n\n<p>Seyahatinizin ayr\u0131nt\u0131lar\u0131 \u00fczerinde tam kontrole sahipsiniz. Bir yemek \u015firketi ile \u00e7al\u0131\u015farak \u00f6zel bir men\u00fc olu\u015fturulabilir. Misafirleriniz i\u00e7in markal\u0131 \u00fcr\u00fcnler ve hediyelerle s\u00fcsleyin. \u0130sterseniz u\u00e7a\u011f\u0131n\u0131z\u0131n d\u0131\u015f y\u00fczeyine tan\u0131mlay\u0131c\u0131 bir i\u015faret uygulanabilir.<\/p>\n\n\n\n<p>Grup yolculu\u011funuz i\u00e7in her t\u00fcrl\u00fc \u00f6zel ihtiyac\u0131n\u0131z\u0131 kar\u015f\u0131lamaktan mutluluk duyar\u0131z.<\/p>\n\n\n\n<h4 class=\"wp-block-heading\">Bagaj konaklama yerleri<\/h4>\n\n\n\n<p>Grubunuzun bagajlar\u0131n\u0131 ta\u015f\u0131mak ve yolculu\u011funuzun di\u011fer t\u00fcm ayr\u0131nt\u0131lar\u0131n\u0131 halletmek i\u00e7in d\u00fczenlemeler yapaca\u011f\u0131z. M\u00fczik aletleri, sahne ekipmanlar\u0131 ve spor malzemeleri gibi benzersiz bagajlar\u0131 ta\u015f\u0131yabilen bir u\u00e7ak Jet-VIP taraf\u0131ndan sa\u011flanabilir. G\u00f6ky\u00fcz\u00fc s\u0131n\u0131rs\u0131z!<\/p>\n\n\n\n<h4 class=\"wp-block-heading\">Cep dostu<\/h4>\n\n\n\n<p>\u015eirketinizdeki herkes i\u00e7in u\u00e7ak bileti sat\u0131n almak yerine \u00f6zel bir jet kullanmak, genel olarak paradan tasarruf etmenizi sa\u011flayabilir. Jet-VIP olarak, mevcut en uygun maliyetli se\u00e7ene\u011fi sunarak b\u00fct\u00e7eniz dahilinde kalman\u0131za yard\u0131mc\u0131 olmaya kendimizi adad\u0131k.<\/p>\n\n\n\n<p>Sekt\u00f6rdeki \u00f6nemli uzmanl\u0131\u011f\u0131m\u0131z sayesinde size en d\u00fc\u015f\u00fck fiyatlar\u0131 sunabiliyoruz.<\/p>\n\n\n\n<h4 class=\"wp-block-heading\">Unutulmaz bir deneyimin tad\u0131n\u0131 \u00e7\u0131kar\u0131n<\/h4>\n\n\n\n<p>Bir grup insan\u0131 \u00f6zel bir u\u00e7ak yolculu\u011funa \u00e7\u0131karmak, kat\u0131lan herkes i\u00e7in unutulmaz bir deneyim yaratman\u0131n harika bir yoludur. Bir sonraki grup geziniz i\u00e7in \u00f6zel jet kiralama ile \u015f\u0131k bir \u015fekilde u\u00e7un.<\/p>\n<\/div>\n<\/div>\n<\/div>\n<\/div>\n<\/div>\n\n<div class=\"wp-block-group mx-7 max-w-7xl sm:mx-auto mt-12 px-4 py-12 is-layout-flow wp-block-group-is-layout-flow\">\n<h3 class=\"mb-7 wp-block-heading\">Grup Hava Yolculu\u011funu Kolayla\u015ft\u0131rmak<\/h3>\n\n\n\n<div class=\"wp-block-group is-content-justification-space-between is-nowrap is-layout-flex wp-container-core-group-is-layout-22 wp-block-group-is-layout-flex\">\n<p class=\"has-text-align-left sm:w-1\/2\">Nereye seyahat etmek isterseniz isteyin veya neye ihtiyac\u0131n\u0131z olursa olsun grubunuzu bir araya getirmenize yard\u0131mc\u0131 olabiliriz. Uzun y\u0131llard\u0131r, d\u00fcnyan\u0131n d\u00f6rt bir yan\u0131ndaki yolcular i\u00e7in \u00e7e\u015fitli ama\u00e7larla grup hava yolu charter u\u00e7u\u015flar\u0131 d\u00fczenliyoruz.<\/p>\n\n\n\n<p class=\"sm:w-1\/2\">\u00d6zel bir grup hava kiralamas\u0131 planlamak i\u00e7in bizimle \u00e7al\u0131\u015ft\u0131\u011f\u0131n\u0131zda, g\u00fczergah\u0131n\u0131z, kalk\u0131\u015f havaliman\u0131n\u0131z ve son var\u0131\u015f noktan\u0131z \u00fczerinde tam kontrole sahip olursunuz. Her \u015feyin plana uygun gitti\u011finden emin olmak i\u00e7in \u00e7abal\u0131yoruz.<\/p>\n<\/div>\n<\/div>\n\n<div class=\"wp-block-group mx-7 max-w-7xl sm:mx-auto mt-12 px-4 py-12 is-layout-flow wp-block-group-is-layout-flow\">\n<h3 class=\"has-text-align-center mb-7 wp-block-heading\">Neden Jet-VIP&#8217;i se\u00e7melisiniz?<\/h3>\n\n\n\n<p class=\"has-text-align-center\">Jet-VIP, \u00f6zel jet alan\u0131nda kendine bir isim edinmi\u015ftir. \u0130\u015fte sekt\u00f6r\u00fcn en iyileri aras\u0131nda say\u0131lmam\u0131z\u0131n nedenlerinden baz\u0131lar\u0131<\/p>\n\n\n\n<div class=\"wp-block-group carousel-container carousel-max-3 is-layout-constrained wp-block-group-is-layout-constrained\">\n<div class=\"wp-block-cb-carousel centered-contents my-12\" data-slick=\"{&quot;slidesToShow&quot;:6,&quot;slidesToScroll&quot;:1,&quot;speed&quot;:300,&quot;arrows&quot;:true,&quot;dots&quot;:true,&quot;autoplay&quot;:false,&quot;autoplaySpeed&quot;:3000,&quot;infinite&quot;:false,&quot;responsive&quot;:[{&quot;breakpoint&quot;:769,&quot;settings&quot;:{&quot;slidesToShow&quot;:1,&quot;slidesToScroll&quot;:1}}]}\">\n<div class=\"wp-block-cb-slide\">\n<figure class=\"wp-block-image size-large\"><img decoding=\"async\" width=\"196\" height=\"196\" src=\"https:\/\/test-jetvip.mendo.lv\/app\/uploads\/2023\/03\/icon1-1.svg\" alt=\"\" class=\"wp-image-891\"\/><\/figure>\n\n\n<p class=\"has-text-align-center\"><strong>Deneyim<\/strong><\/p>\n\n\n\n<p class=\"has-text-align-center\">Jet-VIP olarak, her t\u00fcrl\u00fc \u00f6zel u\u00e7u\u015fu planlama ve ger\u00e7ekle\u015ftirme konusunda geni\u015f deneyime sahibiz. Bir grup charter u\u00e7u\u015fu planl\u0131yorsan\u0131z, emin ellerde oldu\u011funuzu bilerek rahatlayabilirsiniz.<\/p>\n<\/div>\n\n\n\n<div class=\"wp-block-cb-slide\">\n<figure class=\"wp-block-image size-large\"><img decoding=\"async\" width=\"196\" height=\"196\" src=\"https:\/\/test-jetvip.mendo.lv\/app\/uploads\/2023\/03\/icon2-1.svg\" alt=\"\" class=\"wp-image-892\"\/><\/figure>\n\n\n<p class=\"has-text-align-center\"><strong>G\u00fcvenilirlik<\/strong><\/p>\n\n\n\n<p class=\"has-text-align-center\">Say\u0131s\u0131z yolcuyu d\u00fcnyan\u0131n \u00e7e\u015fitli yerlerine u\u00e7urarak t\u00fcm m\u00fc\u015fterilerimizin g\u00fcvenini kazand\u0131k ve benzersiz hizmetler sunmak i\u00e7in \u00e7al\u0131\u015f\u0131yoruz.<\/p>\n<\/div>\n\n\n\n<div class=\"wp-block-cb-slide\">\n<figure class=\"wp-block-image size-large\"><img decoding=\"async\" width=\"196\" height=\"196\" src=\"https:\/\/test-jetvip.mendo.lv\/app\/uploads\/2023\/03\/icon3-1.svg\" alt=\"\" class=\"wp-image-893\"\/><\/figure>\n\n\n<p class=\"has-text-align-center\"><strong>Profesyonel Personel<\/strong><\/p>\n\n\n\n<p class=\"has-text-align-center\">Ekibimizin t\u00fcm \u00fcyeleri kendi alanlar\u0131nda uzmand\u0131r. Grup charter u\u00e7u\u015flar\u0131n\u0131z, ihtiya\u00e7lar\u0131n\u0131z\u0131 kapsaml\u0131 bir \u015fekilde de\u011ferlendirme ve i\u015f i\u00e7in en iyi u\u00e7a\u011f\u0131 h\u0131zl\u0131 bir \u015fekilde se\u00e7me yetenekleri sayesinde sorunsuz ge\u00e7ecektir.<\/p>\n<\/div>\n\n\n\n<div class=\"wp-block-cb-slide\">\n<figure class=\"wp-block-image size-large\"><img decoding=\"async\" width=\"196\" height=\"196\" src=\"https:\/\/test-jetvip.mendo.lv\/app\/uploads\/2023\/03\/icon4.svg\" alt=\"\" class=\"wp-image-894\"\/><\/figure>\n\n\n<p class=\"has-text-align-center\"><strong>Rekabet\u00e7i Fiyatlar<\/strong><\/p>\n\n\n\n<p class=\"has-text-align-center\">Konforlu grup u\u00e7u\u015flar\u0131n\u0131 herkesin kullan\u0131m\u0131na sunmak i\u00e7in \u00e7al\u0131\u015f\u0131yoruz. Fiyatlar\u0131m\u0131z son derece rekabet\u00e7idir ve seyahat program\u0131n\u0131z\u0131 b\u00fct\u00e7enize uygun bir \u015fekilde planlamak i\u00e7in sizinle birlikte \u00e7al\u0131\u015f\u0131yoruz.<\/p>\n<\/div>\n\n\n\n<div class=\"wp-block-cb-slide\">\n<figure class=\"wp-block-image size-large\"><img decoding=\"async\" width=\"197\" height=\"196\" src=\"https:\/\/test-jetvip.mendo.lv\/app\/uploads\/2023\/03\/icon5.svg\" alt=\"\" class=\"wp-image-895\"\/><\/figure>\n\n\n<p class=\"has-text-align-center\"><strong>7\/24 Destek<\/strong><\/p>\n\n\n\n<p class=\"has-text-align-center\">\u00d6zel destek ekibimiz g\u00fcn\u00fcn her saatinde size yard\u0131mc\u0131 olmaya haz\u0131r oldu\u011fundan, seyahatinizin her a\u015famas\u0131nda arkan\u0131zda oldu\u011fumuzu bilmenin huzurunu ya\u015fayabilirsiniz.<\/p>\n<\/div>\n\n\n\n<div class=\"wp-block-cb-slide\">\n<figure class=\"wp-block-image size-large\"><img decoding=\"async\" width=\"196\" height=\"196\" src=\"https:\/\/test-jetvip.mendo.lv\/app\/uploads\/2023\/03\/icon6.svg\" alt=\"\" class=\"wp-image-896\"\/><\/figure>\n\n\n<p class=\"has-text-align-center\"><strong>Uluslararas\u0131 Kapsam<\/strong><\/p>\n\n\n\n<p class=\"has-text-align-center\">Geli\u015fmi\u015f veri taban\u0131m\u0131z, seyahatinizi m\u00fcmk\u00fcn olan en verimli \u015fekilde h\u0131zl\u0131ca planlamam\u0131z\u0131 ve sonu\u00e7land\u0131rmam\u0131z\u0131 sa\u011flar. Size sorunsuz ve zahmetsiz bir deneyim sunmak i\u00e7in d\u00fcnya \u00e7ap\u0131ndaki havalimanlar\u0131yla i\u015fbirli\u011fi yapmam\u0131za yard\u0131mc\u0131 olan d\u00fcnya \u00e7ap\u0131nda ba\u011flant\u0131lar\u0131m\u0131z var.<\/p>\n<\/div>\n<\/div>\n<\/div>\n<\/div>\n\n<div class=\"wp-block-group mega-rounded-top-right has-white-background-color has-background is-layout-flow wp-block-group-is-layout-flow\">\n<div class=\"wp-block-group mx-7 max-w-7xl sm:mx-auto mt-12 px-4 py-12 rounded-3xl is-vertical is-content-justification-center is-layout-flex wp-container-core-group-is-layout-26 wp-block-group-is-layout-flex\">\n<h3 class=\"wp-block-heading\" style=\"padding-bottom:var(--wp--preset--spacing--60)\">Bug\u00fcn Ula\u015f\u0131n<\/h3>\n\n\n\n<p class=\"has-text-align-center\">Hava yolu kiralama dan\u0131\u015fman\u0131n\u0131z olarak, grubunuzun seyahat planlar\u0131na, mali durumuna, ba\u015flang\u0131\u00e7 \u015fehrine ve nihai var\u0131\u015f noktas\u0131na ba\u011fl\u0131 olarak bir charter u\u00e7u\u015funun uygun bir se\u00e7enek olup olmad\u0131\u011f\u0131n\u0131 de\u011ferlendirmenize yard\u0131mc\u0131 olabiliriz. Tatilinizi planlaman\u0131za yard\u0131mc\u0131 olmak i\u00e7in size ziyaret edebilece\u011finiz yerler bile \u00f6nerebiliriz.  <\/p>\n\n\n\n<p class=\"has-text-align-center\">M\u00fc\u015fterilerimizden biri oldu\u011funuz i\u00e7in, bilin\u00e7li bir karar vermenize yard\u0131mc\u0131 olmak ve gerekirse sizin ad\u0131n\u0131za m\u00fcmk\u00fcn olan en iyi ko\u015fullar\u0131 m\u00fczakere etmek i\u00e7in piyasa uzmanl\u0131\u011f\u0131m\u0131z\u0131 kullanaca\u011f\u0131z. Sizin i\u00e7in t\u00fcm ayr\u0131nt\u0131larla ilgilenece\u011fiz, b\u00f6ylece hi\u00e7bir \u015fey i\u00e7in endi\u015felenmenize gerek kalmayacak. 24 saat u\u00e7u\u015f takibimiz ve n\u00f6bet\u00e7i g\u00f6revlimiz sayesinde bize ihtiya\u00e7 duydu\u011funuz her an yan\u0131n\u0131zda olaca\u011f\u0131z, b\u00f6ylece huzur i\u00e7inde seyahat edebilirsiniz.  <\/p>\n\n\n\n<p class=\"has-text-align-center\">Grup u\u00e7u\u015f planlar\u0131n\u0131z\u0131 ba\u015flatmak i\u00e7in bizimle ileti\u015fime ge\u00e7mekten \u00e7ekinmeyin, b\u00f6ylece sizi gidece\u011finiz yere sorunsuz, konforlu ve rahat bir \u015fekilde ula\u015ft\u0131racak kusursuz bir g\u00fczergah geli\u015ftirmek i\u00e7in sizinle birlikte \u00e7al\u0131\u015fabiliriz!<\/p>\n\n\n\n<p><\/p>\n\n\n\n<div class=\"wp-block-buttons is-layout-flex wp-block-buttons-is-layout-flex\">\n<div class=\"wp-block-button\"><a class=\"wp-block-button__link wp-element-button\" href=\"https:\/\/www.jet-vip.com\/flight-search\/\">U\u00e7u\u015f Rezervasyonu<\/a><\/div>\n<\/div>\n<\/div>\n<\/div>\n\n<div class=\"wp-block-group has-white-background-color has-background is-layout-flow wp-block-group-is-layout-flow\">\n<div class=\"wp-block-group mx-7 max-w-7xl sm:mx-auto pt-12 px-4 py-12 is-layout-constrained wp-block-group-is-layout-constrained\">\n<div class=\"wp-block-group header-text-container bg-white pt-8 is-layout-constrained wp-block-group-is-layout-constrained\">\n<div class=\"wp-block-group block-header-container is-vertical is-layout-flex wp-container-core-group-is-layout-28 wp-block-group-is-layout-flex\">\n<h2 class=\"wp-block-heading\" id=\"h-learn-more\">Learn more<\/h2>\n\n\n\n<hr class=\"wp-block-separator has-alpha-channel-opacity\"\/>\n\n\n\n<p>We know that your flight needs may be different, so we adapt to provide various kinds of <a href=\"https:\/\/diamondproblemsolver.org\/\">diamond solver<\/a>:<\/p>\n<\/div>\n\n\n\n<div class=\"wp-block-group is-vertical is-layout-flex wp-container-core-group-is-layout-30 wp-block-group-is-layout-flex\">\n<h4 class=\"wp-block-heading\" id=\"h-fleet\">Fleet<\/h4>\n\n\n\n<div class=\"wp-block-group is-nowrap is-layout-flex wp-container-core-group-is-layout-29 wp-block-group-is-layout-flex\">\n<p>Our expert team can find the best available price for your private jet hire on the most suitable private aircraft<\/p>\n\n\n\n<p><a href=\"https:\/\/www.jet-vip.com\/our-fleet\/\">More info<\/a><\/p>\n<\/div>\n<\/div>\n\n\n\n<div class=\"wp-block-group is-vertical is-layout-flex wp-container-core-group-is-layout-32 wp-block-group-is-layout-flex\">\n<h4 class=\"wp-block-heading\" id=\"h-destinations\">Destinations<\/h4>\n\n\n\n<div class=\"wp-block-group is-nowrap is-layout-flex wp-container-core-group-is-layout-31 wp-block-group-is-layout-flex\">\n<p>Discover the most requested destinations for your private jet trip<\/p>\n\n\n\n<p><a href=\"https:\/\/www.jet-vip.com\/destinations\/\" data-type=\"page\" data-id=\"122\">More info<\/a><\/p>\n<\/div>\n<\/div>\n\n\n\n<div class=\"wp-block-group is-vertical is-layout-flex wp-container-core-group-is-layout-34 wp-block-group-is-layout-flex\">\n<h4 class=\"wp-block-heading\" id=\"h-frequently-asked-questions\">Frequently Asked Questions<\/h4>\n\n\n\n<div class=\"wp-block-group is-nowrap is-layout-flex wp-container-core-group-is-layout-33 wp-block-group-is-layout-flex\">\n<p>You have a question? <br>We have the answer !<\/p>\n\n\n\n<p><a href=\"https:\/\/www.jet-vip.com\/frequently-asked-questions\/\" data-type=\"page\" data-id=\"417\">More info<\/a><\/p>\n<\/div>\n<\/div>\n\n\n\n<div class=\"wp-block-group is-vertical is-layout-flex wp-container-core-group-is-layout-36 wp-block-group-is-layout-flex\">\n<h4 class=\"wp-block-heading\" id=\"h-medical-flights\">Medical Flights<\/h4>\n\n\n\n<div class=\"wp-block-group is-nowrap is-layout-flex wp-container-core-group-is-layout-35 wp-block-group-is-layout-flex\">\n<p>In case you need to book a jet for your special occasion or business look no further!<\/p>\n\n\n\n<p><a href=\"https:\/\/www.jet-vip.com\/ambulance-flights\/\" data-type=\"page\" data-id=\"1184\">More info<\/a><\/p>\n<\/div>\n<\/div>\n\n\n\n<div class=\"wp-block-group is-vertical is-layout-flex wp-container-core-group-is-layout-38 wp-block-group-is-layout-flex\">\n<h4 class=\"wp-block-heading\" id=\"h-safety\">Safety<\/h4>\n\n\n\n<div class=\"wp-block-group is-nowrap is-layout-flex wp-container-core-group-is-layout-37 wp-block-group-is-layout-flex\">\n<p>Safety in private aviation is our most important concern. Safety has always been the priority of Jet-Vip<\/p>\n\n\n\n<p><a href=\"https:\/\/www.jet-vip.com\/safety-at-jet-vip\/\" data-type=\"page\" data-id=\"762\">More info<\/a><\/p>\n<\/div>\n<\/div>\n\n\n\n<div class=\"wp-block-group is-vertical is-layout-flex wp-container-core-group-is-layout-40 wp-block-group-is-layout-flex\">\n<h4 class=\"wp-block-heading\" id=\"h-empty-legs\">Empty legs<\/h4>\n\n\n\n<div class=\"wp-block-group is-nowrap is-layout-flex wp-container-core-group-is-layout-39 wp-block-group-is-layout-flex\">\n<p>Chartering an empty leg flight is an opportunity to save up to 50% on your private jet flight price<\/p>\n\n\n\n<p><a href=\"https:\/\/www.jet-vip.com\/empty-leg-flights-with-jet-vip\/\" data-type=\"page\" data-id=\"446\">More info<\/a><\/p>\n<\/div>\n<\/div>\n<\/div>\n<\/div>\n<\/div>\n\n<div class=\"wp-block-group container-rounded-bottom-left -mt-10 white is-layout-constrained wp-block-group-is-layout-constrained\"><\/div>\n","protected":false},"excerpt":{"rendered":"<p>Jet-VIP&#8217;in Grup Charter U\u00e7u\u015f Hizmetleriyle Tan\u0131\u015f\u0131n Jet-VIP, \u00e7ok \u00e7e\u015fitli grup u\u00e7u\u015f ihtiya\u00e7lar\u0131n\u0131 kar\u015f\u0131layan grup charter u\u00e7u\u015f hizmetini tan\u0131tmaktan gurur duyar. Kurumsal seyahatlerden \u00f6zel etkinlikler i\u00e7in grup u\u00e7u\u015flar\u0131na kadar herkes i\u00e7in bir \u015feyimiz var. Grup Charter U\u00e7u\u015f T\u00fcrleri Jet-VIP&#8217;de, bir\u00e7ok benzersiz durum i\u00e7in \u00e7ok \u00e7e\u015fitli grup charter u\u00e7u\u015f \u00e7\u00f6z\u00fcmleri sunuyoruz. Size \u015fu konularda yard\u0131mc\u0131 olabiliriz: Bir &hellip; <a href=\"https:\/\/www.jet-vip.com\/tr\/grup-sozlesmesi\/\">Continued<\/a><\/p>\n","protected":false},"author":2,"featured_media":3095,"parent":0,"menu_order":0,"comment_status":"closed","ping_status":"closed","template":"template-bluebg.blade.php","meta":{"footnotes":""},"class_list":["post-3622","page","type-page","status-publish","has-post-thumbnail","hentry"],"yoast_head":"<!-- This site is optimized with the Yoast SEO Premium plugin v23.9 (Yoast SEO v23.9) - https:\/\/yoast.com\/wordpress\/plugins\/seo\/ -->\n<title>Grup Charter U\u00e7u\u015f Hizmetleri | Gruplar i\u00e7in \u00d6zel Jet Seyahati<\/title>\n<meta name=\"description\" content=\"Jet-VIP&#039;in \u00e7ok \u00e7e\u015fitli grup u\u00e7u\u015f ihtiya\u00e7lar\u0131n\u0131 kar\u015f\u0131layan Grup Charter U\u00e7u\u015f Hizmetlerini ke\u015ffedin. Kurumsal seyahatlerden \u00f6zel etkinliklere kadar.\" \/>\n<meta name=\"robots\" content=\"index, follow, max-snippet:-1, max-image-preview:large, max-video-preview:-1\" \/>\n<link rel=\"canonical\" href=\"https:\/\/www.jet-vip.com\/tr\/grup-sozlesmesi\/\" \/>\n<meta property=\"og:locale\" content=\"tr_TR\" \/>\n<meta property=\"og:type\" content=\"article\" \/>\n<meta property=\"og:title\" content=\"Grup Charter U\u00e7u\u015f Hizmetleri | Gruplar i\u00e7in \u00d6zel Jet Seyahati\" \/>\n<meta property=\"og:description\" content=\"Jet-VIP&#039;in \u00e7ok \u00e7e\u015fitli grup u\u00e7u\u015f ihtiya\u00e7lar\u0131n\u0131 kar\u015f\u0131layan Grup Charter U\u00e7u\u015f Hizmetlerini ke\u015ffedin. Kurumsal seyahatlerden \u00f6zel etkinliklere kadar.\" \/>\n<meta property=\"og:url\" content=\"https:\/\/www.jet-vip.com\/tr\/grup-sozlesmesi\/\" \/>\n<meta property=\"og:site_name\" content=\"Jet VIP\" \/>\n<meta property=\"article:modified_time\" content=\"2024-11-24T08:59:12+00:00\" \/>\n<meta property=\"og:image\" content=\"https:\/\/www.jet-vip.com\/app\/uploads\/2023\/03\/gc_header.jpg\" \/>\n\t<meta property=\"og:image:width\" content=\"1951\" \/>\n\t<meta property=\"og:image:height\" content=\"1601\" \/>\n\t<meta property=\"og:image:type\" content=\"image\/jpeg\" \/>\n<meta name=\"twitter:card\" content=\"summary_large_image\" \/>\n<meta name=\"twitter:label1\" content=\"Est. reading time\" \/>\n\t<meta name=\"twitter:data1\" content=\"25 minutes\" \/>\n<!-- \/ Yoast SEO Premium plugin. -->","yoast_head_json":{"title":"Grup Charter U\u00e7u\u015f Hizmetleri | Gruplar i\u00e7in \u00d6zel Jet Seyahati","description":"Jet-VIP'in \u00e7ok \u00e7e\u015fitli grup u\u00e7u\u015f ihtiya\u00e7lar\u0131n\u0131 kar\u015f\u0131layan Grup Charter U\u00e7u\u015f Hizmetlerini ke\u015ffedin. Kurumsal seyahatlerden \u00f6zel etkinliklere kadar.","robots":{"index":"index","follow":"follow","max-snippet":"max-snippet:-1","max-image-preview":"max-image-preview:large","max-video-preview":"max-video-preview:-1"},"canonical":"https:\/\/www.jet-vip.com\/tr\/grup-sozlesmesi\/","og_locale":"tr_TR","og_type":"article","og_title":"Grup Charter U\u00e7u\u015f Hizmetleri | Gruplar i\u00e7in \u00d6zel Jet Seyahati","og_description":"Jet-VIP'in \u00e7ok \u00e7e\u015fitli grup u\u00e7u\u015f ihtiya\u00e7lar\u0131n\u0131 kar\u015f\u0131layan Grup Charter U\u00e7u\u015f Hizmetlerini ke\u015ffedin. Kurumsal seyahatlerden \u00f6zel etkinliklere kadar.","og_url":"https:\/\/www.jet-vip.com\/tr\/grup-sozlesmesi\/","og_site_name":"Jet VIP","article_modified_time":"2024-11-24T08:59:12+00:00","og_image":[{"width":1951,"height":1601,"url":"https:\/\/www.jet-vip.com\/app\/uploads\/2023\/03\/gc_header.jpg","type":"image\/jpeg"}],"twitter_card":"summary_large_image","twitter_misc":{"Est. reading time":"25 minutes"},"schema":{"@context":"https:\/\/schema.org","@graph":[{"@type":"WebPage","@id":"https:\/\/www.jet-vip.com\/tr\/grup-sozlesmesi\/","url":"https:\/\/www.jet-vip.com\/tr\/grup-sozlesmesi\/","name":"Grup Charter U\u00e7u\u015f Hizmetleri | Gruplar i\u00e7in \u00d6zel Jet Seyahati","isPartOf":{"@id":"https:\/\/www.jet-vip.com\/tr\/#website"},"primaryImageOfPage":{"@id":"https:\/\/www.jet-vip.com\/tr\/grup-sozlesmesi\/#primaryimage"},"image":{"@id":"https:\/\/www.jet-vip.com\/tr\/grup-sozlesmesi\/#primaryimage"},"thumbnailUrl":"https:\/\/www.jet-vip.com\/app\/uploads\/2023\/03\/gc_header.jpg","datePublished":"2023-03-26T18:57:08+00:00","dateModified":"2024-11-24T08:59:12+00:00","description":"Jet-VIP'in \u00e7ok \u00e7e\u015fitli grup u\u00e7u\u015f ihtiya\u00e7lar\u0131n\u0131 kar\u015f\u0131layan Grup Charter U\u00e7u\u015f Hizmetlerini ke\u015ffedin. Kurumsal seyahatlerden \u00f6zel etkinliklere kadar.","inLanguage":"tr-TR","potentialAction":[{"@type":"ReadAction","target":["https:\/\/www.jet-vip.com\/tr\/grup-sozlesmesi\/"]}]},{"@type":"ImageObject","inLanguage":"tr-TR","@id":"https:\/\/www.jet-vip.com\/tr\/grup-sozlesmesi\/#primaryimage","url":"https:\/\/www.jet-vip.com\/app\/uploads\/2023\/03\/gc_header.jpg","contentUrl":"https:\/\/www.jet-vip.com\/app\/uploads\/2023\/03\/gc_header.jpg","width":1951,"height":1601},{"@type":"WebSite","@id":"https:\/\/www.jet-vip.com\/tr\/#website","url":"https:\/\/www.jet-vip.com\/tr\/","name":"www.jet-vip.com","description":"Private Jet &amp; Helicopter charter","publisher":{"@id":"https:\/\/www.jet-vip.com\/tr\/#organization"},"potentialAction":[{"@type":"SearchAction","target":{"@type":"EntryPoint","urlTemplate":"https:\/\/www.jet-vip.com\/tr\/?s={search_term_string}"},"query-input":{"@type":"PropertyValueSpecification","valueRequired":true,"valueName":"search_term_string"}}],"inLanguage":"tr-TR"},{"@type":"Organization","@id":"https:\/\/www.jet-vip.com\/tr\/#organization","name":"JET VIP","alternateName":"JET-VIP","url":"https:\/\/www.jet-vip.com\/tr\/","logo":{"@type":"ImageObject","inLanguage":"tr-TR","@id":"https:\/\/www.jet-vip.com\/tr\/#\/schema\/logo\/image\/","url":"https:\/\/www.jet-vip.com\/app\/uploads\/2023\/04\/logo_jetvip.png","contentUrl":"https:\/\/www.jet-vip.com\/app\/uploads\/2023\/04\/logo_jetvip.png","width":2344,"height":1500,"caption":"JET VIP"},"image":{"@id":"https:\/\/www.jet-vip.com\/tr\/#\/schema\/logo\/image\/"},"sameAs":["https:\/\/instagram.com\/jet_vip"]}]}},"_links":{"self":[{"href":"https:\/\/www.jet-vip.com\/tr\/wp-json\/wp\/v2\/pages\/3622","targetHints":{"allow":["GET"]}}],"collection":[{"href":"https:\/\/www.jet-vip.com\/tr\/wp-json\/wp\/v2\/pages"}],"about":[{"href":"https:\/\/www.jet-vip.com\/tr\/wp-json\/wp\/v2\/types\/page"}],"author":[{"embeddable":true,"href":"https:\/\/www.jet-vip.com\/tr\/wp-json\/wp\/v2\/users\/2"}],"replies":[{"embeddable":true,"href":"https:\/\/www.jet-vip.com\/tr\/wp-json\/wp\/v2\/comments?post=3622"}],"version-history":[{"count":1,"href":"https:\/\/www.jet-vip.com\/tr\/wp-json\/wp\/v2\/pages\/3622\/revisions"}],"predecessor-version":[{"id":3623,"href":"https:\/\/www.jet-vip.com\/tr\/wp-json\/wp\/v2\/pages\/3622\/revisions\/3623"}],"wp:featuredmedia":[{"embeddable":true,"href":"https:\/\/www.jet-vip.com\/tr\/wp-json\/wp\/v2\/media\/3095"}],"wp:attachment":[{"href":"https:\/\/www.jet-vip.com\/tr\/wp-json\/wp\/v2\/media?parent=3622"}],"curies":[{"name":"wp","href":"https:\/\/api.w.org\/{rel}","templated":true}]}}