{"id":3620,"date":"2023-01-03T12:29:15","date_gmt":"2023-01-03T12:29:15","guid":{"rendered":"https:\/\/www.jet-vip.com\/destinasyonlar\/almanya\/"},"modified":"2024-11-24T08:48:37","modified_gmt":"2024-11-24T08:48:37","slug":"almanya","status":"publish","type":"page","link":"https:\/\/www.jet-vip.com\/tr\/destinasyonlar\/almanya\/","title":{"rendered":"Almanya"},"content":{"rendered":"\n<div class=\"wp-block-group mx-7 max-w-7xl sm:mx-auto is-layout-constrained wp-block-group-is-layout-constrained\">\n<div class=\"wp-block-group is-layout-flex wp-container-core-group-is-layout-2 wp-block-group-is-layout-flex\">\n<blockquote class=\"wp-block-quote single-quote sm:w-1\/4 is-layout-flow wp-block-quote-is-layout-flow\">\n<p>Almanya, hayat\u0131n\u0131z\u0131n geri kalan\u0131 boyunca geri d\u00f6nmeye devam eden bir r\u00fcya&#8230;<\/p>\n<\/blockquote>\n\n\n\n<div class=\"wp-block-group sm:w-3\/5 is-vertical is-layout-flex wp-container-core-group-is-layout-1 wp-block-group-is-layout-flex\">\n<p>Almanya, Avrupa&#8217;daki merkezi konumu nedeniyle pop\u00fcler bir turizm merkezidir. Almanya&#8217;ya yap\u0131lacak bir ziyaret, Avrupa&#8217;n\u0131n tarihi, do\u011fas\u0131, sanat\u0131 ve k\u00fclt\u00fcr\u00fcn\u00fcn yan\u0131 s\u0131ra kendi k\u00fclt\u00fcr\u00fcn\u00fcn de tad\u0131na bak\u0131lmas\u0131n\u0131 sa\u011flar. Hi\u00e7 \u015f\u00fcphesiz, Avrupa&#8217;n\u0131n en \u00e7ok ra\u011fbet g\u00f6ren destinasyonlar\u0131 aras\u0131nda yer almaktad\u0131r. G\u00f6r\u00fclecek ve yap\u0131lacak \u00e7ok \u015fey oldu\u011fu i\u00e7in Almanya mutlaka ziyaret edilmesi gereken bir \u00fclkedir. Farkl\u0131 co\u011frafyas\u0131, zengin tarihi ve k\u00f6kl\u00fc gelenekleriyle Almanya, ziyaret eden herkesi unutulmaz bir deneyim bekleyen ve herkes i\u00e7in bir \u015feyler sunan b\u00fcy\u00fck bir \u00fclkedir!  <\/p>\n\n\n\n<p>Gotik mimari ve y\u00fcksek g\u00f6kdelenler, Alman k\u00fclt\u00fcr\u00fcn\u00fcn ay\u0131rt edici \u00f6zellikleri olarak an\u0131nda tan\u0131mlanabilir. Almanya bir\u00e7ok inan\u0131lmaz kaleye, yap\u0131ya ve turistik yere ev sahipli\u011fi yapmaktad\u0131r.<\/p>\n<\/div>\n<\/div>\n\n\n\n<div class=\"wp-block-cb-carousel my-12 image-grid\" data-slick=\"{&quot;slidesToShow&quot;:3,&quot;slidesToScroll&quot;:1,&quot;speed&quot;:300,&quot;arrows&quot;:true,&quot;dots&quot;:true,&quot;autoplay&quot;:false,&quot;autoplaySpeed&quot;:3000,&quot;infinite&quot;:false,&quot;responsive&quot;:[{&quot;breakpoint&quot;:769,&quot;settings&quot;:{&quot;slidesToShow&quot;:1,&quot;slidesToScroll&quot;:1}}]}\">\n<div class=\"wp-block-cb-slide\">\n<figure class=\"wp-block-image size-full\"><img decoding=\"async\" width=\"701\" height=\"404\" src=\"https:\/\/test-jetvip.mendo.lv\/app\/uploads\/2023\/03\/germany1.jpg\" alt=\"\" class=\"wp-image-601\" srcset=\"https:\/\/www.jet-vip.com\/app\/uploads\/2023\/03\/germany1.jpg 701w, https:\/\/www.jet-vip.com\/app\/uploads\/2023\/03\/germany1-300x173.jpg 300w\" sizes=\"(max-width: 701px) 100vw, 701px\" \/><\/figure><\/div>\n\n\n\n<div class=\"wp-block-cb-slide\">\n<figure class=\"wp-block-image size-full\"><img decoding=\"async\" width=\"500\" height=\"247\" src=\"https:\/\/test-jetvip.mendo.lv\/app\/uploads\/2023\/03\/germany3.jpg\" alt=\"\" class=\"wp-image-603\" srcset=\"https:\/\/www.jet-vip.com\/app\/uploads\/2023\/03\/germany3.jpg 500w, https:\/\/www.jet-vip.com\/app\/uploads\/2023\/03\/germany3-300x148.jpg 300w\" sizes=\"(max-width: 500px) 100vw, 500px\" \/><\/figure><\/div>\n\n\n\n<div class=\"wp-block-cb-slide\">\n<figure class=\"wp-block-image size-full\"><img decoding=\"async\" width=\"700\" height=\"305\" src=\"https:\/\/test-jetvip.mendo.lv\/app\/uploads\/2023\/03\/germany4.jpg\" alt=\"\" class=\"wp-image-604\" srcset=\"https:\/\/www.jet-vip.com\/app\/uploads\/2023\/03\/germany4.jpg 700w, https:\/\/www.jet-vip.com\/app\/uploads\/2023\/03\/germany4-300x131.jpg 300w\" sizes=\"(max-width: 700px) 100vw, 700px\" \/><\/figure><\/div>\n\n\n\n<div class=\"wp-block-cb-slide\">\n<figure class=\"wp-block-image size-full\"><img decoding=\"async\" width=\"500\" height=\"334\" src=\"https:\/\/test-jetvip.mendo.lv\/app\/uploads\/2023\/03\/germany2.jpg\" alt=\"\" class=\"wp-image-602\" srcset=\"https:\/\/www.jet-vip.com\/app\/uploads\/2023\/03\/germany2.jpg 500w, https:\/\/www.jet-vip.com\/app\/uploads\/2023\/03\/germany2-300x200.jpg 300w\" sizes=\"(max-width: 500px) 100vw, 500px\" \/><\/figure><\/div>\n\n\n\n<div class=\"wp-block-cb-slide\">\n<figure class=\"wp-block-image size-full\"><img decoding=\"async\" width=\"600\" height=\"401\" src=\"https:\/\/test-jetvip.mendo.lv\/app\/uploads\/2023\/03\/germany5.jpg\" alt=\"\" class=\"wp-image-605\" srcset=\"https:\/\/www.jet-vip.com\/app\/uploads\/2023\/03\/germany5.jpg 600w, https:\/\/www.jet-vip.com\/app\/uploads\/2023\/03\/germany5-300x201.jpg 300w\" sizes=\"(max-width: 600px) 100vw, 600px\" \/><\/figure><\/div>\n<\/div>\n\n\n\n<p>Almanya, ba\u015fkentinden \u00e7ok daha fazlas\u0131d\u0131r. Almanya&#8217;da gezmek ve \u00fclkeyi g\u00f6rmek istiyorsan\u0131z Bavyera Alpleri, Kara Orman ve Moselle Vadisi de dahil olmak \u00fczere ziyaret edebilece\u011finiz \u00e7ok say\u0131da harika yer var.  <\/p>\n\n\n\n<p>Almanya&#8217;n\u0131n ula\u015f\u0131m altyap\u0131s\u0131 d\u00fcnyadaki en geli\u015fmi\u015f altyap\u0131lar aras\u0131nda yer almaktad\u0131r. Otob\u00fcs ve tramvaylardan banliy\u00f6lerdeki metro ve banliy\u00f6 trenlerine kadar \u00e7ok \u00e7e\u015fitli ula\u015f\u0131m se\u00e7eneklerine sahiptir. Otoban a\u011f\u0131 Almanya&#8217;n\u0131n b\u00fcy\u00fck \u015fehirlerini birbirine ba\u011flayarak h\u0131zl\u0131 ve verimli seyahat imkan\u0131 sa\u011flar (ve h\u0131zl\u0131 \u015feritlerde \u00e7ok y\u00fcksek h\u0131zlara izin vermesiyle \u00fcnl\u00fcd\u00fcr). Otomobil dostu mimari ve park altyap\u0131lar\u0131 Alman \u015fehirlerinde yayg\u0131nd\u0131r.  <\/p>\n\n\n\n<p>\u00dclke ayn\u0131 zamanda canl\u0131 bir yemek sahnesi sunmakta ve kendinizi \u015f\u0131martabilece\u011finiz \u00e7ok \u00e7e\u015fitli lezzetler sunmaktad\u0131r. Ne de olsa kim iyi bir sosis ve m\u00fckemmel bir biradan ho\u015flanmaz ki?  <\/p>\n\n\n\n<p>\u00dclkenin sunabilece\u011fi \u00e7ok \u015fey oldu\u011fu i\u00e7in, herkes i\u00e7in mutlaka ziyaret edilmesi gereken bir yer!<\/p>\n<\/div>\n\n<div class=\"wp-block-group mx-7 max-w-7xl sm:mx-auto mt-12 is-layout-constrained wp-block-group-is-layout-constrained\">\n<h2 class=\"py-8 wp-block-heading\">Berlin&#8217;e Jet-VIP<\/h2>\n\n\n\n<hr class=\"wp-block-separator has-alpha-channel-opacity\"\/>\n\n\n\n<div class=\"wp-block-group is-content-justification-space-between is-layout-flex wp-container-core-group-is-layout-6 wp-block-group-is-layout-flex\">\n<div class=\"wp-block-group sm:w-1\/5 is-vertical is-layout-flex wp-container-core-group-is-layout-4 wp-block-group-is-layout-flex\">\n<figure class=\"wp-block-image aligncenter size-full is-style-rounded\"><img decoding=\"async\" width=\"700\" height=\"437\" src=\"https:\/\/test-jetvip.mendo.lv\/app\/uploads\/2023\/03\/berlin_germany.jpg\" alt=\"\" class=\"wp-image-597\" srcset=\"https:\/\/www.jet-vip.com\/app\/uploads\/2023\/03\/berlin_germany.jpg 700w, https:\/\/www.jet-vip.com\/app\/uploads\/2023\/03\/berlin_germany-300x187.jpg 300w\" sizes=\"(max-width: 700px) 100vw, 700px\" \/><\/figure>\n\n\n<div class=\"wp-block-buttons my-8 is-layout-flex wp-block-buttons-is-layout-flex\">\n<div class=\"wp-block-button has-custom-width wp-block-button__width-100\"><a class=\"wp-block-button__link wp-element-button\" href=\"https:\/\/www.jet-vip.com\/flight-search\/\">U\u00e7u\u015f i\u00e7in arama yap\u0131n<\/a><\/div>\n<\/div>\n<\/div>\n\n\n\n<div class=\"wp-block-group sm:w-3\/4 is-vertical is-layout-flex wp-container-core-group-is-layout-5 wp-block-group-is-layout-flex\">\n<p>Berlin-Brandenburg&#8217;daki Willy Brandt Havaliman\u0131, Berlin&#8217;in yeni uluslararas\u0131 havaliman\u0131 olarak Tegel ve Sch\u00f6nefeld&#8217;in yerini al\u0131rken, Sch\u00f6nefeld teknik olarak yeni havaliman\u0131n\u0131n Terminal 5&#8217;i oldu. Berlin&#8217;in kalbine yakla\u015f\u0131k 18 kilometre uzakl\u0131ktaki Berlin Brandenburg Havaliman\u0131 (veya BER) uluslararas\u0131 u\u00e7u\u015flar i\u00e7in bir merkezdir.  <\/p>\n\n\n\n<p>Terminal 1&#8217;den T2&#8217;ye k\u0131sa bir y\u00fcr\u00fcy\u00fc\u015f mesafesindedir &#8211; iki terminal birbirine yak\u0131nd\u0131r. Terminal 5, havaliman\u0131n\u0131n geri kalan\u0131ndan \u00e7ok uzaktad\u0131r. Her \u00fc\u00e7 terminal de ekspres otob\u00fcsler ve yeralt\u0131 rayl\u0131 sistemi S-Bahn ile birbirine ba\u011fl\u0131 olup, birinden di\u011ferine ve Berlin Merkez Tren \u0130stasyonu&#8217;na (Berlin Hauptbahnhof) ula\u015f\u0131m\u0131 kolayla\u015ft\u0131rmaktad\u0131r.  <\/p>\n\n\n\n<p>Yeni Berlin Brandenburg Havaliman\u0131 (BER) yaln\u0131zca havayolu g\u00fczergah a\u011f\u0131na iyi bir \u015fekilde ba\u011flanmakla kalm\u0131yor, ayn\u0131 zamanda kendi tren istasyonuna da sahip. Terminal 1&#8217;in alt k\u0131sm\u0131nda yolcular u\u00e7aklar\u0131ndan inebilir ve hemen trenlere ve S-Bahn&#8217;lara binebilirler.  <\/p>\n\n\n\n<p>Berlin havaliman\u0131ndan toplu ta\u015f\u0131ma ara\u00e7lar\u0131yla Berlin \u015fehir merkezine gitmek m\u00fcmk\u00fcnd\u00fcr. Maliyet ve zaman a\u00e7\u0131s\u0131ndan, tren veya metro kullanmakla hemen hemen ayn\u0131d\u0131r. Treninize ge\u00e7 kald\u0131ysan\u0131z ve zaman\u0131nda yeti\u015femediyseniz gece otob\u00fcs\u00fc hayat kurtar\u0131c\u0131 olabilir. Var\u0131\u015f\u0131n\u0131zdan sonra havaliman\u0131nda muhtemelen \u00e7ok say\u0131da taksi g\u00f6receksiniz. Kendi arabas\u0131 olmayanlar i\u00e7in taksiler de mevcuttur.<\/p>\n<\/div>\n<\/div>\n<\/div>\n\n<div class=\"wp-block-group mx-7 max-w-7xl sm:mx-auto mt-12 is-layout-constrained wp-block-group-is-layout-constrained\">\n<h2 class=\"my-8 wp-block-heading\">M\u00fcnih&#8217;e Jet-VIP<\/h2>\n\n\n\n<hr class=\"wp-block-separator has-alpha-channel-opacity\"\/>\n\n\n\n<div class=\"wp-block-group is-content-justification-space-between is-layout-flex wp-container-core-group-is-layout-10 wp-block-group-is-layout-flex\">\n<div class=\"wp-block-group sm:w-1\/5 is-vertical is-layout-flex wp-container-core-group-is-layout-8 wp-block-group-is-layout-flex\">\n<figure class=\"wp-block-image aligncenter size-full is-style-rounded\"><img decoding=\"async\" width=\"700\" height=\"467\" src=\"https:\/\/test-jetvip.mendo.lv\/app\/uploads\/2023\/03\/munich.jpg\" alt=\"\" class=\"wp-image-607\" srcset=\"https:\/\/www.jet-vip.com\/app\/uploads\/2023\/03\/munich.jpg 700w, https:\/\/www.jet-vip.com\/app\/uploads\/2023\/03\/munich-300x200.jpg 300w\" sizes=\"(max-width: 700px) 100vw, 700px\" \/><\/figure>\n\n\n<div class=\"wp-block-buttons my-8 is-layout-flex wp-block-buttons-is-layout-flex\">\n<div class=\"wp-block-button has-custom-width wp-block-button__width-100\"><a class=\"wp-block-button__link wp-element-button\" href=\"https:\/\/www.jet-vip.com\/flight-search\/\">U\u00e7u\u015f i\u00e7in arama yap\u0131n<\/a><\/div>\n<\/div>\n<\/div>\n\n\n\n<div class=\"wp-block-group sm:w-3\/4 is-vertical is-layout-flex wp-container-core-group-is-layout-9 wp-block-group-is-layout-flex\">\n<p>Almanya&#8217;n\u0131n en i\u015flek ve en \u00f6nemli havalimanlar\u0131ndan biri olan Franz Josef Strauss Uluslararas\u0131 Havaliman\u0131 (MUC) M\u00fcnih&#8217;te yer almakta ve \u015fehrin ana giri\u015f kap\u0131s\u0131 olarak hizmet vermektedir. Star Alliance, Oneworld ve SkyTeam, di\u011fer ta\u015f\u0131y\u0131c\u0131lar\u0131n yan\u0131 s\u0131ra Lufthansa ve Condor gibi burada yerle\u015fiktir.  <\/p>\n\n\n\n<p>M\u00fcnih Havaliman\u0131&#8217;nda iki terminal bulunmaktad\u0131r. Lufthansa ve M\u00fcnih Havaliman\u0131&#8217;n\u0131n ortakla\u015fa i\u015fletti\u011fi Terminal 2, 2011 y\u0131l\u0131ndan bu yana 25 milyon yolcu kapasitesinde veya \u00fczerinde \u00e7al\u0131\u015f\u0131yor.  <\/p>\n\n\n\n<p>Havaliman\u0131 halen y\u0131ll\u0131k 46,3 milyon yolcu ile Avrupa&#8217;n\u0131n &#8220;En \u0130yi 10&#8221; havaliman\u0131 aras\u0131nda dokuzuncu s\u0131rada yer almaktad\u0131r.  <\/p>\n\n\n\n<p>Daha rafine ve l\u00fcks bir deneyim tercih ediyorsan\u0131z havaliman\u0131nda VIP Salonlar\u0131 mevcuttur. Bu ortamlarda m\u00fckemmel at\u0131\u015ft\u0131rmal\u0131k ve tatl\u0131 b\u00fcfeleri, buzlu i\u00e7ecekler, uluslararas\u0131 yay\u0131nlar ve rahat koltuklar gibi \u00e7ok say\u0131da olanak mevcuttur.  <\/p>\n\n\n\n<p>M\u00fcnih Havaliman\u0131&#8217;ndan u\u00e7uyorsan\u0131z, havaliman\u0131 taraf\u0131ndan sa\u011flanan navigasyonu kullanarak ak\u0131ll\u0131 telefonunuzu, tabletinizi veya diz\u00fcst\u00fc bilgisayar\u0131n\u0131z\u0131 \u00fccretsiz olarak kullanabilirsiniz. Bu hizmet her iki terminalde de verilmektedir.  <\/p>\n\n\n\n<p>S-BHAN arac\u0131l\u0131\u011f\u0131yla iki hat (S1 ve S2) havaliman\u0131n\u0131 \u015fehir merkezine (S8) ba\u011flamaktad\u0131r. M\u00fcnih Havaliman\u0131&#8217;ndaki 1. ve 2. terminaller i\u00e7in gelen ve giden yolcu alanlar\u0131n\u0131n \u00e7\u0131k\u0131\u015flar\u0131n\u0131n yak\u0131n\u0131nda bulunan taksi duraklar\u0131 vard\u0131r, bu nedenle etrafta dola\u015fmak \u00e7ok kolayd\u0131r!<\/p>\n<\/div>\n<\/div>\n<\/div>\n\n<div class=\"wp-block-group mx-7 max-w-7xl sm:mx-auto mt-12 is-layout-constrained wp-block-group-is-layout-constrained\">\n<h2 class=\"wp-block-heading\">Frankfurt&#8217;a Jet-VIP<\/h2>\n\n\n\n<hr class=\"wp-block-separator has-alpha-channel-opacity\"\/>\n\n\n\n<div class=\"wp-block-group is-content-justification-space-between is-layout-flex wp-container-core-group-is-layout-14 wp-block-group-is-layout-flex\">\n<div class=\"wp-block-group sm:w-1\/5 is-vertical is-layout-flex wp-container-core-group-is-layout-12 wp-block-group-is-layout-flex\">\n<figure class=\"wp-block-image aligncenter size-full is-style-rounded\"><img decoding=\"async\" width=\"700\" height=\"467\" src=\"https:\/\/test-jetvip.mendo.lv\/app\/uploads\/2023\/03\/frankfurt.jpg\" alt=\"\" class=\"wp-image-599\" srcset=\"https:\/\/www.jet-vip.com\/app\/uploads\/2023\/03\/frankfurt.jpg 700w, https:\/\/www.jet-vip.com\/app\/uploads\/2023\/03\/frankfurt-300x200.jpg 300w\" sizes=\"(max-width: 700px) 100vw, 700px\" \/><\/figure>\n\n\n<div class=\"wp-block-buttons my-8 is-layout-flex wp-block-buttons-is-layout-flex\">\n<div class=\"wp-block-button has-custom-width wp-block-button__width-100\"><a class=\"wp-block-button__link wp-element-button\" href=\"https:\/\/www.jet-vip.com\/flight-search\/\">U\u00e7u\u015f i\u00e7in arama yap\u0131n<\/a><\/div>\n<\/div>\n<\/div>\n\n\n\n<div class=\"wp-block-group sm:w-3\/4 is-vertical is-layout-flex wp-container-core-group-is-layout-13 wp-block-group-is-layout-flex\">\n<p>Frankfurt Havaliman\u0131, Almanya ve Avrupa Birli\u011fi&#8217;nin finans merkezi olarak faaliyet g\u00f6steren Frankfurt \u015fehrine hizmet vermektedir. Yolcu trafi\u011fi a\u00e7\u0131s\u0131ndan Almanya&#8217;n\u0131n en yo\u011fun havaliman\u0131d\u0131r ve t\u00fcm d\u00fcnyadaki en yo\u011fun havalimanlar\u0131ndan biridir. Y\u00fczden fazla havayolu \u015firketinin tarifeli, charter ve kargo hizmeti sundu\u011fu havaliman\u0131, uluslararas\u0131 seyahatler i\u00e7in \u00fclkenin en yo\u011fun havalimanlar\u0131ndan biridir. Frankfurt&#8217;tan d\u00fcnyan\u0131n en \u00f6nemli ticari ve kentsel merkezlerinin neredeyse tamam\u0131na do\u011frudan eri\u015filebilir.  <\/p>\n\n\n\n<p>Her y\u0131l 65 milyondan fazla ki\u015fi kap\u0131lar\u0131ndan i\u00e7eri girmektedir. Frankfurt \u015fehir merkezi havaliman\u0131ndan 13 kilometre (8 mil) uzakl\u0131ktad\u0131r.  <\/p>\n\n\n\n<p>Frankfurt Havaliman\u0131&#8217;ndaki m\u00fc\u015fteriler, sa\u011fl\u0131k ve zindelikle ilgili \u00e7ok \u00e7e\u015fitli hizmet ve olanaklardan yararlanabilirler.  <\/p>\n\n\n\n<p>Bu havaliman\u0131nda transferler kolayd\u0131r. Frankfurt Havaliman\u0131&#8217;na birka\u00e7 otob\u00fcs hatt\u0131 hizmet vermektedir. Terminal 1 \u00e7o\u011fu otob\u00fcs\u00fc yakalamak i\u00e7in en iyi yerdir.  <\/p>\n\n\n\n<p>Frankfurt Havaliman\u0131 Tren \u0130stasyonu yerel, b\u00f6lgesel ve uluslararas\u0131 tren hatlar\u0131na ba\u011flant\u0131 sa\u011flamaktad\u0131r. Offenbach \u015fehir merkezine Hanau&#8217;dan veya Offenbach Ost&#8217;tan S8 veya S9 numaral\u0131 trenlerle ula\u015f\u0131labilir. Bu trenlerden birini kullanarak yakla\u015f\u0131k 11 dakikada \u015fehir merkezine seyahat etmek m\u00fcmk\u00fcnd\u00fcr. Her iki terminalin d\u0131\u015f\u0131ndaki taksi duraklar\u0131ndan 7\/24 taksi \u00e7a\u011f\u0131r\u0131labilir.<\/p>\n<\/div>\n<\/div>\n<\/div>\n\n<div class=\"wp-block-group mx-7 max-w-7xl sm:mx-auto mt-12 is-layout-constrained wp-block-group-is-layout-constrained\">\n<h2 class=\"wp-block-heading\">K\u00f6ln&#8217;e Jet-VIP<\/h2>\n\n\n\n<hr class=\"wp-block-separator has-alpha-channel-opacity\"\/>\n\n\n\n<div class=\"wp-block-group is-content-justification-space-between is-layout-flex wp-container-core-group-is-layout-18 wp-block-group-is-layout-flex\">\n<div class=\"wp-block-group sm:w-1\/5 is-vertical is-layout-flex wp-container-core-group-is-layout-16 wp-block-group-is-layout-flex\">\n<figure class=\"wp-block-image aligncenter size-full is-style-rounded\"><img decoding=\"async\" width=\"700\" height=\"525\" src=\"https:\/\/test-jetvip.mendo.lv\/app\/uploads\/2023\/03\/cologne.jpg\" alt=\"\" class=\"wp-image-598\" srcset=\"https:\/\/www.jet-vip.com\/app\/uploads\/2023\/03\/cologne.jpg 700w, https:\/\/www.jet-vip.com\/app\/uploads\/2023\/03\/cologne-300x225.jpg 300w\" sizes=\"(max-width: 700px) 100vw, 700px\" \/><\/figure>\n\n\n<div class=\"wp-block-buttons my-8 is-layout-flex wp-block-buttons-is-layout-flex\">\n<div class=\"wp-block-button has-custom-width wp-block-button__width-100\"><a class=\"wp-block-button__link wp-element-button\" href=\"https:\/\/www.jet-vip.com\/flight-search\/\">U\u00e7u\u015f i\u00e7in arama yap\u0131n<\/a><\/div>\n<\/div>\n<\/div>\n\n\n\n<div class=\"wp-block-group sm:w-3\/4 is-vertical is-layout-flex wp-container-core-group-is-layout-17 wp-block-group-is-layout-flex\">\n<p>K\u00f6ln\/Bonn Havaliman\u0131 (Konrad-Adenauer-Flughafen veya Flughafen K\u00f6ln-Wahn) Porz, K\u00f6ln, Almanya yak\u0131nlar\u0131nda, Wahner Heide do\u011fal koruma alan\u0131 ile \u00e7evrili uluslararas\u0131 bir havaliman\u0131d\u0131r. K\u00f6ln\/Bonn B\u00f6lgesi&#8217;nde yer alan havaliman\u0131, K\u00f6ln&#8217;\u00fcn sadece 14,8 kilometre g\u00fcneydo\u011fusunda ve Bonn&#8217;un 16 kilometre kuzeydo\u011fusundad\u0131r.<\/p>\n\n\n\n<p>K\u00f6ln ve Bonn \u015fehirlerine hizmet veren havaliman\u0131, y\u0131ll\u0131k 12 milyonu a\u015fan yolcu hacmiyle Almanya&#8217;n\u0131n en yo\u011fun alt\u0131nc\u0131 havaliman\u0131d\u0131r.  <\/p>\n\n\n\n<p>Havaliman\u0131ndaki olanaklar, yolcular\u0131n rahatl\u0131\u011f\u0131 i\u00e7in \u00e7ok \u00e7e\u015fitli restoranlar ve ma\u011fazalar sunmaktad\u0131r. K\u00f6ln-Bonn Havaliman\u0131&#8217;nda birka\u00e7 h\u0131zl\u0131 servis restoran\u0131 ve oturma restoran\u0131 bulunmaktad\u0131r. Oyuncaklar, kitaplar ve g\u00fcmr\u00fcks\u00fcz al\u0131\u015fveri\u015f de b\u00f6lgede bulunabilir. Havaliman\u0131 genelinde \u00e7e\u015fitli \u015farj prizleri ve \u00fccretsiz Wi-Fi eri\u015fimi de mevcuttur.  <\/p>\n\n\n\n<p>Yeni Inter City Express K\u00f6ln Frankfurt h\u0131zl\u0131 tren hatt\u0131, K\u00f6ln\/Bonn Havaliman\u0131&#8217;n\u0131 \u00e7evredeki di\u011fer \u015fehirlere ba\u011flamaktad\u0131r. K\u00f6ln Bonn Havaliman\u0131, iki terminal aras\u0131nda yer alan d\u00f6rt platformlu b\u00fcy\u00fck bir yeralt\u0131 istasyonuna sahiptir.  <\/p>\n\n\n\n<p>K\u00f6ln ve Troisdorf&#8217;taki S13 ve S19 numaral\u0131 S-Bahn hatlar\u0131 havaliman\u0131na do\u011frudan eri\u015fim sa\u011flamaktad\u0131r. Hafta i\u00e7i her 20 dakikada bir Frankfurt&#8217;a tren seferleri d\u00fczenlenmektedir. Buna ek olarak, bir dizi y\u00fcksek h\u0131zl\u0131 tren hatt\u0131 (ICE) havaliman\u0131n\u0131 \u00e7ok say\u0131da Alman \u015fehrine ba\u011flamaktad\u0131r.  <\/p>\n\n\n\n<p>Her iki terminalin d\u0131\u015f\u0131nda da taksiler bulunmaktad\u0131r ve buradan K\u00f6ln&#8217;e gitmek yakla\u015f\u0131k 15 dakika s\u00fcrmektedir. Bu havaliman\u0131ndan transferler h\u0131zl\u0131 ve kolayd\u0131r!<\/p>\n<\/div>\n<\/div>\n<\/div>\n\n<div class=\"wp-block-group mx-7 max-w-7xl sm:mx-auto mt-12 is-layout-constrained wp-block-group-is-layout-constrained\">\n<h2 class=\"wp-block-heading\">Hamburg&#8217;a Jet-VIP<\/h2>\n\n\n\n<hr class=\"wp-block-separator has-alpha-channel-opacity\"\/>\n\n\n\n<div class=\"wp-block-group is-content-justification-space-between is-nowrap is-layout-flex wp-container-core-group-is-layout-22 wp-block-group-is-layout-flex\">\n<div class=\"wp-block-group sm:w-1\/5 is-vertical is-layout-flex wp-container-core-group-is-layout-20 wp-block-group-is-layout-flex\">\n<figure class=\"wp-block-image aligncenter size-full is-style-rounded\"><img decoding=\"async\" width=\"700\" height=\"352\" src=\"https:\/\/test-jetvip.mendo.lv\/app\/uploads\/2023\/03\/hamburg.jpg\" alt=\"\" class=\"wp-image-606\" srcset=\"https:\/\/www.jet-vip.com\/app\/uploads\/2023\/03\/hamburg.jpg 700w, https:\/\/www.jet-vip.com\/app\/uploads\/2023\/03\/hamburg-300x151.jpg 300w\" sizes=\"(max-width: 700px) 100vw, 700px\" \/><\/figure>\n\n\n<div class=\"wp-block-buttons my-8 is-layout-flex wp-block-buttons-is-layout-flex\">\n<div class=\"wp-block-button has-custom-width wp-block-button__width-100\"><a class=\"wp-block-button__link wp-element-button\" href=\"https:\/\/www.jet-vip.com\/flight-search\/\">U\u00e7u\u015f i\u00e7in arama yap\u0131n<\/a><\/div>\n<\/div>\n<\/div>\n\n\n\n<div class=\"wp-block-group sm:w-3\/4 is-vertical is-layout-flex wp-container-core-group-is-layout-21 wp-block-group-is-layout-flex\">\n<p>Hamburg Helmut Schmidt Havaliman\u0131, Hamburg&#8217;un uluslararas\u0131 giri\u015f kap\u0131s\u0131 ve Almanya&#8217;n\u0131n en i\u015flek havalimanlar\u0131ndan biri olup FHA Flughafen Hamburg GmbH taraf\u0131ndan i\u015fletilmektedir. \u015eehir merkezinin 8,5 km (5,3 mil) kuzeyinde yer almaktad\u0131r. Havaliman\u0131n\u0131 35&#8217;in \u00fczerinde havayolu \u015firketi yurt i\u00e7i, b\u00f6lgesel ve uluslararas\u0131 yolcu ve kargo u\u00e7u\u015flar\u0131 i\u00e7in kullanmaktad\u0131r.  <\/p>\n\n\n\n<p>Yolcu hacmi bak\u0131m\u0131ndan Almanya&#8217;n\u0131n en i\u015flek 5. havaliman\u0131d\u0131r. Havaliman\u0131nda 2016 y\u0131l\u0131nda 16 milyondan fazla yolcu ve 160.000 u\u00e7u\u015f ger\u00e7ekle\u015ftirilmi\u015ftir.  <\/p>\n\n\n\n<p>Havaliman\u0131n\u0131n iki ana terminali olan T1 ve T2, y\u0131lda 15 milyon ki\u015fiyi a\u011f\u0131rlayabilmektedir.  <\/p>\n\n\n\n<p>Havaliman\u0131nda ayr\u0131ca ibadet odalar\u0131, g\u00fcmr\u00fcks\u00fcz sat\u0131\u015f ma\u011fazalar\u0131, \u00fccretsiz Wi-Fi ve \u015farj istasyonlar\u0131n\u0131n yan\u0131 s\u0131ra ATM&#8217;ler ve d\u00f6viz bozdurma gi\u015feleri gibi \u00e7ok \u00e7e\u015fitli olanaklar sunulmaktad\u0131r.  <\/p>\n\n\n\n<p>Hamburg Havaliman\u0131&#8217;ndan \u015fehir merkezine ula\u015f\u0131m i\u00e7in \u00e7e\u015fitli se\u00e7enekler mevcuttur.  <\/p>\n\n\n\n<p>B\u00f6lgeye hizmet veren \u00e7e\u015fitli toplu ta\u015f\u0131ma otob\u00fcs g\u00fczerg\u00e2hlar\u0131 bulunmaktad\u0131r. Hamburg \u015fehir merkezine taksiyle sadece 20 dakikada ula\u015fmak da m\u00fcmk\u00fcnd\u00fcr.  <\/p>\n\n\n\n<p>Hamburg Havaliman\u0131 terminallerinin \u00f6n\u00fcndeki S-Bahn \u0130stasyonu&#8217;nda hem asans\u00f6rler hem de y\u00fcr\u00fcyen merdivenler mevcuttur. S-Bahn&#8217;\u0131n (banliy\u00f6 treni) S1 hatt\u0131 ile \u015fehir merkezine ula\u015fmak sadece 10 dakika s\u00fcrmektedir.<\/p>\n<\/div>\n<\/div>\n<\/div>\n\n<div class=\"wp-block-group mx-7 max-w-7xl sm:mx-auto mt-12 is-layout-constrained wp-block-group-is-layout-constrained\">\n<h2 class=\"wp-block-heading\">Sylt&#8217;e Jet-VIP<\/h2>\n\n\n\n<hr class=\"wp-block-separator has-alpha-channel-opacity\"\/>\n\n\n\n<div class=\"wp-block-group is-content-justification-space-between is-nowrap is-layout-flex wp-container-core-group-is-layout-26 wp-block-group-is-layout-flex\">\n<div class=\"wp-block-group sm:w-1\/5 is-vertical is-layout-flex wp-container-core-group-is-layout-24 wp-block-group-is-layout-flex\">\n<figure class=\"wp-block-image aligncenter size-full is-style-rounded\"><img decoding=\"async\" width=\"700\" height=\"465\" src=\"https:\/\/test-jetvip.mendo.lv\/app\/uploads\/2023\/03\/sylt.jpg\" alt=\"\" class=\"wp-image-608\" srcset=\"https:\/\/www.jet-vip.com\/app\/uploads\/2023\/03\/sylt.jpg 700w, https:\/\/www.jet-vip.com\/app\/uploads\/2023\/03\/sylt-300x199.jpg 300w\" sizes=\"(max-width: 700px) 100vw, 700px\" \/><\/figure>\n\n\n<div class=\"wp-block-buttons my-8 is-layout-flex wp-block-buttons-is-layout-flex\">\n<div class=\"wp-block-button has-custom-width wp-block-button__width-100\"><a class=\"wp-block-button__link wp-element-button\" href=\"https:\/\/www.jet-vip.com\/flight-search\/\">U\u00e7u\u015f i\u00e7in arama yap\u0131n<\/a><\/div>\n<\/div>\n<\/div>\n\n\n\n<div class=\"wp-block-group sm:w-3\/4 is-vertical is-layout-flex wp-container-core-group-is-layout-25 wp-block-group-is-layout-flex\">\n<p>Sylt Havaliman\u0131 (GWT), Westerland b\u00f6lgesindeki Sylt adas\u0131nda yer alan bir Alman havaliman\u0131d\u0131r. Sylt, Kuzey Denizi&#8217;nde yer alan bir Alman adas\u0131d\u0131r ve Frizya Adalar\u0131&#8217;n\u0131n bir par\u00e7as\u0131d\u0131r. Westerland, Sylt Havaalan\u0131&#8217;na yakla\u015f\u0131k 2 kilometre uzakl\u0131ktad\u0131r.  <\/p>\n\n\n\n<p>Kumlu plajlar ve \u0131l\u0131man k\u0131\u015flar Sylt&#8217;in turistler i\u00e7in en b\u00fcy\u00fck cazibelerinden ikisidir.  <\/p>\n\n\n\n<p>Havaliman\u0131nda iki terminal ve iki pist bulunmaktad\u0131r. Havaliman\u0131 \u015fu anda her y\u0131l 300.000 yolcu kapasitesine sahip ve bu yolcular\u0131n \u00e7o\u011fu k\u0131\u015f h\u00fczn\u00fcnden ka\u00e7mak istiyor.  <\/p>\n\n\n\n<p>Bu \u00fcnl\u00fc turistik merkeze ini\u015f ve kalk\u0131\u015f yapan sadece birka\u00e7 havayolu vard\u0131r. En yo\u011fun yaz ve k\u0131\u015f aylar\u0131nda \u00e7ok daha fazla u\u00e7u\u015f var.  <\/p>\n\n\n\n<p>Sylt, adadaki tenha konumu nedeniyle s\u0131n\u0131rl\u0131 tren hizmetine sahiptir. Westerland&#8217;dan (Sylt) havaliman\u0131na gitmek i\u00e7in IC veya EC trenlerini kullanabilirsiniz. Yine de bir\u00e7ok otelde GWT&#8217;ye gidi\u015f ve d\u00f6n\u00fc\u015f servisleri mevcuttur. Havaliman\u0131nda, \u00e7e\u015fitli tur organizasyonlar\u0131 misafirlerini kar\u015f\u0131lamak ve onlar\u0131 var\u0131\u015f noktalar\u0131na ula\u015ft\u0131rmak i\u00e7in kendi otob\u00fcslerini haz\u0131r bulundurmaktad\u0131r.<\/p>\n<\/div>\n<\/div>\n<\/div>\n\n<div class=\"wp-block-group mx-7 max-w-7xl sm:mx-auto mt-12 is-layout-constrained wp-block-group-is-layout-constrained\">\n<h2 class=\"wp-block-heading\">Mevcut havaalanlar\u0131<\/h2>\n\n\n\n<hr class=\"wp-block-separator has-alpha-channel-opacity\"\/>\n\n\n\n<div class=\"wp-block-buttons my-8 button-flex-group is-layout-flex wp-block-buttons-is-layout-flex\">\n<div class=\"wp-block-button has-custom-width wp-block-button__width-100 has-custom-font-size has-lg-font-size\"><a class=\"wp-block-button__link wp-element-button\" href=\"https:\/\/www.jet-vip.com\/flight-search\/\">Willy Brandt Havaliman\u0131<\/a><\/div>\n\n\n\n<div class=\"wp-block-button has-custom-width wp-block-button__width-100 has-custom-font-size has-lg-font-size\"><a class=\"wp-block-button__link wp-element-button\" href=\"https:\/\/www.jet-vip.com\/flight-search\/\">K\u00f6ln\/Bonn Havaliman\u0131<\/a><\/div>\n\n\n\n<div class=\"wp-block-button has-custom-width wp-block-button__width-100 has-custom-font-size has-lg-font-size\"><a class=\"wp-block-button__link wp-element-button\" href=\"https:\/\/www.jet-vip.com\/flight-search\/\">Franz Josef Strauss Uluslararas\u0131 Havaliman\u0131 (MUC)<\/a><\/div>\n\n\n\n<div class=\"wp-block-button has-custom-width wp-block-button__width-100 has-custom-font-size has-lg-font-size\"><a class=\"wp-block-button__link wp-element-button\" href=\"https:\/\/www.jet-vip.com\/flight-search\/\">Helmut Schmidt Havaliman\u0131  <\/a><\/div>\n\n\n\n<div class=\"wp-block-button has-custom-width wp-block-button__width-100 has-custom-font-size has-lg-font-size\"><a class=\"wp-block-button__link wp-element-button\" href=\"https:\/\/www.jet-vip.com\/flight-search\/\">Frankfurt Havaliman\u0131<\/a><\/div>\n\n\n\n<div class=\"wp-block-button has-custom-width wp-block-button__width-100 has-custom-font-size has-lg-font-size\"><a class=\"wp-block-button__link wp-element-button\" href=\"https:\/\/www.jet-vip.com\/flight-search\/\">Sylt Havaliman\u0131 (GWT)<\/a><\/div>\n<\/div>\n<\/div>\n\n<div class=\"wp-block-group mx-7 max-w-7xl sm:mx-auto mt-12 is-layout-constrained wp-block-group-is-layout-constrained\">\n<h2 class=\"wp-block-heading\">Ziyaret edilecek di\u011fer harika yerler<\/h2>\n\n\n\n<div class=\"wp-block-group container-cover-buttons is-horizontal is-content-justification-left is-layout-flex wp-container-core-group-is-layout-29 wp-block-group-is-layout-flex\">\n<div class=\"wp-block-cover\"><span aria-hidden=\"true\" class=\"wp-block-cover__background has-transparent-background-color has-background-dim-40 has-background-dim\"><\/span><img decoding=\"async\" width=\"305\" height=\"157\" class=\"wp-block-cover__image-background wp-image-61\" alt=\"\" src=\"http:\/\/www.jet-vip.com\/app\/uploads\/2022\/12\/Greece.png\" data-object-fit=\"cover\" srcset=\"https:\/\/www.jet-vip.com\/app\/uploads\/2022\/12\/Greece.png 305w, https:\/\/www.jet-vip.com\/app\/uploads\/2022\/12\/Greece-300x154.png 300w\" sizes=\"(max-width: 305px) 100vw, 305px\" \/><div class=\"wp-block-cover__inner-container is-layout-flow wp-block-cover-is-layout-flow\">\n<p class=\"has-text-align-center\"><a data-type=\"page\" data-id=\"260\" href=\"https:\/\/www.jet-vip.com\/destinations\/greece\/\">Greece<\/a><\/p>\n\n\n\n<div class=\"wp-block-buttons is-layout-flex wp-block-buttons-is-layout-flex\">\n<div class=\"wp-block-button\"><a class=\"wp-block-button__link wp-element-button\" href=\"https:\/\/www.jet-vip.com\/destinations\/greece\/\">Find out more<\/a><\/div>\n<\/div>\n<\/div><\/div>\n\n\n\n<div class=\"wp-block-cover\"><span aria-hidden=\"true\" class=\"wp-block-cover__background has-transparent-background-color has-background-dim\"><\/span><img decoding=\"async\" width=\"304\" height=\"157\" class=\"wp-block-cover__image-background wp-image-64\" alt=\"\" src=\"http:\/\/www.jet-vip.com\/app\/uploads\/2022\/12\/Germany.png\" data-object-fit=\"cover\" srcset=\"https:\/\/www.jet-vip.com\/app\/uploads\/2022\/12\/Germany.png 304w, https:\/\/www.jet-vip.com\/app\/uploads\/2022\/12\/Germany-300x155.png 300w\" sizes=\"(max-width: 304px) 100vw, 304px\" \/><div class=\"wp-block-cover__inner-container is-layout-flow wp-block-cover-is-layout-flow\">\n<p class=\"has-text-align-center has-large-font-size\"><a data-type=\"page\" data-id=\"209\" href=\"https:\/\/www.jet-vip.com\/destinations\/germany\/\">Germany<\/a><\/p>\n\n\n\n<div class=\"wp-block-buttons is-layout-flex wp-block-buttons-is-layout-flex\">\n<div class=\"wp-block-button\"><a class=\"wp-block-button__link wp-element-button\" href=\"https:\/\/www.jet-vip.com\/destinations\/germany\/\" target=\"_blank\" rel=\"noreferrer noopener\">Find out more<\/a><\/div>\n<\/div>\n<\/div><\/div>\n\n\n\n<div class=\"wp-block-cover is-light\"><span aria-hidden=\"true\" class=\"wp-block-cover__background has-transparent-background-color has-background-dim-0 has-background-dim\"><\/span><img decoding=\"async\" width=\"304\" height=\"157\" class=\"wp-block-cover__image-background wp-image-66\" alt=\"\" src=\"http:\/\/www.jet-vip.com\/app\/uploads\/2022\/12\/Italy-1.png\" data-object-fit=\"cover\" srcset=\"https:\/\/www.jet-vip.com\/app\/uploads\/2022\/12\/Italy-1.png 304w, https:\/\/www.jet-vip.com\/app\/uploads\/2022\/12\/Italy-1-300x155.png 300w\" sizes=\"(max-width: 304px) 100vw, 304px\" \/><div class=\"wp-block-cover__inner-container is-layout-flow wp-block-cover-is-layout-flow\">\n<p class=\"has-text-align-center has-large-font-size\"><a data-type=\"page\" data-id=\"176\" href=\"https:\/\/www.jet-vip.com\/destinations\/italy\/\">Italy<\/a><\/p>\n\n\n\n<div class=\"wp-block-buttons is-layout-flex wp-block-buttons-is-layout-flex\">\n<div class=\"wp-block-button\"><a class=\"wp-block-button__link wp-element-button\" href=\"https:\/\/www.jet-vip.com\/destinations\/italy\/\">Find out more<\/a><\/div>\n<\/div>\n<\/div><\/div>\n\n\n\n<div class=\"wp-block-cover is-light\"><span aria-hidden=\"true\" class=\"wp-block-cover__background has-transparent-background-color has-background-dim\"><\/span><img decoding=\"async\" width=\"305\" height=\"157\" class=\"wp-block-cover__image-background wp-image-67\" alt=\"\" src=\"http:\/\/www.jet-vip.com\/app\/uploads\/2022\/12\/Russia.png\" data-object-fit=\"cover\" srcset=\"https:\/\/www.jet-vip.com\/app\/uploads\/2022\/12\/Russia.png 305w, https:\/\/www.jet-vip.com\/app\/uploads\/2022\/12\/Russia-300x154.png 300w\" sizes=\"(max-width: 305px) 100vw, 305px\" \/><div class=\"wp-block-cover__inner-container is-layout-flow wp-block-cover-is-layout-flow\">\n<p class=\"has-text-align-center has-large-font-size\"><a href=\"#ru\">Russia<\/a><\/p>\n\n\n\n<div class=\"wp-block-buttons is-layout-flex wp-block-buttons-is-layout-flex\">\n<div class=\"wp-block-button\"><a class=\"wp-block-button__link wp-element-button\">Find out more<\/a><\/div>\n<\/div>\n<\/div><\/div>\n\n\n\n<div class=\"wp-block-cover is-light\"><span aria-hidden=\"true\" class=\"wp-block-cover__background has-transparent-background-color has-background-dim\"><\/span><img decoding=\"async\" width=\"305\" height=\"157\" class=\"wp-block-cover__image-background wp-image-68\" alt=\"\" src=\"http:\/\/www.jet-vip.com\/app\/uploads\/2022\/12\/Spain.png\" data-object-fit=\"cover\" srcset=\"https:\/\/www.jet-vip.com\/app\/uploads\/2022\/12\/Spain.png 305w, https:\/\/www.jet-vip.com\/app\/uploads\/2022\/12\/Spain-300x154.png 300w\" sizes=\"(max-width: 305px) 100vw, 305px\" \/><div class=\"wp-block-cover__inner-container is-layout-flow wp-block-cover-is-layout-flow\">\n<p class=\"has-text-align-center has-large-font-size\"><a href=\"#es\">Spain<\/a><\/p>\n\n\n\n<div class=\"wp-block-buttons is-layout-flex wp-block-buttons-is-layout-flex\">\n<div class=\"wp-block-button\"><a class=\"wp-block-button__link wp-element-button\">Find out more<\/a><\/div>\n<\/div>\n<\/div><\/div>\n\n\n\n<div class=\"wp-block-cover is-light\"><span aria-hidden=\"true\" class=\"wp-block-cover__background has-transparent-background-color has-background-dim\"><\/span><img decoding=\"async\" width=\"304\" height=\"157\" class=\"wp-block-cover__image-background wp-image-76\" alt=\"\" src=\"http:\/\/www.jet-vip.com\/app\/uploads\/2022\/12\/UK.png\" data-object-fit=\"cover\" srcset=\"https:\/\/www.jet-vip.com\/app\/uploads\/2022\/12\/UK.png 304w, https:\/\/www.jet-vip.com\/app\/uploads\/2022\/12\/UK-300x155.png 300w\" sizes=\"(max-width: 304px) 100vw, 304px\" \/><div class=\"wp-block-cover__inner-container is-layout-flow wp-block-cover-is-layout-flow\">\n<p class=\"has-text-align-center has-large-font-size\"><a data-type=\"page\" data-id=\"381\" href=\"https:\/\/www.jet-vip.com\/destinations\/united-kingdom\/\">U-K<\/a><\/p>\n\n\n\n<div class=\"wp-block-buttons is-layout-flex wp-block-buttons-is-layout-flex\">\n<div class=\"wp-block-button\"><a class=\"wp-block-button__link wp-element-button\" href=\"https:\/\/www.jet-vip.com\/destinations\/united-kingdom\/\">Find out more<\/a><\/div>\n<\/div>\n<\/div><\/div>\n\n\n\n<div class=\"wp-block-cover is-light\"><span aria-hidden=\"true\" class=\"wp-block-cover__background has-transparent-background-color has-background-dim\"><\/span><img decoding=\"async\" width=\"305\" height=\"157\" class=\"wp-block-cover__image-background wp-image-77\" alt=\"\" src=\"http:\/\/www.jet-vip.com\/app\/uploads\/2022\/12\/USA.png\" data-object-fit=\"cover\" srcset=\"https:\/\/www.jet-vip.com\/app\/uploads\/2022\/12\/USA.png 305w, https:\/\/www.jet-vip.com\/app\/uploads\/2022\/12\/USA-300x154.png 300w\" sizes=\"(max-width: 305px) 100vw, 305px\" \/><div class=\"wp-block-cover__inner-container is-layout-flow wp-block-cover-is-layout-flow\">\n<p class=\"has-text-align-center has-large-font-size\"><a href=\"https:\/\/www.jet-vip.com\/destinations\/usa\/\" data-type=\"page\" data-id=\"400\">USA<\/a><\/p>\n\n\n\n<div class=\"wp-block-buttons is-layout-flex wp-block-buttons-is-layout-flex\">\n<div class=\"wp-block-button\"><a class=\"wp-block-button__link wp-element-button\" href=\"https:\/\/www.jet-vip.com\/destinations\/usa\/\">Find out more<\/a><\/div>\n<\/div>\n<\/div><\/div>\n<\/div>\n<\/div>\n\n<div class=\"wp-block-group container-white-rounded-corner mt-20 is-layout-flow wp-block-group-is-layout-flow\">\n<div class=\"wp-block-group mx-7 max-w-7xl sm:mx-auto mt-12 is-layout-flow wp-block-group-is-layout-flow\">\n<div class=\"wp-block-group header-text-container bg-white pt-8 is-layout-constrained wp-block-group-is-layout-constrained\">\n<div class=\"wp-block-group block-header-container is-vertical is-layout-flex wp-container-core-group-is-layout-31 wp-block-group-is-layout-flex\">\n<h2 class=\"wp-block-heading\">Learn more<\/h2>\n\n\n\n<hr class=\"wp-block-separator has-alpha-channel-opacity\"\/>\n\n\n\n<p>We know that your flight needs may be different, so we adapt to provide various kinds of <a href=\"https:\/\/www.instagram.com\/jet_vip\">services<\/a>:<\/p>\n<\/div>\n\n\n\n<div class=\"wp-block-group is-vertical is-layout-flex wp-container-core-group-is-layout-33 wp-block-group-is-layout-flex\">\n<h4 class=\"wp-block-heading\">Fleet<\/h4>\n\n\n\n<div class=\"wp-block-group is-nowrap is-layout-flex wp-container-core-group-is-layout-32 wp-block-group-is-layout-flex\">\n<p>Our expert team can find the best available price for your private jet hire on the most suitable private aircraft<\/p>\n\n\n\n<p><a href=\"https:\/\/www.jet-vip.com\/our-fleet\/\">More info<\/a><\/p>\n<\/div>\n<\/div>\n\n\n\n<div class=\"wp-block-group is-vertical is-layout-flex wp-container-core-group-is-layout-35 wp-block-group-is-layout-flex\">\n<h4 class=\"wp-block-heading\">Destinations<\/h4>\n\n\n\n<div class=\"wp-block-group is-nowrap is-layout-flex wp-container-core-group-is-layout-34 wp-block-group-is-layout-flex\">\n<p>Discover the most requested destinations for your private jet trip<\/p>\n\n\n\n<p><a href=\"https:\/\/www.jet-vip.com\/destinations\/\" data-type=\"page\" data-id=\"122\">More info<\/a><\/p>\n<\/div>\n<\/div>\n\n\n\n<div class=\"wp-block-group is-vertical is-layout-flex wp-container-core-group-is-layout-37 wp-block-group-is-layout-flex\">\n<h4 class=\"wp-block-heading\">Frequently Asked Questions<\/h4>\n\n\n\n<div class=\"wp-block-group is-nowrap is-layout-flex wp-container-core-group-is-layout-36 wp-block-group-is-layout-flex\">\n<p>You have a question? <br>We have the answer !<\/p>\n\n\n\n<p><a href=\"https:\/\/www.jet-vip.com\/frequently-asked-questions\/\" data-type=\"page\" data-id=\"417\">More info<\/a><\/p>\n<\/div>\n<\/div>\n\n\n\n<div class=\"wp-block-group is-vertical is-layout-flex wp-container-core-group-is-layout-39 wp-block-group-is-layout-flex\">\n<h4 class=\"wp-block-heading\">Medical Flights<\/h4>\n\n\n\n<div class=\"wp-block-group is-nowrap is-layout-flex wp-container-core-group-is-layout-38 wp-block-group-is-layout-flex\">\n<p>In case you need to book a jet for your special occasion or business look no further!<\/p>\n\n\n\n<p><a href=\"https:\/\/www.jet-vip.com\/ambulance-flights\/\" data-type=\"page\" data-id=\"1184\">More info<\/a><\/p>\n<\/div>\n<\/div>\n\n\n\n<div class=\"wp-block-group is-vertical is-layout-flex wp-container-core-group-is-layout-41 wp-block-group-is-layout-flex\">\n<h4 class=\"wp-block-heading\">Safety<\/h4>\n\n\n\n<div class=\"wp-block-group is-nowrap is-layout-flex wp-container-core-group-is-layout-40 wp-block-group-is-layout-flex\">\n<p>Safety in private aviation is our most important concern. Safety has always been the priority of Jet-Vip<\/p>\n\n\n\n<p><a href=\"https:\/\/www.jet-vip.com\/safety-at-jet-vip\/\" data-type=\"page\" data-id=\"762\">More info<\/a><\/p>\n<\/div>\n<\/div>\n\n\n\n<div class=\"wp-block-group is-vertical is-layout-flex wp-container-core-group-is-layout-43 wp-block-group-is-layout-flex\">\n<h4 class=\"wp-block-heading\">Empty legs<\/h4>\n\n\n\n<div class=\"wp-block-group is-nowrap is-layout-flex wp-container-core-group-is-layout-42 wp-block-group-is-layout-flex\">\n<p>Chartering an empty leg flight is an opportunity to save up to 50% on your private jet flight price<\/p>\n\n\n\n<p><a href=\"https:\/\/www.jet-vip.com\/empty-leg-flights-with-jet-vip\/\" data-type=\"page\" data-id=\"446\">More info<\/a><\/p>\n<\/div>\n<\/div>\n<\/div>\n<\/div>\n<\/div>\n\n<div class=\"wp-block-group container-rounded-bottom-left -mt-10 white is-layout-constrained wp-block-group-is-layout-constrained\"><\/div>\n","protected":false},"excerpt":{"rendered":"<p>Almanya, hayat\u0131n\u0131z\u0131n geri kalan\u0131 boyunca geri d\u00f6nmeye devam eden bir r\u00fcya&#8230; Almanya, Avrupa&#8217;daki merkezi konumu nedeniyle pop\u00fcler bir turizm merkezidir. Almanya&#8217;ya yap\u0131lacak bir ziyaret, Avrupa&#8217;n\u0131n tarihi, do\u011fas\u0131, sanat\u0131 ve k\u00fclt\u00fcr\u00fcn\u00fcn yan\u0131 s\u0131ra kendi k\u00fclt\u00fcr\u00fcn\u00fcn de tad\u0131na bak\u0131lmas\u0131n\u0131 sa\u011flar. Hi\u00e7 \u015f\u00fcphesiz, Avrupa&#8217;n\u0131n en \u00e7ok ra\u011fbet g\u00f6ren destinasyonlar\u0131 aras\u0131nda yer almaktad\u0131r. G\u00f6r\u00fclecek ve yap\u0131lacak \u00e7ok \u015fey oldu\u011fu &hellip; <a href=\"https:\/\/www.jet-vip.com\/tr\/destinasyonlar\/almanya\/\">Continued<\/a><\/p>\n","protected":false},"author":2,"featured_media":2988,"parent":3592,"menu_order":0,"comment_status":"closed","ping_status":"closed","template":"","meta":{"footnotes":""},"class_list":["post-3620","page","type-page","status-publish","has-post-thumbnail","hentry"],"yoast_head":"<!-- This site is optimized with the Yoast SEO Premium plugin v23.9 (Yoast SEO v23.9) - https:\/\/yoast.com\/wordpress\/plugins\/seo\/ -->\n<title>Almanya&#039;ya \u00d6zel Jet U\u00e7u\u015fu | Berlin, M\u00fcnih, Frankfurt - Jet VIP<\/title>\n<meta name=\"description\" content=\"Berlin, M\u00fcnih, Frankfurt, K\u00f6ln, Hamburg veya Sylt&#039;e \u00f6zel jet u\u00e7u\u015fu ile Almanya&#039;n\u0131n g\u00fczelli\u011fini ve cazibesini ya\u015fay\u0131n. U\u00e7u\u015f rezervasyonu yap\u0131n!\" \/>\n<meta name=\"robots\" content=\"index, follow, max-snippet:-1, max-image-preview:large, max-video-preview:-1\" \/>\n<link rel=\"canonical\" href=\"https:\/\/www.jet-vip.com\/tr\/destinasyonlar\/almanya\/\" \/>\n<meta property=\"og:locale\" content=\"tr_TR\" \/>\n<meta property=\"og:type\" content=\"article\" \/>\n<meta property=\"og:title\" content=\"Almanya&#039;ya \u00d6zel Jet U\u00e7u\u015fu | Berlin, M\u00fcnih, Frankfurt - Jet VIP\" \/>\n<meta property=\"og:description\" content=\"Berlin, M\u00fcnih, Frankfurt, K\u00f6ln, Hamburg veya Sylt&#039;e \u00f6zel jet u\u00e7u\u015fu ile Almanya&#039;n\u0131n g\u00fczelli\u011fini ve cazibesini ya\u015fay\u0131n. U\u00e7u\u015f rezervasyonu yap\u0131n!\" \/>\n<meta property=\"og:url\" content=\"https:\/\/www.jet-vip.com\/tr\/destinasyonlar\/almanya\/\" \/>\n<meta property=\"og:site_name\" content=\"Jet VIP\" \/>\n<meta property=\"article:modified_time\" content=\"2024-11-24T08:48:37+00:00\" \/>\n<meta property=\"og:image\" content=\"https:\/\/www.jet-vip.com\/app\/uploads\/2023\/03\/germany_header.jpg\" \/>\n\t<meta property=\"og:image:width\" content=\"1922\" \/>\n\t<meta property=\"og:image:height\" content=\"504\" \/>\n\t<meta property=\"og:image:type\" content=\"image\/jpeg\" \/>\n<meta name=\"twitter:card\" content=\"summary_large_image\" \/>\n<meta name=\"twitter:label1\" content=\"Est. reading time\" \/>\n\t<meta name=\"twitter:data1\" content=\"24 minutes\" \/>\n<!-- \/ Yoast SEO Premium plugin. -->","yoast_head_json":{"title":"Almanya'ya \u00d6zel Jet U\u00e7u\u015fu | Berlin, M\u00fcnih, Frankfurt - Jet VIP","description":"Berlin, M\u00fcnih, Frankfurt, K\u00f6ln, Hamburg veya Sylt'e \u00f6zel jet u\u00e7u\u015fu ile Almanya'n\u0131n g\u00fczelli\u011fini ve cazibesini ya\u015fay\u0131n. U\u00e7u\u015f rezervasyonu yap\u0131n!","robots":{"index":"index","follow":"follow","max-snippet":"max-snippet:-1","max-image-preview":"max-image-preview:large","max-video-preview":"max-video-preview:-1"},"canonical":"https:\/\/www.jet-vip.com\/tr\/destinasyonlar\/almanya\/","og_locale":"tr_TR","og_type":"article","og_title":"Almanya'ya \u00d6zel Jet U\u00e7u\u015fu | Berlin, M\u00fcnih, Frankfurt - Jet VIP","og_description":"Berlin, M\u00fcnih, Frankfurt, K\u00f6ln, Hamburg veya Sylt'e \u00f6zel jet u\u00e7u\u015fu ile Almanya'n\u0131n g\u00fczelli\u011fini ve cazibesini ya\u015fay\u0131n. U\u00e7u\u015f rezervasyonu yap\u0131n!","og_url":"https:\/\/www.jet-vip.com\/tr\/destinasyonlar\/almanya\/","og_site_name":"Jet VIP","article_modified_time":"2024-11-24T08:48:37+00:00","og_image":[{"width":1922,"height":504,"url":"https:\/\/www.jet-vip.com\/app\/uploads\/2023\/03\/germany_header.jpg","type":"image\/jpeg"}],"twitter_card":"summary_large_image","twitter_misc":{"Est. reading time":"24 minutes"},"schema":{"@context":"https:\/\/schema.org","@graph":[{"@type":"WebPage","@id":"https:\/\/www.jet-vip.com\/tr\/destinasyonlar\/almanya\/","url":"https:\/\/www.jet-vip.com\/tr\/destinasyonlar\/almanya\/","name":"Almanya'ya \u00d6zel Jet U\u00e7u\u015fu | Berlin, M\u00fcnih, Frankfurt - Jet VIP","isPartOf":{"@id":"https:\/\/www.jet-vip.com\/tr\/#website"},"primaryImageOfPage":{"@id":"https:\/\/www.jet-vip.com\/tr\/destinasyonlar\/almanya\/#primaryimage"},"image":{"@id":"https:\/\/www.jet-vip.com\/tr\/destinasyonlar\/almanya\/#primaryimage"},"thumbnailUrl":"https:\/\/www.jet-vip.com\/app\/uploads\/2023\/03\/germany_header.jpg","datePublished":"2023-01-03T12:29:15+00:00","dateModified":"2024-11-24T08:48:37+00:00","description":"Berlin, M\u00fcnih, Frankfurt, K\u00f6ln, Hamburg veya Sylt'e \u00f6zel jet u\u00e7u\u015fu ile Almanya'n\u0131n g\u00fczelli\u011fini ve cazibesini ya\u015fay\u0131n. U\u00e7u\u015f rezervasyonu yap\u0131n!","breadcrumb":{"@id":"https:\/\/www.jet-vip.com\/tr\/destinasyonlar\/almanya\/#breadcrumb"},"inLanguage":"tr-TR","potentialAction":[{"@type":"ReadAction","target":["https:\/\/www.jet-vip.com\/tr\/destinasyonlar\/almanya\/"]}]},{"@type":"ImageObject","inLanguage":"tr-TR","@id":"https:\/\/www.jet-vip.com\/tr\/destinasyonlar\/almanya\/#primaryimage","url":"https:\/\/www.jet-vip.com\/app\/uploads\/2023\/03\/germany_header.jpg","contentUrl":"https:\/\/www.jet-vip.com\/app\/uploads\/2023\/03\/germany_header.jpg","width":1922,"height":504},{"@type":"BreadcrumbList","@id":"https:\/\/www.jet-vip.com\/tr\/destinasyonlar\/almanya\/#breadcrumb","itemListElement":[{"@type":"ListItem","position":1,"name":"Destinasyonlar","item":"https:\/\/www.jet-vip.com\/tr\/destinasyonlar\/"},{"@type":"ListItem","position":2,"name":"Almanya"}]},{"@type":"WebSite","@id":"https:\/\/www.jet-vip.com\/tr\/#website","url":"https:\/\/www.jet-vip.com\/tr\/","name":"www.jet-vip.com","description":"Private Jet &amp; Helicopter charter","publisher":{"@id":"https:\/\/www.jet-vip.com\/tr\/#organization"},"potentialAction":[{"@type":"SearchAction","target":{"@type":"EntryPoint","urlTemplate":"https:\/\/www.jet-vip.com\/tr\/?s={search_term_string}"},"query-input":{"@type":"PropertyValueSpecification","valueRequired":true,"valueName":"search_term_string"}}],"inLanguage":"tr-TR"},{"@type":"Organization","@id":"https:\/\/www.jet-vip.com\/tr\/#organization","name":"JET VIP","alternateName":"JET-VIP","url":"https:\/\/www.jet-vip.com\/tr\/","logo":{"@type":"ImageObject","inLanguage":"tr-TR","@id":"https:\/\/www.jet-vip.com\/tr\/#\/schema\/logo\/image\/","url":"https:\/\/www.jet-vip.com\/app\/uploads\/2023\/04\/logo_jetvip.png","contentUrl":"https:\/\/www.jet-vip.com\/app\/uploads\/2023\/04\/logo_jetvip.png","width":2344,"height":1500,"caption":"JET VIP"},"image":{"@id":"https:\/\/www.jet-vip.com\/tr\/#\/schema\/logo\/image\/"},"sameAs":["https:\/\/instagram.com\/jet_vip"]}]}},"_links":{"self":[{"href":"https:\/\/www.jet-vip.com\/tr\/wp-json\/wp\/v2\/pages\/3620","targetHints":{"allow":["GET"]}}],"collection":[{"href":"https:\/\/www.jet-vip.com\/tr\/wp-json\/wp\/v2\/pages"}],"about":[{"href":"https:\/\/www.jet-vip.com\/tr\/wp-json\/wp\/v2\/types\/page"}],"author":[{"embeddable":true,"href":"https:\/\/www.jet-vip.com\/tr\/wp-json\/wp\/v2\/users\/2"}],"replies":[{"embeddable":true,"href":"https:\/\/www.jet-vip.com\/tr\/wp-json\/wp\/v2\/comments?post=3620"}],"version-history":[{"count":1,"href":"https:\/\/www.jet-vip.com\/tr\/wp-json\/wp\/v2\/pages\/3620\/revisions"}],"predecessor-version":[{"id":3621,"href":"https:\/\/www.jet-vip.com\/tr\/wp-json\/wp\/v2\/pages\/3620\/revisions\/3621"}],"up":[{"embeddable":true,"href":"https:\/\/www.jet-vip.com\/tr\/wp-json\/wp\/v2\/pages\/3592"}],"wp:featuredmedia":[{"embeddable":true,"href":"https:\/\/www.jet-vip.com\/tr\/wp-json\/wp\/v2\/media\/2988"}],"wp:attachment":[{"href":"https:\/\/www.jet-vip.com\/tr\/wp-json\/wp\/v2\/media?parent=3620"}],"curies":[{"name":"wp","href":"https:\/\/api.w.org\/{rel}","templated":true}]}}