{"id":3604,"date":"2023-04-05T08:44:05","date_gmt":"2023-04-05T08:44:05","guid":{"rendered":"https:\/\/www.jet-vip.com\/ucus-fiyatlari\/"},"modified":"2024-11-24T08:32:09","modified_gmt":"2024-11-24T08:32:09","slug":"ucus-fiyatlari","status":"publish","type":"page","link":"https:\/\/www.jet-vip.com\/tr\/ucus-fiyatlari\/","title":{"rendered":"U\u00e7u\u015f Fiyatlar\u0131"},"content":{"rendered":"\n<div class=\"wp-block-group mx-7 max-w-7xl sm:mx-auto is-layout-constrained wp-block-group-is-layout-constrained\">\n<p>Jet-VIP olarak, iyi planlanmad\u0131\u011f\u0131 takdirde seyahat etmenin bazen pahal\u0131 bir u\u011fra\u015f olabilece\u011finin fark\u0131nday\u0131z. M\u00fc\u015fteri memnuniyeti ve rahatl\u0131\u011f\u0131na odaklanarak, size cep dostu en uygun u\u00e7u\u015f fiyatlar\u0131n\u0131 sunarken ayn\u0131 zamanda e\u015fsiz bir \u00f6zel jet deneyiminin keyfini \u00e7\u0131karman\u0131za yard\u0131mc\u0131 olmak i\u00e7in \u00e7ok \u00e7al\u0131\u015f\u0131yoruz.<\/p>\n\n\n\n<div class=\"wp-block-group is-content-justification-space-between is-layout-flex wp-container-core-group-is-layout-4 wp-block-group-is-layout-flex\">\n<h2 class=\"wp-block-heading\">Rekabet\u00e7i ve Adil Fiyatlar<\/h2>\n\n\n\n<hr class=\"wp-block-separator has-alpha-channel-opacity\"\/>\n\n\n\n<div class=\"wp-block-group is-content-justification-space-between is-layout-flex wp-container-core-group-is-layout-3 wp-block-group-is-layout-flex\">\n<div class=\"wp-block-group sm:w-1\/2 is-vertical is-layout-flex wp-container-core-group-is-layout-1 wp-block-group-is-layout-flex\">\n<p>\u015eeffafl\u0131\u011fa inan\u0131yoruz ve bu inanc\u0131m\u0131z\u0131 fiyatland\u0131rma politikam\u0131za da yans\u0131t\u0131yoruz. <a href=\"https:\/\/www.jet-vip.com\/fly-anywhere-with-jet-vip\/\">Jet-VIP ile u\u00e7may\u0131<\/a> se\u00e7ti\u011finizde, kesinlikle hi\u00e7bir gizli \u00fccret veya \u00f6n maliyet olmad\u0131\u011f\u0131n\u0131 bilerek kendinize g\u00fcvenebilir ve huzur i\u00e7inde olabilirsiniz. Sadece gerekli ve ihtiya\u00e7 duyulan \u015fey i\u00e7in \u00f6deme yapars\u0131n\u0131z.<\/p>\n\n\n\n<p>\u0130ni\u015f \u00fccretleri, Avrupa i\u00e7in temel ikramlar ve ge\u00e7erli t\u00fcm vergiler belirtilen u\u00e7u\u015f fiyatlar\u0131na dahildir. Taksi s\u00fcresi ve yak\u0131t masraflar\u0131 da ayr\u0131ca \u00fccretlendirilmez ve \u00fccretinize dahildir.<\/p>\n\n\n\n<p>Bununla birlikte, bazen u\u00e7u\u015f durumunuz buz \u00e7\u00f6zme veya yeniden y\u00f6nlendirme gibi baz\u0131 ekstra hizmetlerin kullan\u0131lmas\u0131n\u0131 gerektirebilir, bu durumda ortaya \u00e7\u0131kabilecek ekstra maliyetler hakk\u0131nda sizi tamamen bilgilendirece\u011fiz.<\/p>\n<\/div>\n\n\n\n<div class=\"wp-block-group w-full sm:w-1\/3 rounded is-layout-flow wp-block-group-is-layout-flow\">\n<div class=\"wp-block-cover aligncenter is-light w-full rounded-3xl\" style=\"min-height:178px;aspect-ratio:unset;\"><span aria-hidden=\"true\" class=\"wp-block-cover__background has-white-background-color has-background-dim-90 has-background-dim\"><\/span><img decoding=\"async\" width=\"1000\" height=\"419\" class=\"wp-block-cover__image-background wp-image-1051\" alt=\"\" src=\"https:\/\/test-jetvip.mendo.lv\/app\/uploads\/2023\/04\/competitive.jpg\" data-object-fit=\"cover\" srcset=\"https:\/\/www.jet-vip.com\/app\/uploads\/2023\/04\/competitive.jpg 1000w, https:\/\/www.jet-vip.com\/app\/uploads\/2023\/04\/competitive-300x126.jpg 300w, https:\/\/www.jet-vip.com\/app\/uploads\/2023\/04\/competitive-768x322.jpg 768w\" sizes=\"(max-width: 1000px) 100vw, 1000px\" \/><div class=\"wp-block-cover__inner-container is-layout-flow wp-block-cover-is-layout-flow\">\n<figure class=\"wp-block-image aligncenter size-large is-resized mx-auto\"><img decoding=\"async\" src=\"https:\/\/test-jetvip.mendo.lv\/app\/uploads\/2023\/03\/guarantee_icon.svg\" alt=\"\" class=\"wp-image-767\" width=\"80\" height=\"80\"\/><\/figure><\/div><\/div>\n<\/div>\n<\/div>\n<\/div>\n<\/div>\n\n<div class=\"wp-block-group w-full is-layout-constrained wp-block-group-is-layout-constrained\">\n<div class=\"wp-block-group mx-7 max-w-7xl sm:mx-auto mt-12 is-layout-flow wp-block-group-is-layout-flow\">\n<div class=\"wp-block-group carousel-container is-layout-constrained wp-block-group-is-layout-constrained\">\n<h3 class=\"has-text-align-left w-full wp-block-heading\">\u00dccretleri Etkileyebilecek Fakt\u00f6rler<\/h3>\n\n\n\n<hr class=\"wp-block-separator has-alpha-channel-opacity\"\/>\n\n\n\n<p>Bir u\u00e7u\u015fun adil maliyetini belirlerken devreye giren bir\u00e7ok de\u011fi\u015fken vard\u0131r. Her u\u00e7u\u015f benzersizdir ve bu nedenle fiyatlar \u00e7ok farkl\u0131 olabilir. U\u00e7u\u015fun nihai maliyeti \u00fczerinde etkisi olan fakt\u00f6rlerden baz\u0131lar\u0131 \u015funlard\u0131r:<\/p>\n\n\n\n<div class=\"wp-block-cb-carousel centered-contents my-12\" data-slick=\"{&quot;slidesToShow&quot;:3,&quot;slidesToScroll&quot;:1,&quot;speed&quot;:300,&quot;arrows&quot;:true,&quot;dots&quot;:true,&quot;autoplay&quot;:false,&quot;autoplaySpeed&quot;:3000,&quot;infinite&quot;:false,&quot;responsive&quot;:[{&quot;breakpoint&quot;:769,&quot;settings&quot;:{&quot;slidesToShow&quot;:1,&quot;slidesToScroll&quot;:1}}]}\">\n<div class=\"wp-block-cb-slide\">\n<div class=\"wp-block-group rounded-3xl p-4 h-96 has-very-light-blue-background-color has-background is-layout-constrained wp-block-group-is-layout-constrained\">\n<h4 class=\"has-text-align-center has-red-900-color has-text-color wp-block-heading\" style=\"text-transform:uppercase\">U\u00c7U\u015e T\u0130P\u0130<\/h4>\n\n\n\n<hr class=\"wp-block-separator has-text-color has-sand-900-color has-alpha-channel-opacity has-sand-900-background-color has-background w-3\/4 mx-auto\"\/>\n\n\n\n<p>\u00dccretiniz, u\u00e7u\u015funuzun talep \u00fczerine kiralanm\u0131\u015f bir u\u00e7u\u015f mu yoksa bo\u015f bir bacak m\u0131 oldu\u011funa ba\u011fl\u0131 olarak b\u00fcy\u00fck \u00f6l\u00e7\u00fcde de\u011fi\u015fecektir. Tam olarak ihtiya\u00e7lar\u0131n\u0131za g\u00f6re uyarlanm\u0131\u015f bir u\u00e7u\u015f, kendini yeniden konumland\u0131rmak i\u00e7in geri d\u00f6necek bo\u015f bir bacak u\u00e7u\u015fundan \u00e7ok daha pahal\u0131ya mal olacakt\u0131r.<\/p>\n<\/div>\n<\/div>\n\n\n\n<div class=\"wp-block-cb-slide\">\n<div class=\"wp-block-group rounded-3xl p-4 h-96 has-very-light-blue-background-color has-background is-layout-constrained wp-block-group-is-layout-constrained\">\n<h4 class=\"has-text-align-center has-red-900-color has-text-color wp-block-heading\" style=\"text-transform:uppercase\">VARI\u015e NOKTASI MESAFESI<\/h4>\n\n\n\n<hr class=\"wp-block-separator has-text-color has-sand-900-color has-alpha-channel-opacity has-sand-900-background-color has-background w-3\/4 mx-auto\"\/>\n\n\n\n<p>Ne kadar uza\u011fa u\u00e7arsan\u0131z ve havada ne kadar uzun s\u00fcre kal\u0131rsan\u0131z, \u00fccret o kadar fazla olacakt\u0131r. (T\u0131pk\u0131 ticari u\u00e7u\u015flar gibi!) Charter u\u00e7u\u015flar\u0131 s\u00f6z konusu oldu\u011funda, mesafe maliyetlerindeki en belirgin fakt\u00f6r olacakt\u0131r.<\/p>\n\n\n\n<p>Basit\u00e7e s\u00f6ylemek gerekirse, daha uzun u\u00e7u\u015flar daha b\u00fcy\u00fck u\u00e7aklara ve daha fazla yak\u0131ta ihtiya\u00e7 duyar. Artan i\u015f y\u00fck\u00fcn\u00fcn yan\u0131 s\u0131ra bu, bak\u0131m personelinin u\u00e7a\u011f\u0131 iyi \u00e7al\u0131\u015f\u0131r durumda tutmak i\u00e7in daha uzun saatler \u00e7al\u0131\u015fmas\u0131 gerekti\u011fi anlam\u0131na da gelmektedir.<\/p>\n<\/div>\n<\/div>\n\n\n\n<div class=\"wp-block-cb-slide\">\n<div class=\"wp-block-group rounded-3xl p-4 h-96 has-very-light-blue-background-color has-background is-layout-constrained wp-block-group-is-layout-constrained\">\n<h4 class=\"has-text-align-center has-red-900-color has-text-color wp-block-heading\" style=\"text-transform:uppercase\">U\u00e7ak Tipi<\/h4>\n\n\n\n<hr class=\"wp-block-separator has-text-color has-sand-900-color has-alpha-channel-opacity has-sand-900-background-color has-background w-3\/4 mx-auto\"\/>\n\n\n\n<p>Orada bulunan \u00e7e\u015fitli u\u00e7ak t\u00fcrlerinin her biri i\u00e7in \u00f6zel bir u\u00e7ak vard\u0131r. Bir u\u00e7a\u011f\u0131n fiyat\u0131 ayn\u0131 kategori i\u00e7inde bile b\u00fcy\u00fck farkl\u0131l\u0131klar g\u00f6sterebilir. \u00c7ok say\u0131da yolcuyu veya uzun bir mesafeyi u\u00e7urman\u0131z gerekiyorsa, kiralayaca\u011f\u0131n\u0131z u\u00e7a\u011f\u0131n tipi muhtemelen bu fakt\u00f6rlere g\u00f6re belirlenecektir.<\/p>\n\n\n\n<p>Daha b\u00fcy\u00fck bir u\u00e7ak kiraland\u0131\u011f\u0131nda maliyette bir art\u0131\u015f olur. Bunun nedeni, daha y\u00fcksek sahip olma maliyeti, daha fazla yak\u0131t t\u00fcketimi, artan bak\u0131m, temizlik ve depolama gereksinimleridir; bunlar\u0131n t\u00fcm\u00fc daha b\u00fcy\u00fck havaalanlar\u0131 ve depolama tesisleri gerektirir ve bu da bunlar\u0131 k\u00fc\u00e7\u00fck jet u\u00e7u\u015flar\u0131ndan daha pahal\u0131 hale getirir.<\/p>\n<\/div>\n<\/div>\n<\/div>\n<\/div>\n<\/div>\n<\/div>\n\n<div class=\"wp-block-group has-white-background-color has-background is-layout-flow wp-block-group-is-layout-flow\">\n<div class=\"wp-block-group mx-7 max-w-7xl sm:mx-auto mt-12 px-4 py-12 has-white-background-color has-background is-layout-flow wp-block-group-is-layout-flow\">\n<div class=\"wp-block-group max-w-2xl mx-auto is-vertical is-content-justification-center is-layout-flex wp-container-core-group-is-layout-12 wp-block-group-is-layout-flex\">\n<h3 class=\"wp-block-heading\" style=\"padding-bottom:var(--wp--preset--spacing--60)\">Bug\u00fcn Bir Seyahat Planlay\u0131n<\/h3>\n\n\n\n<p class=\"has-text-align-center\">Bir u\u00e7u\u015fun ne kadara mal olabilece\u011fini hesaplamak kafa kar\u0131\u015ft\u0131r\u0131c\u0131 olabilir \u00e7\u00fcnk\u00fc i\u015fin i\u00e7inde \u00e7ok fazla fakt\u00f6r vard\u0131r. Ama endi\u015felenmeyin, ekibimiz yard\u0131m etmek i\u00e7in burada. Seyahatinizi planlamak ve maliyetleri hesaplamak i\u00e7in yard\u0131ma ihtiyac\u0131n\u0131z varsa, l\u00fctfen sadece seyahat program\u0131n\u0131zda size yard\u0131mc\u0131 olmakla kalmay\u0131p ayn\u0131 zamanda harika bir anla\u015fma yapman\u0131za da yard\u0131mc\u0131 olacak ekibimizle ileti\u015fime ge\u00e7mekten \u00e7ekinmeyin!<\/p>\n\n\n\n<p><\/p>\n\n\n\n<div class=\"wp-block-buttons is-layout-flex wp-block-buttons-is-layout-flex\">\n<div class=\"wp-block-button\"><a class=\"wp-block-button__link wp-element-button\" href=\"https:\/\/test-jetvip.mendo.lv\/flight-search\/\">U\u00e7u\u015flar\u0131 bulun<\/a><\/div>\n<\/div>\n<\/div>\n<\/div>\n\n\n\n<div class=\"wp-block-group mx-7 max-w-7xl sm:mx-auto mt-12 py-12 is-layout-flow wp-block-group-is-layout-flow\">\n<div class=\"wp-block-group sm:w-1\/2 rounded-3xl p-8 mx-auto has-light-sand-background-color has-background is-vertical is-content-justification-left is-layout-flex wp-container-core-group-is-layout-14 wp-block-group-is-layout-flex\">\n<h4 class=\"has-base-font-size wp-block-heading\" style=\"padding-bottom:var(--wp--preset--spacing--30)\">U\u00e7u\u015f uzmanlar\u0131m\u0131z 7\/24 hizmetinizdedir<\/h4>\n\n\n\n<p class=\"has-sm-font-size\"><img decoding=\"async\" width=\"16\" height=\"16\" class=\"wp-image-265\" style=\"width: 16.725px;\" src=\"https:\/\/test-jetvip.mendo.lv\/app\/uploads\/2023\/01\/phone.svg\" alt=\"\"\/><span style=\"color: rgba(94,104,135,var(--tw-text-opacity)); font-size: revert;\">+33 (0) 970 445 435<\/span><\/p>\n\n\n\n<p class=\"has-sm-font-size\"><img decoding=\"async\" width=\"11\" height=\"18\" class=\"wp-image-262\" style=\"width: 11.445px;\" src=\"https:\/\/test-jetvip.mendo.lv\/app\/uploads\/2023\/01\/cellphone.svg\" alt=\"\"\/>+33 649 57 3300<\/p>\n\n\n\n<p class=\"has-sm-font-size\"><img decoding=\"async\" width=\"17\" height=\"13\" class=\"wp-image-263\" style=\"width: 17.463px;\" src=\"https:\/\/test-jetvip.mendo.lv\/app\/uploads\/2023\/01\/email.svg\" alt=\"\"\/><a href=\"mailto:contact@jet-vip.com\">contact@jet-vip.com<\/a><\/p>\n\n\n\n<p><\/p>\n<\/div>\n\n\n\n<div class=\"wp-block-group carousel-container mt-12 is-layout-flow wp-block-group-is-layout-flow\">\n<div class=\"wp-block-cb-carousel centered-contents\" data-slick=\"{&quot;slidesToShow&quot;:4,&quot;slidesToScroll&quot;:1,&quot;speed&quot;:300,&quot;arrows&quot;:true,&quot;dots&quot;:true,&quot;autoplay&quot;:false,&quot;autoplaySpeed&quot;:3000,&quot;infinite&quot;:false,&quot;responsive&quot;:[{&quot;breakpoint&quot;:769,&quot;settings&quot;:{&quot;slidesToShow&quot;:1,&quot;slidesToScroll&quot;:1}}]}\">\n<div class=\"wp-block-cb-slide\">\n<div class=\"wp-block-group is-layout-constrained wp-block-group-is-layout-constrained\">\n<figure class=\"wp-block-image aligncenter size-large is-resized\"><img decoding=\"async\" src=\"https:\/\/test-jetvip.mendo.lv\/app\/uploads\/2023\/04\/reactivity_icon.svg\" alt=\"\" class=\"wp-image-1017\" width=\"150\" height=\"150\"\/><\/figure>\n\n\n<p class=\"has-text-align-center\"><strong>7\/24 destek<\/strong><\/p>\n<\/div>\n<\/div>\n\n\n\n<div class=\"wp-block-cb-slide\">\n<div class=\"wp-block-group is-layout-constrained wp-block-group-is-layout-constrained\">\n<figure class=\"wp-block-image aligncenter size-large is-resized\"><img decoding=\"async\" src=\"https:\/\/test-jetvip.mendo.lv\/app\/uploads\/2023\/04\/best_price_icon.svg\" alt=\"\" class=\"wp-image-1050\" width=\"150\" height=\"150\"\/><\/figure>\n\n\n<p class=\"has-text-align-center\"><strong>En iyi fiyatlar<\/strong><\/p>\n<\/div>\n<\/div>\n\n\n\n<div class=\"wp-block-cb-slide\">\n<div class=\"wp-block-group is-layout-constrained wp-block-group-is-layout-constrained\">\n<figure class=\"wp-block-image aligncenter size-large is-resized\"><img decoding=\"async\" src=\"https:\/\/test-jetvip.mendo.lv\/app\/uploads\/2023\/04\/reactivity_icon.svg\" alt=\"\" class=\"wp-image-1017\" width=\"150\" height=\"150\"\/><\/figure>\n\n\n<p class=\"has-text-align-center\"><strong>Profesyonel personel<\/strong><\/p>\n<\/div>\n<\/div>\n\n\n\n<div class=\"wp-block-cb-slide\">\n<div class=\"wp-block-group is-layout-constrained wp-block-group-is-layout-constrained\">\n<figure class=\"wp-block-image aligncenter size-large is-resized\"><img decoding=\"async\" src=\"https:\/\/test-jetvip.mendo.lv\/app\/uploads\/2023\/04\/reactivity_icon.svg\" alt=\"\" class=\"wp-image-1017\" width=\"150\" height=\"150\"\/><\/figure>\n\n\n<p class=\"has-text-align-center\"><strong>Gizlilik<\/strong><\/p>\n<\/div>\n<\/div>\n<\/div>\n<\/div>\n<\/div>\n<\/div>\n\n<div class=\"wp-block-group has-white-background-color has-background is-layout-flow wp-block-group-is-layout-flow\">\n<div class=\"wp-block-group mx-7 max-w-7xl sm:mx-auto pt-12 px-4 py-12 is-layout-constrained wp-block-group-is-layout-constrained\">\n<div class=\"wp-block-group header-text-container bg-white pt-8 is-layout-constrained wp-block-group-is-layout-constrained\">\n<div class=\"wp-block-group block-header-container is-vertical is-layout-flex wp-container-core-group-is-layout-22 wp-block-group-is-layout-flex\">\n<h2 class=\"wp-block-heading\">Learn more<\/h2>\n\n\n\n<hr class=\"wp-block-separator has-alpha-channel-opacity\"\/>\n\n\n\n<p>We know that your flight needs may be different, so we adapt to provide various kinds of <a href=\"https:\/\/www.instagram.com\/jet_vip\">services<\/a>:<\/p>\n<\/div>\n\n\n\n<div class=\"wp-block-group is-vertical is-layout-flex wp-container-core-group-is-layout-24 wp-block-group-is-layout-flex\">\n<h4 class=\"wp-block-heading\">Fleet<\/h4>\n\n\n\n<div class=\"wp-block-group is-nowrap is-layout-flex wp-container-core-group-is-layout-23 wp-block-group-is-layout-flex\">\n<p>Our expert team can find the best available price for your private jet hire on the most suitable private aircraft<\/p>\n\n\n\n<p><a href=\"https:\/\/www.jet-vip.com\/our-fleet\/\">More info<\/a><\/p>\n<\/div>\n<\/div>\n\n\n\n<div class=\"wp-block-group is-vertical is-layout-flex wp-container-core-group-is-layout-26 wp-block-group-is-layout-flex\">\n<h4 class=\"wp-block-heading\">Destinations<\/h4>\n\n\n\n<div class=\"wp-block-group is-nowrap is-layout-flex wp-container-core-group-is-layout-25 wp-block-group-is-layout-flex\">\n<p>Discover the most requested destinations for your private jet trip<\/p>\n\n\n\n<p><a href=\"https:\/\/www.jet-vip.com\/destinations\/\" data-type=\"page\" data-id=\"122\">More info<\/a><\/p>\n<\/div>\n<\/div>\n\n\n\n<div class=\"wp-block-group is-vertical is-layout-flex wp-container-core-group-is-layout-28 wp-block-group-is-layout-flex\">\n<h4 class=\"wp-block-heading\">Frequently Asked Questions<\/h4>\n\n\n\n<div class=\"wp-block-group is-nowrap is-layout-flex wp-container-core-group-is-layout-27 wp-block-group-is-layout-flex\">\n<p>You have a question? <br>We have the answer !<\/p>\n\n\n\n<p><a href=\"https:\/\/www.jet-vip.com\/frequently-asked-questions\/\" data-type=\"page\" data-id=\"417\">More info<\/a><\/p>\n<\/div>\n<\/div>\n\n\n\n<div class=\"wp-block-group is-vertical is-layout-flex wp-container-core-group-is-layout-30 wp-block-group-is-layout-flex\">\n<h4 class=\"wp-block-heading\">Medical Flights<\/h4>\n\n\n\n<div class=\"wp-block-group is-nowrap is-layout-flex wp-container-core-group-is-layout-29 wp-block-group-is-layout-flex\">\n<p>In case you need to book a jet for your special occasion or business look no further!<\/p>\n\n\n\n<p><a href=\"https:\/\/www.jet-vip.com\/ambulance-flights\/\" data-type=\"page\" data-id=\"1184\">More info<\/a><\/p>\n<\/div>\n<\/div>\n\n\n\n<div class=\"wp-block-group is-vertical is-layout-flex wp-container-core-group-is-layout-32 wp-block-group-is-layout-flex\">\n<h4 class=\"wp-block-heading\">Safety<\/h4>\n\n\n\n<div class=\"wp-block-group is-nowrap is-layout-flex wp-container-core-group-is-layout-31 wp-block-group-is-layout-flex\">\n<p>Safety in private aviation is our most important concern. Safety has always been the priority of Jet-Vip<\/p>\n\n\n\n<p><a href=\"https:\/\/www.jet-vip.com\/safety-at-jet-vip\/\" data-type=\"page\" data-id=\"762\">More info<\/a><\/p>\n<\/div>\n<\/div>\n\n\n\n<div class=\"wp-block-group is-vertical is-layout-flex wp-container-core-group-is-layout-34 wp-block-group-is-layout-flex\">\n<h4 class=\"wp-block-heading\">Empty legs<\/h4>\n\n\n\n<div class=\"wp-block-group is-nowrap is-layout-flex wp-container-core-group-is-layout-33 wp-block-group-is-layout-flex\">\n<p>Chartering an empty leg flight is an opportunity to save up to 50% on your private jet flight price<\/p>\n\n\n\n<p><a href=\"https:\/\/www.jet-vip.com\/empty-leg-flights-with-jet-vip\/\" data-type=\"page\" data-id=\"446\">More info<\/a><\/p>\n<\/div>\n<\/div>\n<\/div>\n<\/div>\n<\/div>\n\n<div class=\"wp-block-group container-rounded-bottom-left -mt-10 white is-layout-constrained wp-block-group-is-layout-constrained\"><\/div>\n","protected":false},"excerpt":{"rendered":"<p>Jet-VIP olarak, iyi planlanmad\u0131\u011f\u0131 takdirde seyahat etmenin bazen pahal\u0131 bir u\u011fra\u015f olabilece\u011finin fark\u0131nday\u0131z. M\u00fc\u015fteri memnuniyeti ve rahatl\u0131\u011f\u0131na odaklanarak, size cep dostu en uygun u\u00e7u\u015f fiyatlar\u0131n\u0131 sunarken ayn\u0131 zamanda e\u015fsiz bir \u00f6zel jet deneyiminin keyfini \u00e7\u0131karman\u0131za yard\u0131mc\u0131 olmak i\u00e7in \u00e7ok \u00e7al\u0131\u015f\u0131yoruz. Rekabet\u00e7i ve Adil Fiyatlar \u015eeffafl\u0131\u011fa inan\u0131yoruz ve bu inanc\u0131m\u0131z\u0131 fiyatland\u0131rma politikam\u0131za da yans\u0131t\u0131yoruz. Jet-VIP ile &hellip; <a href=\"https:\/\/www.jet-vip.com\/tr\/ucus-fiyatlari\/\">Continued<\/a><\/p>\n","protected":false},"author":2,"featured_media":3185,"parent":0,"menu_order":0,"comment_status":"closed","ping_status":"closed","template":"","meta":{"footnotes":""},"class_list":["post-3604","page","type-page","status-publish","has-post-thumbnail","hentry"],"yoast_head":"<!-- This site is optimized with the Yoast SEO Premium plugin v23.9 (Yoast SEO v23.9) - https:\/\/yoast.com\/wordpress\/plugins\/seo\/ -->\n<title>Rekabet\u00e7i ve Adil U\u00e7u\u015f Fiyatlar\u0131 | Jet-VIP | \u00d6zel Jet \u015eirketi<\/title>\n<meta name=\"description\" content=\"Jet-VIP&#039;de rekabet\u00e7i ve adil u\u00e7u\u015f fiyatlar\u0131n\u0131 ke\u015ffedin, \u0130ni\u015f \u00fccretleri, Avrupa i\u00e7in temel ikramlar ve vergiler teklif edilen fiyatlara dahildir\" \/>\n<meta name=\"robots\" content=\"index, follow, max-snippet:-1, max-image-preview:large, max-video-preview:-1\" \/>\n<link rel=\"canonical\" href=\"https:\/\/www.jet-vip.com\/tr\/ucus-fiyatlari\/\" \/>\n<meta property=\"og:locale\" content=\"tr_TR\" \/>\n<meta property=\"og:type\" content=\"article\" \/>\n<meta property=\"og:title\" content=\"Rekabet\u00e7i ve Adil U\u00e7u\u015f Fiyatlar\u0131 | Jet-VIP | \u00d6zel Jet \u015eirketi\" \/>\n<meta property=\"og:description\" content=\"Jet-VIP&#039;de rekabet\u00e7i ve adil u\u00e7u\u015f fiyatlar\u0131n\u0131 ke\u015ffedin, \u0130ni\u015f \u00fccretleri, Avrupa i\u00e7in temel ikramlar ve vergiler teklif edilen fiyatlara dahildir\" \/>\n<meta property=\"og:url\" content=\"https:\/\/www.jet-vip.com\/tr\/ucus-fiyatlari\/\" \/>\n<meta property=\"og:site_name\" content=\"Jet VIP\" \/>\n<meta property=\"article:modified_time\" content=\"2024-11-24T08:32:09+00:00\" \/>\n<meta property=\"og:image\" content=\"https:\/\/www.jet-vip.com\/app\/uploads\/2023\/04\/price_header.jpg\" \/>\n\t<meta property=\"og:image:width\" content=\"1935\" \/>\n\t<meta property=\"og:image:height\" content=\"1290\" \/>\n\t<meta property=\"og:image:type\" content=\"image\/jpeg\" \/>\n<meta name=\"twitter:card\" content=\"summary_large_image\" \/>\n<meta name=\"twitter:label1\" content=\"Est. reading time\" \/>\n\t<meta name=\"twitter:data1\" content=\"12 minutes\" \/>\n<!-- \/ Yoast SEO Premium plugin. -->","yoast_head_json":{"title":"Rekabet\u00e7i ve Adil U\u00e7u\u015f Fiyatlar\u0131 | Jet-VIP | \u00d6zel Jet \u015eirketi","description":"Jet-VIP'de rekabet\u00e7i ve adil u\u00e7u\u015f fiyatlar\u0131n\u0131 ke\u015ffedin, \u0130ni\u015f \u00fccretleri, Avrupa i\u00e7in temel ikramlar ve vergiler teklif edilen fiyatlara dahildir","robots":{"index":"index","follow":"follow","max-snippet":"max-snippet:-1","max-image-preview":"max-image-preview:large","max-video-preview":"max-video-preview:-1"},"canonical":"https:\/\/www.jet-vip.com\/tr\/ucus-fiyatlari\/","og_locale":"tr_TR","og_type":"article","og_title":"Rekabet\u00e7i ve Adil U\u00e7u\u015f Fiyatlar\u0131 | Jet-VIP | \u00d6zel Jet \u015eirketi","og_description":"Jet-VIP'de rekabet\u00e7i ve adil u\u00e7u\u015f fiyatlar\u0131n\u0131 ke\u015ffedin, \u0130ni\u015f \u00fccretleri, Avrupa i\u00e7in temel ikramlar ve vergiler teklif edilen fiyatlara dahildir","og_url":"https:\/\/www.jet-vip.com\/tr\/ucus-fiyatlari\/","og_site_name":"Jet VIP","article_modified_time":"2024-11-24T08:32:09+00:00","og_image":[{"width":1935,"height":1290,"url":"https:\/\/www.jet-vip.com\/app\/uploads\/2023\/04\/price_header.jpg","type":"image\/jpeg"}],"twitter_card":"summary_large_image","twitter_misc":{"Est. reading time":"12 minutes"},"schema":{"@context":"https:\/\/schema.org","@graph":[{"@type":"WebPage","@id":"https:\/\/www.jet-vip.com\/tr\/ucus-fiyatlari\/","url":"https:\/\/www.jet-vip.com\/tr\/ucus-fiyatlari\/","name":"Rekabet\u00e7i ve Adil U\u00e7u\u015f Fiyatlar\u0131 | Jet-VIP | \u00d6zel Jet \u015eirketi","isPartOf":{"@id":"https:\/\/www.jet-vip.com\/tr\/#website"},"primaryImageOfPage":{"@id":"https:\/\/www.jet-vip.com\/tr\/ucus-fiyatlari\/#primaryimage"},"image":{"@id":"https:\/\/www.jet-vip.com\/tr\/ucus-fiyatlari\/#primaryimage"},"thumbnailUrl":"https:\/\/www.jet-vip.com\/app\/uploads\/2023\/04\/price_header.jpg","datePublished":"2023-04-05T08:44:05+00:00","dateModified":"2024-11-24T08:32:09+00:00","description":"Jet-VIP'de rekabet\u00e7i ve adil u\u00e7u\u015f fiyatlar\u0131n\u0131 ke\u015ffedin, \u0130ni\u015f \u00fccretleri, Avrupa i\u00e7in temel ikramlar ve vergiler teklif edilen fiyatlara dahildir","inLanguage":"tr-TR","potentialAction":[{"@type":"ReadAction","target":["https:\/\/www.jet-vip.com\/tr\/ucus-fiyatlari\/"]}]},{"@type":"ImageObject","inLanguage":"tr-TR","@id":"https:\/\/www.jet-vip.com\/tr\/ucus-fiyatlari\/#primaryimage","url":"https:\/\/www.jet-vip.com\/app\/uploads\/2023\/04\/price_header.jpg","contentUrl":"https:\/\/www.jet-vip.com\/app\/uploads\/2023\/04\/price_header.jpg","width":1935,"height":1290},{"@type":"WebSite","@id":"https:\/\/www.jet-vip.com\/tr\/#website","url":"https:\/\/www.jet-vip.com\/tr\/","name":"www.jet-vip.com","description":"Private Jet &amp; Helicopter charter","publisher":{"@id":"https:\/\/www.jet-vip.com\/tr\/#organization"},"potentialAction":[{"@type":"SearchAction","target":{"@type":"EntryPoint","urlTemplate":"https:\/\/www.jet-vip.com\/tr\/?s={search_term_string}"},"query-input":{"@type":"PropertyValueSpecification","valueRequired":true,"valueName":"search_term_string"}}],"inLanguage":"tr-TR"},{"@type":"Organization","@id":"https:\/\/www.jet-vip.com\/tr\/#organization","name":"JET VIP","alternateName":"JET-VIP","url":"https:\/\/www.jet-vip.com\/tr\/","logo":{"@type":"ImageObject","inLanguage":"tr-TR","@id":"https:\/\/www.jet-vip.com\/tr\/#\/schema\/logo\/image\/","url":"https:\/\/www.jet-vip.com\/app\/uploads\/2023\/04\/logo_jetvip.png","contentUrl":"https:\/\/www.jet-vip.com\/app\/uploads\/2023\/04\/logo_jetvip.png","width":2344,"height":1500,"caption":"JET VIP"},"image":{"@id":"https:\/\/www.jet-vip.com\/tr\/#\/schema\/logo\/image\/"},"sameAs":["https:\/\/instagram.com\/jet_vip"]}]}},"_links":{"self":[{"href":"https:\/\/www.jet-vip.com\/tr\/wp-json\/wp\/v2\/pages\/3604","targetHints":{"allow":["GET"]}}],"collection":[{"href":"https:\/\/www.jet-vip.com\/tr\/wp-json\/wp\/v2\/pages"}],"about":[{"href":"https:\/\/www.jet-vip.com\/tr\/wp-json\/wp\/v2\/types\/page"}],"author":[{"embeddable":true,"href":"https:\/\/www.jet-vip.com\/tr\/wp-json\/wp\/v2\/users\/2"}],"replies":[{"embeddable":true,"href":"https:\/\/www.jet-vip.com\/tr\/wp-json\/wp\/v2\/comments?post=3604"}],"version-history":[{"count":1,"href":"https:\/\/www.jet-vip.com\/tr\/wp-json\/wp\/v2\/pages\/3604\/revisions"}],"predecessor-version":[{"id":3605,"href":"https:\/\/www.jet-vip.com\/tr\/wp-json\/wp\/v2\/pages\/3604\/revisions\/3605"}],"wp:featuredmedia":[{"embeddable":true,"href":"https:\/\/www.jet-vip.com\/tr\/wp-json\/wp\/v2\/media\/3185"}],"wp:attachment":[{"href":"https:\/\/www.jet-vip.com\/tr\/wp-json\/wp\/v2\/media?parent=3604"}],"curies":[{"name":"wp","href":"https:\/\/api.w.org\/{rel}","templated":true}]}}