{"id":3594,"date":"2023-01-03T12:47:38","date_gmt":"2023-01-03T12:47:38","guid":{"rendered":"https:\/\/www.jet-vip.com\/destinasyonlar\/fransa\/"},"modified":"2024-11-24T08:51:28","modified_gmt":"2024-11-24T08:51:28","slug":"fransa","status":"publish","type":"page","link":"https:\/\/www.jet-vip.com\/tr\/destinasyonlar\/fransa\/","title":{"rendered":"Fransa"},"content":{"rendered":"\n<div class=\"wp-block-group mx-7 max-w-7xl sm:mx-auto is-layout-constrained wp-block-group-is-layout-constrained\">\n<div class=\"wp-block-group is-layout-flex wp-container-core-group-is-layout-2 wp-block-group-is-layout-flex\">\n<blockquote class=\"wp-block-quote single-quote sm:w-1\/4 is-layout-flow wp-block-quote-is-layout-flow\">\n<p>Fransa, hayat\u0131n\u0131z\u0131n geri kalan\u0131 boyunca geri d\u00f6nmeye devam eden bir r\u00fcya&#8230;<\/p>\n<\/blockquote>\n\n\n\n<div class=\"wp-block-group sm:w-3\/5 is-vertical is-layout-flex wp-container-core-group-is-layout-1 wp-block-group-is-layout-flex\">\n<p>Fransa&#8217;y\u0131 ziyaret etmek pek \u00e7ok ki\u015finin \u00f6lmeden \u00f6nce yap\u0131lacaklar listesinin en ba\u015f\u0131nda yer al\u0131r. Fransa, Paris&#8217;in \u0131\u015f\u0131lt\u0131s\u0131 ve cazibesinden k\u0131rsal kesimin sakinli\u011fine kadar her \u015feyi kapsayan, d\u00fcnyan\u0131n en g\u00f6zde ve pop\u00fcler turistik noktalar\u0131ndan biridir. Fransa, her y\u0131l \u00fclkeyi ziyaret eden 80 milyondan fazla ki\u015fi ile d\u00fcnyan\u0131n en \u00e7ok ziyaret edilen \u00fclkelerinden biridir.  <\/p>\n\n\n\n<p>Kelimelere d\u00f6kmek ne kadar zor olsa da, Fransa&#8217;da ya\u015faman\u0131n cazibesi, t\u00fcm \u00fclkeye bir b\u00fct\u00fcn olarak n\u00fcfuz eden hayata dair tutum farkl\u0131l\u0131\u011f\u0131d\u0131r. Frans\u0131zlar ne\u015feli ve misafirperverdir, bu da \u00fclkeyi ziyaret etmek i\u00e7in harika bir yer haline getirir.<\/p>\n<\/div>\n<\/div>\n\n\n\n<div class=\"wp-block-cb-carousel my-12 image-grid\" data-slick=\"{&quot;slidesToShow&quot;:3,&quot;slidesToScroll&quot;:1,&quot;speed&quot;:300,&quot;arrows&quot;:true,&quot;dots&quot;:true,&quot;autoplay&quot;:false,&quot;autoplaySpeed&quot;:3000,&quot;infinite&quot;:false,&quot;responsive&quot;:[{&quot;breakpoint&quot;:769,&quot;settings&quot;:{&quot;slidesToShow&quot;:1,&quot;slidesToScroll&quot;:1}}]}\">\n<div class=\"wp-block-cb-slide\">\n<figure class=\"wp-block-image size-full\"><img decoding=\"async\" width=\"683\" height=\"404\" src=\"https:\/\/test-jetvip.mendo.lv\/app\/uploads\/2023\/03\/france1.jpg\" alt=\"\" class=\"wp-image-569\" srcset=\"https:\/\/www.jet-vip.com\/app\/uploads\/2023\/03\/france1.jpg 683w, https:\/\/www.jet-vip.com\/app\/uploads\/2023\/03\/france1-300x177.jpg 300w\" sizes=\"(max-width: 683px) 100vw, 683px\" \/><\/figure><\/div>\n\n\n\n<div class=\"wp-block-cb-slide\">\n<figure class=\"wp-block-image size-full\"><img decoding=\"async\" width=\"700\" height=\"458\" src=\"https:\/\/test-jetvip.mendo.lv\/app\/uploads\/2023\/03\/france3.jpg\" alt=\"\" class=\"wp-image-571\" srcset=\"https:\/\/www.jet-vip.com\/app\/uploads\/2023\/03\/france3.jpg 700w, https:\/\/www.jet-vip.com\/app\/uploads\/2023\/03\/france3-300x196.jpg 300w\" sizes=\"(max-width: 700px) 100vw, 700px\" \/><\/figure><\/div>\n\n\n\n<div class=\"wp-block-cb-slide\">\n<figure class=\"wp-block-image size-full\"><img decoding=\"async\" width=\"700\" height=\"467\" src=\"https:\/\/test-jetvip.mendo.lv\/app\/uploads\/2023\/03\/france4.jpg\" alt=\"\" class=\"wp-image-572\" srcset=\"https:\/\/www.jet-vip.com\/app\/uploads\/2023\/03\/france4.jpg 700w, https:\/\/www.jet-vip.com\/app\/uploads\/2023\/03\/france4-300x200.jpg 300w\" sizes=\"(max-width: 700px) 100vw, 700px\" \/><\/figure><\/div>\n\n\n\n<div class=\"wp-block-cb-slide\">\n<figure class=\"wp-block-image size-full\"><img decoding=\"async\" width=\"700\" height=\"467\" src=\"https:\/\/test-jetvip.mendo.lv\/app\/uploads\/2023\/03\/france2.jpg\" alt=\"\" class=\"wp-image-570\" srcset=\"https:\/\/www.jet-vip.com\/app\/uploads\/2023\/03\/france2.jpg 700w, https:\/\/www.jet-vip.com\/app\/uploads\/2023\/03\/france2-300x200.jpg 300w\" sizes=\"(max-width: 700px) 100vw, 700px\" \/><\/figure><\/div>\n\n\n\n<div class=\"wp-block-cb-slide\">\n<figure class=\"wp-block-image size-full\"><img decoding=\"async\" width=\"700\" height=\"458\" src=\"https:\/\/test-jetvip.mendo.lv\/app\/uploads\/2023\/03\/france5.jpg\" alt=\"\" class=\"wp-image-559\" srcset=\"https:\/\/www.jet-vip.com\/app\/uploads\/2023\/03\/france5.jpg 700w, https:\/\/www.jet-vip.com\/app\/uploads\/2023\/03\/france5-300x196.jpg 300w\" sizes=\"(max-width: 700px) 100vw, 700px\" \/><\/figure><\/div>\n<\/div>\n\n\n\n<p>Frans\u0131z mutfa\u011f\u0131 hakl\u0131 olarak m\u00fckemmel bir \u00fcne sahiptir. Fransa&#8217;n\u0131n mutfak lezzetleri ancak \u00fclkenin kendisini ziyaret ederek deneyimlenebilir. Fransa&#8217;n\u0131n her b\u00f6lgesinin yerel malzemelerle yap\u0131lan ve \u00fclke \u00e7ap\u0131nda sevilen kendine \u00f6zg\u00fc bir mutfa\u011f\u0131 vard\u0131r.  <\/p>\n\n\n\n<p>Frans\u0131zlar, \u00fclkelerinin bin y\u0131l\u0131 a\u015fk\u0131n bir s\u00fcreye yay\u0131lan tarihiyle b\u00fcy\u00fck gurur duymaktad\u0131r. Fransa&#8217;da, gitti\u011finiz hemen her yerde ilgi \u00e7ekici ge\u00e7mi\u015fleri olan ilgin\u00e7 ve eski yap\u0131lar bulacaks\u0131n\u0131z. Ve hayattaki g\u00fczel \u015feylerden ho\u015flananlar i\u00e7in, \u00fclkenin sonsuz mutfa\u011f\u0131, \u015farab\u0131 ve moda teklifleri kalbinizi kazanacak.  <\/p>\n\n\n\n<p>Fransa&#8217;n\u0131n e\u015fsiz topografyas\u0131, gezginlerin \u00fclkeyi ke\u015ffetmeleri i\u00e7in \u00e7ok say\u0131da se\u00e7enek sunmaktad\u0131r. Harika bir k\u0131rsal alan, g\u00f6rkemli s\u0131rada\u011flar, \u00e7arp\u0131c\u0131 plajlar ve harika bir hava ile bu b\u00fcy\u00fcl\u00fc topraklarda herkes i\u00e7in bir \u015feyler var. Ne t\u00fcr bir macera ar\u0131yor olursan\u0131z olun, bu g\u00fczel \u00fclkenin size bunu sa\u011flayaca\u011f\u0131na g\u00fcvenebilirsiniz!<\/p>\n<\/div>\n\n<div class=\"wp-block-group mx-7 max-w-7xl sm:mx-auto mt-12 is-layout-constrained wp-block-group-is-layout-constrained\">\n<h2 class=\"py-8 wp-block-heading\">Paris&#8217;e Jet-VIP<\/h2>\n\n\n\n<hr class=\"wp-block-separator has-alpha-channel-opacity\"\/>\n\n\n\n<div class=\"wp-block-group is-content-justification-space-between is-layout-flex wp-container-core-group-is-layout-6 wp-block-group-is-layout-flex\">\n<div class=\"wp-block-group sm:w-1\/5 is-vertical is-layout-flex wp-container-core-group-is-layout-4 wp-block-group-is-layout-flex\">\n<figure class=\"wp-block-image size-full is-style-rounded\"><img decoding=\"async\" width=\"700\" height=\"456\" src=\"https:\/\/test-jetvip.mendo.lv\/app\/uploads\/2023\/03\/paris.jpg\" alt=\"\" class=\"wp-image-562\" srcset=\"https:\/\/www.jet-vip.com\/app\/uploads\/2023\/03\/paris.jpg 700w, https:\/\/www.jet-vip.com\/app\/uploads\/2023\/03\/paris-300x195.jpg 300w\" sizes=\"(max-width: 700px) 100vw, 700px\" \/><\/figure>\n\n\n<div class=\"wp-block-buttons my-8 is-layout-flex wp-block-buttons-is-layout-flex\">\n<div class=\"wp-block-button has-custom-width wp-block-button__width-100\"><a class=\"wp-block-button__link wp-element-button\" href=\"https:\/\/www.jet-vip.com\/flight-search\/\">U\u00e7u\u015f i\u00e7in arama yap\u0131n<\/a><\/div>\n<\/div>\n<\/div>\n\n\n\n<div class=\"wp-block-group sm:w-3\/4 is-vertical is-layout-flex wp-container-core-group-is-layout-5 wp-block-group-is-layout-flex\">\n<p>Avrupa&#8217;n\u0131n en i\u015flek i\u015f havaliman\u0131 olan Paris-Le Bourget Havaliman\u0131 Paris&#8217;te yer almaktad\u0131r. Eskiden Paris&#8217;e a\u00e7\u0131lan birincil kap\u0131 olan bu havaliman\u0131, g\u00fcn\u00fcm\u00fczde i\u015f jeti operasyonlar\u0131 da d\u00e2hil olmak \u00fczere yaln\u0131zca genel havac\u0131l\u0131k i\u00e7in kullan\u0131lmaktad\u0131r. Bunun yan\u0131 s\u0131ra, en \u00fcnl\u00fcs\u00fc Paris Hava G\u00f6sterisi olmak \u00fczere hava g\u00f6sterileri de d\u00fczenlemektedir.  <\/p>\n\n\n\n<p>Paris \u015fehir merkezinin yakla\u015f\u0131k 11 kilometre kuzey do\u011fusunda yer alan Le Bourget yak\u0131nlar\u0131nda bulunan otel, \u015fehir merkezine arabayla 20 dakika mesafededir. Havaliman\u0131 toplam 530 hektardan fazla bir arazi alan\u0131na sahiptir. \u0130kisi otonom olmak \u00fczere \u00fc\u00e7 piste sahiptir ve yayg\u0131n olarak Avrupa&#8217;n\u0131n \u00f6nde gelen i\u015f havaliman\u0131 olarak kabul edilmektedir.  <\/p>\n\n\n\n<p>Le Bourget, Paris&#8217;in \u00fc\u00e7 havaliman\u0131 aras\u0131nda en merkezi olan\u0131d\u0131r ve i\u015f havac\u0131l\u0131\u011f\u0131 i\u00e7in \u00f6nemli bir merkezdir. Yolcular, her biri y\u00fcksek d\u00fczeyde m\u00fc\u015fteri hizmetleri sunan \u00e7ok say\u0131da \u00f6zel terminal sayesinde u\u00e7aklar\u0131na sorunsuz ve h\u0131zl\u0131 bir \u015fekilde ge\u00e7i\u015f yapmay\u0131 bekleyebilirler.  <\/p>\n\n\n\n<p>U\u00e7aklar, ticari u\u00e7u\u015flar\u0131n k\u0131s\u0131tlamalar\u0131na tabi olmad\u0131klar\u0131nda m\u00fcmk\u00fcn olan en k\u0131sa s\u00fcrede taksi yapabilir ve havalanabilir. Bu durum, bu havaliman\u0131n\u0131 h\u0131zl\u0131 bir \u015fekilde ayr\u0131lmas\u0131 gereken \u00f6zel u\u00e7u\u015flar i\u00e7in m\u00fckemmel bir se\u00e7enek haline getirmektedir.<\/p>\n<\/div>\n<\/div>\n<\/div>\n\n<div class=\"wp-block-group mx-7 max-w-7xl sm:mx-auto mt-12 is-layout-constrained wp-block-group-is-layout-constrained\">\n<h2 class=\"my-8 wp-block-heading\">Nice&#8217;e Jet-VIP<\/h2>\n\n\n\n<hr class=\"wp-block-separator has-alpha-channel-opacity\"\/>\n\n\n\n<div class=\"wp-block-group is-content-justification-space-between is-layout-flex wp-container-core-group-is-layout-10 wp-block-group-is-layout-flex\">\n<div class=\"wp-block-group sm:w-1\/5 is-vertical is-layout-flex wp-container-core-group-is-layout-8 wp-block-group-is-layout-flex\">\n<figure class=\"wp-block-image size-full is-style-rounded\"><img decoding=\"async\" width=\"700\" height=\"467\" src=\"https:\/\/test-jetvip.mendo.lv\/app\/uploads\/2023\/03\/nice.jpg\" alt=\"\" class=\"wp-image-561\" srcset=\"https:\/\/www.jet-vip.com\/app\/uploads\/2023\/03\/nice.jpg 700w, https:\/\/www.jet-vip.com\/app\/uploads\/2023\/03\/nice-300x200.jpg 300w\" sizes=\"(max-width: 700px) 100vw, 700px\" \/><\/figure>\n\n\n<div class=\"wp-block-buttons my-8 is-layout-flex wp-block-buttons-is-layout-flex\">\n<div class=\"wp-block-button has-custom-width wp-block-button__width-100\"><a class=\"wp-block-button__link wp-element-button\" href=\"https:\/\/www.jet-vip.com\/flight-search\/\">U\u00e7u\u015f i\u00e7in arama yap\u0131n<\/a><\/div>\n<\/div>\n<\/div>\n\n\n\n<div class=\"wp-block-group sm:w-3\/4 is-vertical is-layout-flex wp-container-core-group-is-layout-9 wp-block-group-is-layout-flex\">\n<p>Fransa&#8217;n\u0131n en i\u015flek ikinci havaliman\u0131 olan A\u00e9roport Nice C\u00f4te d&#8217;Azur, \u00fclkenin Alpes-Martitimes B\u00f6l\u00fcm\u00fc&#8217;nde Nice&#8217;in Arrondissement b\u00f6lgesine sadece 5,9 kilometre mesafede yer almaktad\u0131r. A\u00e9roports de la C\u00f4te d&#8217;Azur (ACA), yakla\u015f\u0131k 370 hektarl\u0131k bir alan\u0131 kaplayan havaliman\u0131n\u0131n sahibi ve i\u015fletmecisidir. Tropez, Antibes, Cannes ve Monako gibi tatil yerlerine u\u00e7mak i\u00e7in bu havaliman\u0131n\u0131 s\u0131kl\u0131kla kullanmaktad\u0131r. Ayr\u0131ca Nice, EasyJet gibi d\u00fc\u015f\u00fck maliyetli ta\u015f\u0131y\u0131c\u0131lara da ev sahipli\u011fi yapmaktad\u0131r.  <\/p>\n\n\n\n<p>2015 y\u0131l\u0131nda havaliman\u0131ndan 12 milyon ki\u015fi ge\u00e7i\u015f yapm\u0131\u015f, 169.934 u\u00e7ak operasyonu ve 15,4 metrik ton y\u00fck elle\u00e7lenmi\u015ftir.  <\/p>\n\n\n\n<p>Daha eski olan Terminal 1 ve daha yeni olan Terminal 2, Nice Havaliman\u0131&#8217;n\u0131n ana terminal kompleksini olu\u015fturmaktad\u0131r. Kullan\u0131\u015fl\u0131 servis otob\u00fcsleri, otoparklardan terminallere kadar havaliman\u0131n\u0131n t\u00fcm alanlar\u0131n\u0131 birbirine ba\u011flar.  <\/p>\n\n\n\n<p>Havaliman\u0131nda konuklar i\u00e7in iyi bir dizi tesis bulunmaktad\u0131r. Terminal 1&#8217;de sekiz ofis ve 250 ki\u015filik konferans alan\u0131na sahip bir i\u015f merkezi bulunmaktad\u0131r.  <\/p>\n\n\n\n<p>Yolcular ayr\u0131ca havaliman\u0131n\u0131n her yerinde \u00fccretsiz Wi-Fi ve \u015farj istasyonlar\u0131ndan faydalanabilir ve bir dizi yemek mekan\u0131, g\u00fcmr\u00fcks\u00fcz sat\u0131\u015f ma\u011fazas\u0131 ve tekel bayisinde vakit ge\u00e7irebilirler. Havaliman\u0131nda bulunan ATM&#8217;ler ve d\u00f6viz bozdurma gi\u015feleri sayesinde yerel para birimine ula\u015fmak da kolayd\u0131r.<\/p>\n<\/div>\n<\/div>\n<\/div>\n\n<div class=\"wp-block-group mx-7 max-w-7xl sm:mx-auto mt-12 is-layout-constrained wp-block-group-is-layout-constrained\">\n<h2 class=\"wp-block-heading\">Bordeaux&#8217;ya Jet-VIP<\/h2>\n\n\n\n<hr class=\"wp-block-separator has-alpha-channel-opacity\"\/>\n\n\n\n<div class=\"wp-block-group is-content-justification-space-between is-layout-flex wp-container-core-group-is-layout-14 wp-block-group-is-layout-flex\">\n<div class=\"wp-block-group sm:w-1\/5 is-vertical is-layout-flex wp-container-core-group-is-layout-12 wp-block-group-is-layout-flex\">\n<figure class=\"wp-block-image size-full is-style-rounded\"><img decoding=\"async\" width=\"700\" height=\"467\" src=\"https:\/\/test-jetvip.mendo.lv\/app\/uploads\/2023\/03\/bordeaux.jpg\" alt=\"\" class=\"wp-image-564\" srcset=\"https:\/\/www.jet-vip.com\/app\/uploads\/2023\/03\/bordeaux.jpg 700w, https:\/\/www.jet-vip.com\/app\/uploads\/2023\/03\/bordeaux-300x200.jpg 300w\" sizes=\"(max-width: 700px) 100vw, 700px\" \/><\/figure>\n\n\n<div class=\"wp-block-buttons my-8 is-layout-flex wp-block-buttons-is-layout-flex\">\n<div class=\"wp-block-button has-custom-width wp-block-button__width-100\"><a class=\"wp-block-button__link wp-element-button\" href=\"https:\/\/www.jet-vip.com\/flight-search\/\">U\u00e7u\u015f i\u00e7in arama yap\u0131n<\/a><\/div>\n<\/div>\n<\/div>\n\n\n\n<div class=\"wp-block-group sm:w-3\/4 is-vertical is-layout-flex wp-container-core-group-is-layout-13 wp-block-group-is-layout-flex\">\n<p>Fransa&#8217;n\u0131n en i\u015flek be\u015finci b\u00f6lgesel havaliman\u0131 kompleksi olan Bordeaux-M\u00e9rignac Havaliman\u0131, Bordeaux&#8217;nun 10 kilometreden daha az bat\u0131s\u0131nda, Aquitaine departman\u0131nda yer almaktad\u0131r.  <\/p>\n\n\n\n<p>Bordeaux-M\u00e9rignac Havaliman\u0131 her y\u0131l 4 milyon ki\u015fiye hizmet vermekte ve 80&#8217;den fazla noktaya do\u011frudan u\u00e7u\u015f ger\u00e7ekle\u015ftirmektedir. Bordeaux-M\u00e9rignac Havaliman\u0131&#8217;nda toplam 47 600 metrekarelik bir alan\u0131 kaplayan \u00fc\u00e7 terminal bulunmaktad\u0131r. Biri yurt i\u00e7i seyahatler i\u00e7in, di\u011feri ise daha basit ama \u00e7ok daha uygun fiyatl\u0131 bir hizmet sunan d\u00fc\u015f\u00fck maliyetli u\u00e7u\u015flar olan &#8216;Bili&#8217; (Bordeaux illico) u\u00e7u\u015flar\u0131 i\u00e7in.  <\/p>\n\n\n\n<p>Bordeaux-M\u00e9rignac Havaliman\u0131&#8217;nda yirmiden fazla ma\u011faza, gidi\u015f salonlar\u0131nda \u00fccretsiz y\u00fcksek h\u0131zl\u0131 internet eri\u015fimi ve gidi\u015f salonunun ortak alanlar\u0131nda restoran ve barlar\u0131n yan\u0131 s\u0131ra terminalin biti\u015fi\u011finde bol miktarda otopark bulunmaktad\u0131r.  <\/p>\n\n\n\n<p>Bu havaliman\u0131nda \u00e7ok say\u0131da ula\u015f\u0131m se\u00e7ene\u011fi mevcuttur. CUB Tramvay ve Otob\u00fcs a\u011f\u0131n\u0131n Lianes 1+ otob\u00fcs hatt\u0131, Bordeaux Havaliman\u0131 ile \u015fehir aras\u0131nda seyahat etmektedir. Her g\u00fcn Bordeaux Havaliman\u0131&#8217;ndan Bordeaux Saint Jean Tren \u0130stasyonu&#8217;na do\u011frudan ba\u011flant\u0131 sa\u011flayan bir servis d\u00fczenlenmektedir.  <\/p>\n\n\n\n<p>Taksiler terminalin ana kap\u0131s\u0131n\u0131n d\u0131\u015f\u0131nda bulunabilir ve hem \u015fehir i\u00e7inde hem de havaliman\u0131ndan havaliman\u0131na ula\u015f\u0131m sa\u011flar. Ayr\u0131ca havaliman\u0131nda \u00e7ok say\u0131da ara\u00e7 kiralama se\u00e7ene\u011fi de mevcuttur, bu nedenle etrafta dola\u015fmak kolay ve rahatt\u0131r!<\/p>\n<\/div>\n<\/div>\n<\/div>\n\n<div class=\"wp-block-group mx-7 max-w-7xl sm:mx-auto mt-12 is-layout-constrained wp-block-group-is-layout-constrained\">\n<h2 class=\"wp-block-heading\">Chambery&#8217;ye Jet-VIP<\/h2>\n\n\n\n<hr class=\"wp-block-separator has-alpha-channel-opacity\"\/>\n\n\n\n<div class=\"wp-block-group is-content-justification-space-between is-layout-flex wp-container-core-group-is-layout-18 wp-block-group-is-layout-flex\">\n<div class=\"wp-block-group sm:w-1\/5 is-vertical is-layout-flex wp-container-core-group-is-layout-16 wp-block-group-is-layout-flex\">\n<figure class=\"wp-block-image size-full is-style-rounded\"><img decoding=\"async\" width=\"700\" height=\"467\" src=\"https:\/\/test-jetvip.mendo.lv\/app\/uploads\/2023\/03\/chambery.jpg\" alt=\"\" class=\"wp-image-566\" srcset=\"https:\/\/www.jet-vip.com\/app\/uploads\/2023\/03\/chambery.jpg 700w, https:\/\/www.jet-vip.com\/app\/uploads\/2023\/03\/chambery-300x200.jpg 300w\" sizes=\"(max-width: 700px) 100vw, 700px\" \/><\/figure>\n\n\n<div class=\"wp-block-buttons my-8 is-layout-flex wp-block-buttons-is-layout-flex\">\n<div class=\"wp-block-button has-custom-width wp-block-button__width-100\"><a class=\"wp-block-button__link wp-element-button\" href=\"https:\/\/www.jet-vip.com\/flight-search\/\">U\u00e7u\u015f i\u00e7in arama yap\u0131n<\/a><\/div>\n<\/div>\n<\/div>\n\n\n\n<div class=\"wp-block-group sm:w-3\/4 is-vertical is-layout-flex wp-container-core-group-is-layout-17 wp-block-group-is-layout-flex\">\n<p>Chamb\u00e9ry yak\u0131nlar\u0131ndaki Viviers-du-Lac&#8217;ta bulunan Chamb\u00e9ry Savoie Mont Blanc Havaliman\u0131, Frans\u0131z Savoie b\u00f6lgesine hizmet veren m\u00fctevaz\u0131 bir uluslararas\u0131 havaliman\u0131d\u0131r. Chambery Aix Les Bains Havaliman\u0131 daha \u00f6nce Chambery Aix Les Bains Uluslararas\u0131 Havaliman\u0131 olarak bilinmekteydi, ancak \u015fu anda \u00e7o\u011funlukla sezonluk u\u00e7u\u015flar i\u00e7in kullan\u0131lmaktad\u0131r.  <\/p>\n\n\n\n<p>Yo\u011fun k\u0131\u015f kayak sezonu boyunca Chamb\u00e9ry-Savoie Havaliman\u0131&#8217;na \u00e7ok say\u0131da ticari u\u00e7u\u015f ger\u00e7ekle\u015fti\u011finden, Chamb\u00e9ry-Savoie Havaliman\u0131 kompleksi Fransa&#8217;n\u0131n en i\u015flek havalimanlar\u0131ndan biridir.  <\/p>\n\n\n\n<p>Devasa tek terminal binas\u0131, y\u0131ll\u0131k 1 milyon yolcu ak\u0131\u015f\u0131n\u0131 kar\u015f\u0131lamak i\u00e7in 4.600 metrekarelik bir taban alan\u0131na sahiptir. Chamb\u00e9ry-Savoie Havaliman\u0131&#8217;n\u0131n 120 metrekarelik gidi\u015f salonu ve uluslararas\u0131 gelen yolcu salonu saatte 1.300 ki\u015fiyi a\u011f\u0131rlayabilmektedir. Terminal binas\u0131n\u0131n giri\u015finden itibaren yolun di\u011fer taraf\u0131nda toplam 40 otob\u00fcs park yeri ve 300 \u00fccretsiz ara\u00e7 park yeri mevcuttur.  <\/p>\n\n\n\n<p>Chamb\u00e9ry-Savoie Havaliman\u0131&#8217;nda Duty-Free ma\u011fazas\u0131, hediyelik e\u015fya d\u00fckkan\u0131 ve \u00f6\u011fle yeme\u011fi saatlerinde a\u00e7\u0131k olan bir kafe bulunmaktad\u0131r. Havaliman\u0131nda limuzin transferleri ve \u00e7evredeki kayak merkezlerine helikopter u\u00e7u\u015flar\u0131 gibi \u00e7e\u015fitli hizmetler sunan ayr\u0131 bir \u00f6zel jet terminali bulunmaktad\u0131r.<\/p>\n<\/div>\n<\/div>\n<\/div>\n\n<div class=\"wp-block-group mx-7 max-w-7xl sm:mx-auto mt-12 is-layout-constrained wp-block-group-is-layout-constrained\">\n<h2 class=\"wp-block-heading\">Cannes&#8217;a Jet-VIP<\/h2>\n\n\n\n<hr class=\"wp-block-separator has-alpha-channel-opacity\"\/>\n\n\n\n<div class=\"wp-block-group is-content-justification-space-between is-layout-flex wp-container-core-group-is-layout-22 wp-block-group-is-layout-flex\">\n<div class=\"wp-block-group sm:w-1\/5 is-vertical is-layout-flex wp-container-core-group-is-layout-20 wp-block-group-is-layout-flex\">\n<figure class=\"wp-block-image size-full is-style-rounded\"><img decoding=\"async\" width=\"700\" height=\"467\" src=\"https:\/\/test-jetvip.mendo.lv\/app\/uploads\/2023\/03\/cannes.jpg\" alt=\"\" class=\"wp-image-565\" srcset=\"https:\/\/www.jet-vip.com\/app\/uploads\/2023\/03\/cannes.jpg 700w, https:\/\/www.jet-vip.com\/app\/uploads\/2023\/03\/cannes-300x200.jpg 300w\" sizes=\"(max-width: 700px) 100vw, 700px\" \/><\/figure>\n\n\n<div class=\"wp-block-buttons my-8 is-layout-flex wp-block-buttons-is-layout-flex\">\n<div class=\"wp-block-button has-custom-width wp-block-button__width-100\"><a class=\"wp-block-button__link wp-element-button\" href=\"https:\/\/www.jet-vip.com\/flight-search\/\">U\u00e7u\u015f i\u00e7in arama yap\u0131n<\/a><\/div>\n<\/div>\n<\/div>\n\n\n\n<div class=\"wp-block-group sm:w-3\/4 is-vertical is-layout-flex wp-container-core-group-is-layout-21 wp-block-group-is-layout-flex\">\n<p>Cannes Mandelieu Havaliman\u0131, Fransa&#8217;n\u0131n Provence eyaletindeki Cannes \u015fehrine hizmet veren bir genel havac\u0131l\u0131k havaliman\u0131d\u0131r. \u00c7o\u011fu \u00f6zel u\u00e7a\u011f\u0131 bar\u0131nd\u0131rabilecek bir piste sahip olan terminal \u015f\u0131k ve konforludur. Cannes&#8217;\u0131n 5 kilometre bat\u0131s\u0131nda ve Mandelieu-la-Napoule&#8217;un 8 kilometre do\u011fusunda yer alan otel, m\u00fc\u015fteri taleplerine son derece duyarl\u0131 ve her t\u00fcrl\u00fc kolayl\u0131\u011f\u0131 sunan modern bir platforma sahiptir: y\u00fcksek g\u00fcvenlik standartlar\u0131, verimli yolcu ta\u015f\u0131ma, terminal yak\u0131n\u0131nda park olanaklar\u0131, \u00f6zelle\u015ftirilmi\u015f hizmetler ve hem nazik hem de profesyonel olan sofistike bir kar\u015f\u0131lama.  <\/p>\n\n\n\n<p>Cannes-Mandelieu, Cote d&#8217;Azur b\u00f6lgesinde tan\u0131nm\u0131\u015f bir \u00f6zel havaliman\u0131d\u0131r ve Frans\u0131z Rivieras\u0131&#8217;na seyahat eden veya bu b\u00f6lgeden ayr\u0131lan herkes i\u00e7in m\u00fckemmel bir se\u00e7imdir. Cannes, Nice ve Monako&#8217;nun makul bir s\u00fcr\u00fc\u015f mesafesinde olmas\u0131 nedeniyle yak\u0131n b\u00f6lgede g\u00f6r\u00fclecek ve yap\u0131lacak \u00e7ok \u015fey vard\u0131r.  <\/p>\n\n\n\n<p>Cannes Gare Routiere&#8217;e gelen yolcular, her 30 dakikada bir hareket eden #210 numaral\u0131 Ekspres Otob\u00fcs ile \u015fehir merkezine gidebilirler. Cannes ve havaliman\u0131 aras\u0131nda en uygun fiyatl\u0131 ula\u015f\u0131m i\u00e7in Lignes d&#8217;Azur, saatte iki kez sefer yapan ve taksi \u00fccretinden daha ucuza mal olan 200 numaral\u0131 otob\u00fcs\u00fc sunmaktad\u0131r. Ayr\u0131ca taksiler de mevcuttur ve \u00fccretleri kat edilen mesafeye g\u00f6re belirlenmektedir.<\/p>\n<\/div>\n<\/div>\n<\/div>\n\n<div class=\"wp-block-group mx-7 max-w-7xl sm:mx-auto mt-12 is-layout-constrained wp-block-group-is-layout-constrained\">\n<h2 class=\"wp-block-heading\">Saint Tropez&#8217;e Jet-VIP<\/h2>\n\n\n\n<hr class=\"wp-block-separator has-alpha-channel-opacity\"\/>\n\n\n\n<div class=\"wp-block-group is-content-justification-space-between is-layout-flex wp-container-core-group-is-layout-26 wp-block-group-is-layout-flex\">\n<div class=\"wp-block-group sm:w-1\/5 is-vertical is-layout-flex wp-container-core-group-is-layout-24 wp-block-group-is-layout-flex\">\n<figure class=\"wp-block-image size-full is-style-rounded\"><img decoding=\"async\" width=\"700\" height=\"467\" src=\"https:\/\/test-jetvip.mendo.lv\/app\/uploads\/2023\/03\/saint_tropez.jpg\" alt=\"\" class=\"wp-image-563\" srcset=\"https:\/\/www.jet-vip.com\/app\/uploads\/2023\/03\/saint_tropez.jpg 700w, https:\/\/www.jet-vip.com\/app\/uploads\/2023\/03\/saint_tropez-300x200.jpg 300w\" sizes=\"(max-width: 700px) 100vw, 700px\" \/><\/figure>\n\n\n<div class=\"wp-block-buttons my-8 is-layout-flex wp-block-buttons-is-layout-flex\">\n<div class=\"wp-block-button has-custom-width wp-block-button__width-100\"><a class=\"wp-block-button__link wp-element-button\" href=\"https:\/\/www.jet-vip.com\/flight-search\/\">U\u00e7u\u015f i\u00e7in arama yap\u0131n<\/a><\/div>\n<\/div>\n<\/div>\n\n\n\n<div class=\"wp-block-group sm:w-3\/4 is-vertical is-layout-flex wp-container-core-group-is-layout-25 wp-block-group-is-layout-flex\">\n<p>La M\u00f4le havaalan\u0131 Frans\u0131z Rivieras\u0131&#8217;nda, tatil kasabas\u0131 Saint-Tropez&#8217;in 15 kilometre g\u00fcneybat\u0131s\u0131nda yer almaktad\u0131r. Avrupa&#8217;n\u0131n \u00fcnl\u00fc ve \u015f\u0131k yaz tatili destinasyonlar\u0131ndan biri olan Saint-Tropez mutlaka g\u00f6r\u00fclmesi gereken bir yerdir.  <\/p>\n\n\n\n<p>Saint-Tropez K\u00f6rfezi ve Calalaire-sur-Mer&#8217;e yak\u0131nl\u0131\u011f\u0131 nedeniyle Saint-Tropez&#8217;deki La M\u00f4le Havaliman\u0131 b\u00f6lgeye gelen ziyaret\u00e7iler i\u00e7in pop\u00fcler bir tercihtir. Saint Tropez&#8217;in La Mole Havaalan\u0131 ile \u015fehir merkezi aras\u0131nda sadece 20 dakikal\u0131k s\u00fcr\u00fc\u015f mesafesi vard\u0131r. Sonu\u00e7 olarak, yar\u0131madan\u0131n eri\u015filebilirli\u011fi \u00fczerinde do\u011frudan bir etkiye sahiptir. Her y\u0131l binlerce yolcu ta\u015f\u0131yan 10.000 sefer i\u00e7in 5.000&#8217;den fazla u\u00e7ak havaliman\u0131n\u0131 ziyaret etmektedir.  <\/p>\n\n\n\n<p>\u00d6zel olarak u\u00e7arken, Saint-Tropez La M\u00f4le havaalan\u0131nda \u00f6zel bir \u00f6zel jet terminali (FBO) bulunmaktad\u0131r. Hafif jetler ve turboprop u\u00e7aklar\u0131n yan\u0131 s\u0131ra havaliman\u0131 helikopterler aras\u0131nda da pop\u00fclerdir. Dar pist nedeniyle daha b\u00fcy\u00fck u\u00e7aklar ini\u015f yapamamaktad\u0131r, bu nedenle havaalan\u0131 esas olarak \u00f6zel ve i\u015f u\u00e7u\u015flar\u0131 i\u00e7in kullan\u0131lan daha k\u00fc\u00e7\u00fck jetlere hitap etmektedir.  <\/p>\n\n\n\n<p>Havaliman\u0131, i\u015f ama\u00e7l\u0131 havac\u0131l\u0131k u\u00e7u\u015flar\u0131 i\u00e7in idealdir. Zarif tesisler, ki\u015fiselle\u015ftirilmi\u015f hizmet ve m\u00fc\u015fterilere ve u\u00e7u\u015f g\u00f6revlilerine misafirperverlik ve yard\u0131m s\u00f6z konusu oldu\u011funda yukar\u0131da ve \u00f6teye giden bir ekip, bu havaliman\u0131n\u0131n ay\u0131rt edici \u00f6zellikleridir.<\/p>\n<\/div>\n<\/div>\n<\/div>\n\n<div class=\"wp-block-group mx-7 max-w-7xl sm:mx-auto mt-12 is-layout-constrained wp-block-group-is-layout-constrained\">\n<h2 class=\"wp-block-heading\">Lyon&#8217;a Jet-VIP<\/h2>\n\n\n\n<hr class=\"wp-block-separator has-alpha-channel-opacity\"\/>\n\n\n\n<div class=\"wp-block-group is-content-justification-space-between is-layout-flex wp-container-core-group-is-layout-30 wp-block-group-is-layout-flex\">\n<div class=\"wp-block-group sm:w-1\/5 is-vertical is-layout-flex wp-container-core-group-is-layout-28 wp-block-group-is-layout-flex\">\n<figure class=\"wp-block-image size-full is-style-rounded\"><img decoding=\"async\" width=\"331\" height=\"248\" src=\"https:\/\/test-jetvip.mendo.lv\/app\/uploads\/2023\/03\/lyon-edited.jpg\" alt=\"\" class=\"wp-image-591\" srcset=\"https:\/\/www.jet-vip.com\/app\/uploads\/2023\/03\/lyon-edited.jpg 331w, https:\/\/www.jet-vip.com\/app\/uploads\/2023\/03\/lyon-edited-300x225.jpg 300w\" sizes=\"(max-width: 331px) 100vw, 331px\" \/><\/figure>\n\n\n<div class=\"wp-block-buttons my-8 is-layout-flex wp-block-buttons-is-layout-flex\">\n<div class=\"wp-block-button has-custom-width wp-block-button__width-100\"><a class=\"wp-block-button__link wp-element-button\" href=\"https:\/\/www.jet-vip.com\/flight-search\/\">U\u00e7u\u015f i\u00e7in arama yap\u0131n<\/a><\/div>\n<\/div>\n<\/div>\n\n\n\n<div class=\"wp-block-group sm:w-3\/4 is-vertical is-layout-flex wp-container-core-group-is-layout-29 wp-block-group-is-layout-flex\">\n<p>Daha \u00f6nce Lyon-Satolas Havaliman\u0131 olarak da bilinen Lyon-Saint Exup\u00e9ry Havaliman\u0131, Fransa&#8217;da bulunan b\u00fcy\u00fck bir uluslararas\u0131 havaliman\u0131d\u0131r. Fransa&#8217;n\u0131n en i\u015flek d\u00f6rd\u00fcnc\u00fc havaliman\u0131 olan Lyon-Saint Exup\u00e9ry Havaliman\u0131, \u015fehir merkezine 25 km mesafede yer almakta ve 100&#8217;den fazla farkl\u0131 g\u00fczergahta y\u0131lda yakla\u015f\u0131k 8 milyon yolcuya hizmet vermektedir.  <\/p>\n\n\n\n<p>\u0130ki Kyriad oteli ve bir NH oteli, havaliman\u0131n\u0131n geni\u015f perakende alan\u0131nda Terminal 1&#8217;in biti\u015fi\u011finde yer almakta olup, uzun aktarmalar s\u0131ras\u0131nda biraz dinlenmeyi kolayla\u015ft\u0131rmaktad\u0131r.  <\/p>\n\n\n\n<p>Lyon-Saint Exup\u00e9ry Havaliman\u0131&#8217;nda \u00fc\u00e7 terminal, 1.000 metrekarelik bir i\u015f merkezi ve 10.000 ara\u00e7l\u0131k otopark bulunmaktad\u0131r. Lyon Saint-Exup\u00e9ry Havaliman\u0131&#8217;na u\u00e7man\u0131n bir di\u011fer avantaj\u0131 da kendi tren istasyonuna (Gare de Lyon Saint-Exup\u00e9ry TGV) sahip olmas\u0131d\u0131r.  <\/p>\n\n\n\n<p>Rh\u00f4nexpress tramvay\u0131 ve taksiler sizi Lyon&#8217;un kalbine g\u00f6t\u00fcrebilir. Tramvay hizmeti, TGV h\u0131zl\u0131 trenleri, otob\u00fcsler, taksiler veya motosikletler Lyon-Saint Exup\u00e9ry Havaliman\u0131&#8217;nda yolcular\u0131n kullanabilece\u011fi ula\u015f\u0131m ara\u00e7lar\u0131 aras\u0131ndad\u0131r. Havaliman\u0131nda ara\u00e7 kiralama firmalar\u0131 da bulunmaktad\u0131r. Lyon-Saint Exup\u00e9ry Havaliman\u0131&#8217;ndan, b\u00f6lgedeki 40 kayak pistinden herhangi birine otob\u00fcsle gidebilirsiniz. Bu geni\u015f seyahat se\u00e7enekleri yelpazesi, bu havaliman\u0131n\u0131 u\u00e7mak i\u00e7in m\u00fckemmel bir yer haline getirmektedir.<\/p>\n<\/div>\n<\/div>\n<\/div>\n\n<div class=\"wp-block-group mx-7 max-w-7xl sm:mx-auto mt-12 is-layout-constrained wp-block-group-is-layout-constrained\">\n<h2 class=\"wp-block-heading\">Courchevel&#8217;e Jet-VIP<\/h2>\n\n\n\n<hr class=\"wp-block-separator has-alpha-channel-opacity\"\/>\n\n\n\n<div class=\"wp-block-group is-content-justification-space-between is-layout-flex wp-container-core-group-is-layout-34 wp-block-group-is-layout-flex\">\n<div class=\"wp-block-group sm:w-1\/5 is-vertical is-layout-flex wp-container-core-group-is-layout-32 wp-block-group-is-layout-flex\">\n<figure class=\"wp-block-image size-full is-style-rounded\"><img decoding=\"async\" width=\"700\" height=\"466\" src=\"https:\/\/test-jetvip.mendo.lv\/app\/uploads\/2023\/03\/courchevel.jpg\" alt=\"\" class=\"wp-image-567\" srcset=\"https:\/\/www.jet-vip.com\/app\/uploads\/2023\/03\/courchevel.jpg 700w, https:\/\/www.jet-vip.com\/app\/uploads\/2023\/03\/courchevel-300x200.jpg 300w\" sizes=\"(max-width: 700px) 100vw, 700px\" \/><\/figure>\n\n\n<div class=\"wp-block-buttons my-8 is-layout-flex wp-block-buttons-is-layout-flex\">\n<div class=\"wp-block-button has-custom-width wp-block-button__width-100\"><a class=\"wp-block-button__link wp-element-button\" href=\"https:\/\/www.jet-vip.com\/flight-search\/\">U\u00e7u\u015f i\u00e7in arama yap\u0131n<\/a><\/div>\n<\/div>\n<\/div>\n\n\n\n<div class=\"wp-block-group sm:w-3\/4 is-vertical is-layout-flex wp-container-core-group-is-layout-33 wp-block-group-is-layout-flex\">\n<p>Courchevel Altiport, Frans\u0131z Alpleri&#8217;ndeki Courchevel kayak merkezine hizmet veren bir altiporttur. Pist sadece 540 metre uzunlu\u011fundad\u0131r. Deniz seviyesinden 7000 feet y\u00fckseklik, u\u00e7aca\u011f\u0131n\u0131z irtifad\u0131r. Pistin yukar\u0131 do\u011fru y\u00fczde 18,5&#8217;lik bir e\u011fime sahip olmas\u0131 nedeniyle etraf\u0131ndan dola\u015fmak bir se\u00e7enek de\u011fildir.  <\/p>\n\n\n\n<p>Courchevel Havaalan\u0131, kolayl\u0131kla korkuya kap\u0131lanlar i\u00e7in de\u011fildir. Frans\u0131z havaalan\u0131 haritas\u0131na g\u00f6re, belirlenmi\u015f bir \u00e7arp\u0131\u015fma alan\u0131 bile var, bu da u\u00e7a\u011f\u0131n\u0131z\u0131 d\u00fc\u015f\u00fcrmeniz gerekiyorsa, ideal olarak bunu ba\u015fka bir yerden ziyade orada yapman\u0131z gerekti\u011fi anlam\u0131na geliyor.  <\/p>\n\n\n\n<p>Zorlu yakla\u015fma, dik pist ve yak\u0131ndaki kayak pistleri nedeniyle bu havaalan\u0131 \u00e7ok tehlikeli olarak s\u0131n\u0131fland\u0131r\u0131lm\u0131\u015ft\u0131r. Bu havaliman\u0131 History Channel&#8217;da yay\u0131nlanan Most Extreme Airports program\u0131nda d\u00fcnyan\u0131n en tehlikeli yedinci havaliman\u0131 olarak g\u00f6sterilmektedir.<\/p>\n<\/div>\n<\/div>\n<\/div>\n\n<div class=\"wp-block-group mx-7 max-w-7xl sm:mx-auto mt-12 is-layout-constrained wp-block-group-is-layout-constrained\">\n<h2 class=\"wp-block-heading\">Mevcut havaalanlar\u0131<\/h2>\n\n\n\n<hr class=\"wp-block-separator has-alpha-channel-opacity\"\/>\n\n\n\n<div class=\"wp-block-buttons my-8 button-flex-group is-layout-flex wp-block-buttons-is-layout-flex\">\n<div class=\"wp-block-button has-custom-width wp-block-button__width-100 has-custom-font-size has-lg-font-size\"><a class=\"wp-block-button__link wp-element-button\" href=\"https:\/\/www.jet-vip.com\/flight-search\/\">Paris-Le Bourget Havaliman\u0131<\/a><\/div>\n\n\n\n<div class=\"wp-block-button has-custom-width wp-block-button__width-100 has-custom-font-size has-lg-font-size\"><a class=\"wp-block-button__link wp-element-button\" href=\"https:\/\/www.jet-vip.com\/flight-search\/\">Cannes Mandelieu Havaliman\u0131<\/a><\/div>\n\n\n\n<div class=\"wp-block-button has-custom-width wp-block-button__width-100 has-custom-font-size has-lg-font-size\"><a class=\"wp-block-button__link wp-element-button\" href=\"https:\/\/www.jet-vip.com\/flight-search\/\">Courchevel Havaliman\u0131<\/a><\/div>\n\n\n\n<div class=\"wp-block-button has-custom-width wp-block-button__width-100 has-custom-font-size has-lg-font-size\"><a class=\"wp-block-button__link wp-element-button\" href=\"https:\/\/www.jet-vip.com\/flight-search\/\">Bordeaux-M\u00e9rignac Havaliman\u0131<\/a><\/div>\n\n\n\n<div class=\"wp-block-button has-custom-width wp-block-button__width-100 has-custom-font-size has-lg-font-size\"><a class=\"wp-block-button__link wp-element-button\" href=\"https:\/\/www.jet-vip.com\/flight-search\/\">La M\u00f4le Havaliman\u0131<\/a><\/div>\n\n\n\n<div class=\"wp-block-button has-custom-width wp-block-button__width-100 has-custom-font-size has-lg-font-size\"><a class=\"wp-block-button__link wp-element-button\" href=\"https:\/\/www.jet-vip.com\/flight-search\/\">Nice C\u00f4te d&#8217;Azur Havaliman\u0131<\/a><\/div>\n\n\n\n<div class=\"wp-block-button has-custom-width wp-block-button__width-100 has-custom-font-size has-lg-font-size\"><a class=\"wp-block-button__link wp-element-button\">  Chamb\u00e9ry Savoie Mont Blanc Havaliman\u0131<\/a><\/div>\n\n\n\n<div class=\"wp-block-button has-custom-width wp-block-button__width-100 has-custom-font-size has-lg-font-size\"><a class=\"wp-block-button__link wp-element-button\" href=\"https:\/\/www.jet-vip.com\/flight-search\/\">Lyon-Saint Exup\u00e9ry Havaliman\u0131<\/a><\/div>\n<\/div>\n<\/div>\n\n<div class=\"wp-block-group mx-7 max-w-7xl sm:mx-auto mt-12 is-layout-constrained wp-block-group-is-layout-constrained\">\n<h2 class=\"wp-block-heading\">Ziyaret edilecek di\u011fer harika yerler<\/h2>\n\n\n\n<div class=\"wp-block-group container-cover-buttons is-horizontal is-content-justification-left is-layout-flex wp-container-core-group-is-layout-37 wp-block-group-is-layout-flex\">\n<div class=\"wp-block-cover\"><span aria-hidden=\"true\" class=\"wp-block-cover__background has-transparent-background-color has-background-dim-40 has-background-dim\"><\/span><img decoding=\"async\" width=\"305\" height=\"157\" class=\"wp-block-cover__image-background wp-image-61\" alt=\"\" src=\"http:\/\/www.jet-vip.com\/app\/uploads\/2022\/12\/Greece.png\" data-object-fit=\"cover\" srcset=\"https:\/\/www.jet-vip.com\/app\/uploads\/2022\/12\/Greece.png 305w, https:\/\/www.jet-vip.com\/app\/uploads\/2022\/12\/Greece-300x154.png 300w\" sizes=\"(max-width: 305px) 100vw, 305px\" \/><div class=\"wp-block-cover__inner-container is-layout-flow wp-block-cover-is-layout-flow\">\n<p class=\"has-text-align-center\"><a data-type=\"page\" data-id=\"260\" href=\"https:\/\/www.jet-vip.com\/destinations\/greece\/\">Greece<\/a><\/p>\n\n\n\n<div class=\"wp-block-buttons is-layout-flex wp-block-buttons-is-layout-flex\">\n<div class=\"wp-block-button\"><a class=\"wp-block-button__link wp-element-button\" href=\"https:\/\/www.jet-vip.com\/destinations\/greece\/\">Find out more<\/a><\/div>\n<\/div>\n<\/div><\/div>\n\n\n\n<div class=\"wp-block-cover\"><span aria-hidden=\"true\" class=\"wp-block-cover__background has-transparent-background-color has-background-dim\"><\/span><img decoding=\"async\" width=\"304\" height=\"157\" class=\"wp-block-cover__image-background wp-image-64\" alt=\"\" src=\"http:\/\/www.jet-vip.com\/app\/uploads\/2022\/12\/Germany.png\" data-object-fit=\"cover\" srcset=\"https:\/\/www.jet-vip.com\/app\/uploads\/2022\/12\/Germany.png 304w, https:\/\/www.jet-vip.com\/app\/uploads\/2022\/12\/Germany-300x155.png 300w\" sizes=\"(max-width: 304px) 100vw, 304px\" \/><div class=\"wp-block-cover__inner-container is-layout-flow wp-block-cover-is-layout-flow\">\n<p class=\"has-text-align-center has-large-font-size\"><a data-type=\"page\" data-id=\"209\" href=\"https:\/\/www.jet-vip.com\/destinations\/germany\/\">Germany<\/a><\/p>\n\n\n\n<div class=\"wp-block-buttons is-layout-flex wp-block-buttons-is-layout-flex\">\n<div class=\"wp-block-button\"><a class=\"wp-block-button__link wp-element-button\" href=\"https:\/\/www.jet-vip.com\/destinations\/germany\/\" target=\"_blank\" rel=\"noreferrer noopener\">Find out more<\/a><\/div>\n<\/div>\n<\/div><\/div>\n\n\n\n<div class=\"wp-block-cover is-light\"><span aria-hidden=\"true\" class=\"wp-block-cover__background has-transparent-background-color has-background-dim-0 has-background-dim\"><\/span><img decoding=\"async\" width=\"304\" height=\"157\" class=\"wp-block-cover__image-background wp-image-66\" alt=\"\" src=\"http:\/\/www.jet-vip.com\/app\/uploads\/2022\/12\/Italy-1.png\" data-object-fit=\"cover\" srcset=\"https:\/\/www.jet-vip.com\/app\/uploads\/2022\/12\/Italy-1.png 304w, https:\/\/www.jet-vip.com\/app\/uploads\/2022\/12\/Italy-1-300x155.png 300w\" sizes=\"(max-width: 304px) 100vw, 304px\" \/><div class=\"wp-block-cover__inner-container is-layout-flow wp-block-cover-is-layout-flow\">\n<p class=\"has-text-align-center has-large-font-size\"><a data-type=\"page\" data-id=\"176\" href=\"https:\/\/www.jet-vip.com\/destinations\/italy\/\">Italy<\/a><\/p>\n\n\n\n<div class=\"wp-block-buttons is-layout-flex wp-block-buttons-is-layout-flex\">\n<div class=\"wp-block-button\"><a class=\"wp-block-button__link wp-element-button\" href=\"https:\/\/www.jet-vip.com\/destinations\/italy\/\">Find out more<\/a><\/div>\n<\/div>\n<\/div><\/div>\n\n\n\n<div class=\"wp-block-cover is-light\"><span aria-hidden=\"true\" class=\"wp-block-cover__background has-transparent-background-color has-background-dim\"><\/span><img decoding=\"async\" width=\"305\" height=\"157\" class=\"wp-block-cover__image-background wp-image-67\" alt=\"\" src=\"http:\/\/www.jet-vip.com\/app\/uploads\/2022\/12\/Russia.png\" data-object-fit=\"cover\" srcset=\"https:\/\/www.jet-vip.com\/app\/uploads\/2022\/12\/Russia.png 305w, https:\/\/www.jet-vip.com\/app\/uploads\/2022\/12\/Russia-300x154.png 300w\" sizes=\"(max-width: 305px) 100vw, 305px\" \/><div class=\"wp-block-cover__inner-container is-layout-flow wp-block-cover-is-layout-flow\">\n<p class=\"has-text-align-center has-large-font-size\"><a href=\"#ru\">Russia<\/a><\/p>\n\n\n\n<div class=\"wp-block-buttons is-layout-flex wp-block-buttons-is-layout-flex\">\n<div class=\"wp-block-button\"><a class=\"wp-block-button__link wp-element-button\">Find out more<\/a><\/div>\n<\/div>\n<\/div><\/div>\n\n\n\n<div class=\"wp-block-cover is-light\"><span aria-hidden=\"true\" class=\"wp-block-cover__background has-transparent-background-color has-background-dim\"><\/span><img decoding=\"async\" width=\"305\" height=\"157\" class=\"wp-block-cover__image-background wp-image-68\" alt=\"\" src=\"http:\/\/www.jet-vip.com\/app\/uploads\/2022\/12\/Spain.png\" data-object-fit=\"cover\" srcset=\"https:\/\/www.jet-vip.com\/app\/uploads\/2022\/12\/Spain.png 305w, https:\/\/www.jet-vip.com\/app\/uploads\/2022\/12\/Spain-300x154.png 300w\" sizes=\"(max-width: 305px) 100vw, 305px\" \/><div class=\"wp-block-cover__inner-container is-layout-flow wp-block-cover-is-layout-flow\">\n<p class=\"has-text-align-center has-large-font-size\"><a href=\"#es\">Spain<\/a><\/p>\n\n\n\n<div class=\"wp-block-buttons is-layout-flex wp-block-buttons-is-layout-flex\">\n<div class=\"wp-block-button\"><a class=\"wp-block-button__link wp-element-button\">Find out more<\/a><\/div>\n<\/div>\n<\/div><\/div>\n\n\n\n<div class=\"wp-block-cover is-light\"><span aria-hidden=\"true\" class=\"wp-block-cover__background has-transparent-background-color has-background-dim\"><\/span><img decoding=\"async\" width=\"304\" height=\"157\" class=\"wp-block-cover__image-background wp-image-76\" alt=\"\" src=\"http:\/\/www.jet-vip.com\/app\/uploads\/2022\/12\/UK.png\" data-object-fit=\"cover\" srcset=\"https:\/\/www.jet-vip.com\/app\/uploads\/2022\/12\/UK.png 304w, https:\/\/www.jet-vip.com\/app\/uploads\/2022\/12\/UK-300x155.png 300w\" sizes=\"(max-width: 304px) 100vw, 304px\" \/><div class=\"wp-block-cover__inner-container is-layout-flow wp-block-cover-is-layout-flow\">\n<p class=\"has-text-align-center has-large-font-size\"><a data-type=\"page\" data-id=\"381\" href=\"https:\/\/www.jet-vip.com\/destinations\/united-kingdom\/\">U-K<\/a><\/p>\n\n\n\n<div class=\"wp-block-buttons is-layout-flex wp-block-buttons-is-layout-flex\">\n<div class=\"wp-block-button\"><a class=\"wp-block-button__link wp-element-button\" href=\"https:\/\/www.jet-vip.com\/destinations\/united-kingdom\/\">Find out more<\/a><\/div>\n<\/div>\n<\/div><\/div>\n\n\n\n<div class=\"wp-block-cover is-light\"><span aria-hidden=\"true\" class=\"wp-block-cover__background has-transparent-background-color has-background-dim\"><\/span><img decoding=\"async\" width=\"305\" height=\"157\" class=\"wp-block-cover__image-background wp-image-77\" alt=\"\" src=\"http:\/\/www.jet-vip.com\/app\/uploads\/2022\/12\/USA.png\" data-object-fit=\"cover\" srcset=\"https:\/\/www.jet-vip.com\/app\/uploads\/2022\/12\/USA.png 305w, https:\/\/www.jet-vip.com\/app\/uploads\/2022\/12\/USA-300x154.png 300w\" sizes=\"(max-width: 305px) 100vw, 305px\" \/><div class=\"wp-block-cover__inner-container is-layout-flow wp-block-cover-is-layout-flow\">\n<p class=\"has-text-align-center has-large-font-size\"><a href=\"https:\/\/www.jet-vip.com\/destinations\/usa\/\" data-type=\"page\" data-id=\"400\">USA<\/a><\/p>\n\n\n\n<div class=\"wp-block-buttons is-layout-flex wp-block-buttons-is-layout-flex\">\n<div class=\"wp-block-button\"><a class=\"wp-block-button__link wp-element-button\" href=\"https:\/\/www.jet-vip.com\/destinations\/usa\/\">Find out more<\/a><\/div>\n<\/div>\n<\/div><\/div>\n<\/div>\n<\/div>\n\n<div class=\"wp-block-group container-white-rounded-corner mt-20 is-layout-flow wp-block-group-is-layout-flow\">\n<div class=\"wp-block-group mx-7 max-w-7xl sm:mx-auto mt-12 is-layout-flow wp-block-group-is-layout-flow\">\n<div class=\"wp-block-group header-text-container bg-white pt-8 is-layout-constrained wp-block-group-is-layout-constrained\">\n<div class=\"wp-block-group block-header-container is-vertical is-layout-flex wp-container-core-group-is-layout-39 wp-block-group-is-layout-flex\">\n<h2 class=\"wp-block-heading\" id=\"h-learn-more\">Learn more<\/h2>\n\n\n\n<hr class=\"wp-block-separator has-alpha-channel-opacity\"\/>\n\n\n\n<p>We know that your flight needs may be different, so we adapt to provide various kinds of <a href=\"https:\/\/diamondproblemsolver.org\/\">diamond solver<\/a>:<\/p>\n<\/div>\n\n\n\n<div class=\"wp-block-group is-vertical is-layout-flex wp-container-core-group-is-layout-41 wp-block-group-is-layout-flex\">\n<h4 class=\"wp-block-heading\" id=\"h-fleet\">Fleet<\/h4>\n\n\n\n<div class=\"wp-block-group is-nowrap is-layout-flex wp-container-core-group-is-layout-40 wp-block-group-is-layout-flex\">\n<p>Our expert team can find the best available price for your private jet hire on the most suitable private aircraft<\/p>\n\n\n\n<p><a href=\"https:\/\/www.jet-vip.com\/our-fleet\/\">More info<\/a><\/p>\n<\/div>\n<\/div>\n\n\n\n<div class=\"wp-block-group is-vertical is-layout-flex wp-container-core-group-is-layout-43 wp-block-group-is-layout-flex\">\n<h4 class=\"wp-block-heading\" id=\"h-destinations\">Destinations<\/h4>\n\n\n\n<div class=\"wp-block-group is-nowrap is-layout-flex wp-container-core-group-is-layout-42 wp-block-group-is-layout-flex\">\n<p>Discover the most requested destinations for your private jet trip<\/p>\n\n\n\n<p><a href=\"https:\/\/www.jet-vip.com\/destinations\/\" data-type=\"page\" data-id=\"122\">More info<\/a><\/p>\n<\/div>\n<\/div>\n\n\n\n<div class=\"wp-block-group is-vertical is-layout-flex wp-container-core-group-is-layout-45 wp-block-group-is-layout-flex\">\n<h4 class=\"wp-block-heading\" id=\"h-frequently-asked-questions\">Frequently Asked Questions<\/h4>\n\n\n\n<div class=\"wp-block-group is-nowrap is-layout-flex wp-container-core-group-is-layout-44 wp-block-group-is-layout-flex\">\n<p>You have a question? <br>We have the answer !<\/p>\n\n\n\n<p><a href=\"https:\/\/www.jet-vip.com\/frequently-asked-questions\/\" data-type=\"page\" data-id=\"417\">More info<\/a><\/p>\n<\/div>\n<\/div>\n\n\n\n<div class=\"wp-block-group is-vertical is-layout-flex wp-container-core-group-is-layout-47 wp-block-group-is-layout-flex\">\n<h4 class=\"wp-block-heading\" id=\"h-medical-flights\">Medical Flights<\/h4>\n\n\n\n<div class=\"wp-block-group is-nowrap is-layout-flex wp-container-core-group-is-layout-46 wp-block-group-is-layout-flex\">\n<p>In case you need to book a jet for your special occasion or business look no further!<\/p>\n\n\n\n<p><a href=\"https:\/\/www.jet-vip.com\/ambulance-flights\/\" data-type=\"page\" data-id=\"1184\">More info<\/a><\/p>\n<\/div>\n<\/div>\n\n\n\n<div class=\"wp-block-group is-vertical is-layout-flex wp-container-core-group-is-layout-49 wp-block-group-is-layout-flex\">\n<h4 class=\"wp-block-heading\" id=\"h-safety\">Safety<\/h4>\n\n\n\n<div class=\"wp-block-group is-nowrap is-layout-flex wp-container-core-group-is-layout-48 wp-block-group-is-layout-flex\">\n<p>Safety in private aviation is our most important concern. Safety has always been the priority of Jet-Vip<\/p>\n\n\n\n<p><a href=\"https:\/\/www.jet-vip.com\/safety-at-jet-vip\/\" data-type=\"page\" data-id=\"762\">More info<\/a><\/p>\n<\/div>\n<\/div>\n\n\n\n<div class=\"wp-block-group is-vertical is-layout-flex wp-container-core-group-is-layout-51 wp-block-group-is-layout-flex\">\n<h4 class=\"wp-block-heading\" id=\"h-empty-legs\">Empty legs<\/h4>\n\n\n\n<div class=\"wp-block-group is-nowrap is-layout-flex wp-container-core-group-is-layout-50 wp-block-group-is-layout-flex\">\n<p>Chartering an empty leg flight is an opportunity to save up to 50% on your private jet flight price<\/p>\n\n\n\n<p><a href=\"https:\/\/www.jet-vip.com\/empty-leg-flights-with-jet-vip\/\" data-type=\"page\" data-id=\"446\">More info<\/a><\/p>\n<\/div>\n<\/div>\n<\/div>\n<\/div>\n<\/div>\n\n<div class=\"wp-block-group container-rounded-bottom-left -mt-10 white is-layout-constrained wp-block-group-is-layout-constrained\"><\/div>\n","protected":false},"excerpt":{"rendered":"<p>Fransa, hayat\u0131n\u0131z\u0131n geri kalan\u0131 boyunca geri d\u00f6nmeye devam eden bir r\u00fcya&#8230; Fransa&#8217;y\u0131 ziyaret etmek pek \u00e7ok ki\u015finin \u00f6lmeden \u00f6nce yap\u0131lacaklar listesinin en ba\u015f\u0131nda yer al\u0131r. Fransa, Paris&#8217;in \u0131\u015f\u0131lt\u0131s\u0131 ve cazibesinden k\u0131rsal kesimin sakinli\u011fine kadar her \u015feyi kapsayan, d\u00fcnyan\u0131n en g\u00f6zde ve pop\u00fcler turistik noktalar\u0131ndan biridir. Fransa, her y\u0131l \u00fclkeyi ziyaret eden 80 milyondan fazla ki\u015fi &hellip; <a href=\"https:\/\/www.jet-vip.com\/tr\/destinasyonlar\/fransa\/\">Continued<\/a><\/p>\n","protected":false},"author":2,"featured_media":2965,"parent":3592,"menu_order":0,"comment_status":"closed","ping_status":"closed","template":"","meta":{"footnotes":""},"class_list":["post-3594","page","type-page","status-publish","has-post-thumbnail","hentry"],"yoast_head":"<!-- This site is optimized with the Yoast SEO Premium plugin v23.9 (Yoast SEO v23.9) - https:\/\/yoast.com\/wordpress\/plugins\/seo\/ -->\n<title>Fransa | Fransa&#039;n\u0131n Destinasyonlar\u0131n\u0131n B\u00fcy\u00fcleyici G\u00fczelli\u011fini Ke\u015ffedin<\/title>\n<meta name=\"description\" content=\"Paris, Nice, Bordeaux, Cannes, Saint Tropez, Lyon veya Courchevel&#039;e \u00f6zel jet u\u00e7u\u015funuzu ay\u0131rt\u0131n ve Fransa&#039;n\u0131n g\u00fczelli\u011fini ya\u015fay\u0131n.\" \/>\n<meta name=\"robots\" content=\"index, follow, max-snippet:-1, max-image-preview:large, max-video-preview:-1\" \/>\n<link rel=\"canonical\" href=\"https:\/\/www.jet-vip.com\/tr\/destinasyonlar\/fransa\/\" \/>\n<meta property=\"og:locale\" content=\"tr_TR\" \/>\n<meta property=\"og:type\" content=\"article\" \/>\n<meta property=\"og:title\" content=\"Fransa | Fransa&#039;n\u0131n Destinasyonlar\u0131n\u0131n B\u00fcy\u00fcleyici G\u00fczelli\u011fini Ke\u015ffedin\" \/>\n<meta property=\"og:description\" content=\"Paris, Nice, Bordeaux, Cannes, Saint Tropez, Lyon veya Courchevel&#039;e \u00f6zel jet u\u00e7u\u015funuzu ay\u0131rt\u0131n ve Fransa&#039;n\u0131n g\u00fczelli\u011fini ya\u015fay\u0131n.\" \/>\n<meta property=\"og:url\" content=\"https:\/\/www.jet-vip.com\/tr\/destinasyonlar\/fransa\/\" \/>\n<meta property=\"og:site_name\" content=\"Jet VIP\" \/>\n<meta property=\"article:modified_time\" content=\"2024-11-24T08:51:28+00:00\" \/>\n<meta property=\"og:image\" content=\"https:\/\/www.jet-vip.com\/app\/uploads\/2023\/03\/france_header.jpg\" \/>\n\t<meta property=\"og:image:width\" content=\"1920\" \/>\n\t<meta property=\"og:image:height\" content=\"788\" \/>\n\t<meta property=\"og:image:type\" content=\"image\/jpeg\" \/>\n<meta name=\"twitter:card\" content=\"summary_large_image\" \/>\n<meta name=\"twitter:label1\" content=\"Est. reading time\" \/>\n\t<meta name=\"twitter:data1\" content=\"29 minutes\" \/>\n<!-- \/ Yoast SEO Premium plugin. -->","yoast_head_json":{"title":"Fransa | Fransa'n\u0131n Destinasyonlar\u0131n\u0131n B\u00fcy\u00fcleyici G\u00fczelli\u011fini Ke\u015ffedin","description":"Paris, Nice, Bordeaux, Cannes, Saint Tropez, Lyon veya Courchevel'e \u00f6zel jet u\u00e7u\u015funuzu ay\u0131rt\u0131n ve Fransa'n\u0131n g\u00fczelli\u011fini ya\u015fay\u0131n.","robots":{"index":"index","follow":"follow","max-snippet":"max-snippet:-1","max-image-preview":"max-image-preview:large","max-video-preview":"max-video-preview:-1"},"canonical":"https:\/\/www.jet-vip.com\/tr\/destinasyonlar\/fransa\/","og_locale":"tr_TR","og_type":"article","og_title":"Fransa | Fransa'n\u0131n Destinasyonlar\u0131n\u0131n B\u00fcy\u00fcleyici G\u00fczelli\u011fini Ke\u015ffedin","og_description":"Paris, Nice, Bordeaux, Cannes, Saint Tropez, Lyon veya Courchevel'e \u00f6zel jet u\u00e7u\u015funuzu ay\u0131rt\u0131n ve Fransa'n\u0131n g\u00fczelli\u011fini ya\u015fay\u0131n.","og_url":"https:\/\/www.jet-vip.com\/tr\/destinasyonlar\/fransa\/","og_site_name":"Jet VIP","article_modified_time":"2024-11-24T08:51:28+00:00","og_image":[{"width":1920,"height":788,"url":"https:\/\/www.jet-vip.com\/app\/uploads\/2023\/03\/france_header.jpg","type":"image\/jpeg"}],"twitter_card":"summary_large_image","twitter_misc":{"Est. reading time":"29 minutes"},"schema":{"@context":"https:\/\/schema.org","@graph":[{"@type":"WebPage","@id":"https:\/\/www.jet-vip.com\/tr\/destinasyonlar\/fransa\/","url":"https:\/\/www.jet-vip.com\/tr\/destinasyonlar\/fransa\/","name":"Fransa | Fransa'n\u0131n Destinasyonlar\u0131n\u0131n B\u00fcy\u00fcleyici G\u00fczelli\u011fini Ke\u015ffedin","isPartOf":{"@id":"https:\/\/www.jet-vip.com\/tr\/#website"},"primaryImageOfPage":{"@id":"https:\/\/www.jet-vip.com\/tr\/destinasyonlar\/fransa\/#primaryimage"},"image":{"@id":"https:\/\/www.jet-vip.com\/tr\/destinasyonlar\/fransa\/#primaryimage"},"thumbnailUrl":"https:\/\/www.jet-vip.com\/app\/uploads\/2023\/03\/france_header.jpg","datePublished":"2023-01-03T12:47:38+00:00","dateModified":"2024-11-24T08:51:28+00:00","description":"Paris, Nice, Bordeaux, Cannes, Saint Tropez, Lyon veya Courchevel'e \u00f6zel jet u\u00e7u\u015funuzu ay\u0131rt\u0131n ve Fransa'n\u0131n g\u00fczelli\u011fini ya\u015fay\u0131n.","breadcrumb":{"@id":"https:\/\/www.jet-vip.com\/tr\/destinasyonlar\/fransa\/#breadcrumb"},"inLanguage":"tr-TR","potentialAction":[{"@type":"ReadAction","target":["https:\/\/www.jet-vip.com\/tr\/destinasyonlar\/fransa\/"]}]},{"@type":"ImageObject","inLanguage":"tr-TR","@id":"https:\/\/www.jet-vip.com\/tr\/destinasyonlar\/fransa\/#primaryimage","url":"https:\/\/www.jet-vip.com\/app\/uploads\/2023\/03\/france_header.jpg","contentUrl":"https:\/\/www.jet-vip.com\/app\/uploads\/2023\/03\/france_header.jpg","width":1920,"height":788},{"@type":"BreadcrumbList","@id":"https:\/\/www.jet-vip.com\/tr\/destinasyonlar\/fransa\/#breadcrumb","itemListElement":[{"@type":"ListItem","position":1,"name":"Destinasyonlar","item":"https:\/\/www.jet-vip.com\/tr\/destinasyonlar\/"},{"@type":"ListItem","position":2,"name":"Fransa"}]},{"@type":"WebSite","@id":"https:\/\/www.jet-vip.com\/tr\/#website","url":"https:\/\/www.jet-vip.com\/tr\/","name":"www.jet-vip.com","description":"Private Jet &amp; Helicopter charter","publisher":{"@id":"https:\/\/www.jet-vip.com\/tr\/#organization"},"potentialAction":[{"@type":"SearchAction","target":{"@type":"EntryPoint","urlTemplate":"https:\/\/www.jet-vip.com\/tr\/?s={search_term_string}"},"query-input":{"@type":"PropertyValueSpecification","valueRequired":true,"valueName":"search_term_string"}}],"inLanguage":"tr-TR"},{"@type":"Organization","@id":"https:\/\/www.jet-vip.com\/tr\/#organization","name":"JET VIP","alternateName":"JET-VIP","url":"https:\/\/www.jet-vip.com\/tr\/","logo":{"@type":"ImageObject","inLanguage":"tr-TR","@id":"https:\/\/www.jet-vip.com\/tr\/#\/schema\/logo\/image\/","url":"https:\/\/www.jet-vip.com\/app\/uploads\/2023\/04\/logo_jetvip.png","contentUrl":"https:\/\/www.jet-vip.com\/app\/uploads\/2023\/04\/logo_jetvip.png","width":2344,"height":1500,"caption":"JET VIP"},"image":{"@id":"https:\/\/www.jet-vip.com\/tr\/#\/schema\/logo\/image\/"},"sameAs":["https:\/\/instagram.com\/jet_vip"]}]}},"_links":{"self":[{"href":"https:\/\/www.jet-vip.com\/tr\/wp-json\/wp\/v2\/pages\/3594","targetHints":{"allow":["GET"]}}],"collection":[{"href":"https:\/\/www.jet-vip.com\/tr\/wp-json\/wp\/v2\/pages"}],"about":[{"href":"https:\/\/www.jet-vip.com\/tr\/wp-json\/wp\/v2\/types\/page"}],"author":[{"embeddable":true,"href":"https:\/\/www.jet-vip.com\/tr\/wp-json\/wp\/v2\/users\/2"}],"replies":[{"embeddable":true,"href":"https:\/\/www.jet-vip.com\/tr\/wp-json\/wp\/v2\/comments?post=3594"}],"version-history":[{"count":1,"href":"https:\/\/www.jet-vip.com\/tr\/wp-json\/wp\/v2\/pages\/3594\/revisions"}],"predecessor-version":[{"id":3595,"href":"https:\/\/www.jet-vip.com\/tr\/wp-json\/wp\/v2\/pages\/3594\/revisions\/3595"}],"up":[{"embeddable":true,"href":"https:\/\/www.jet-vip.com\/tr\/wp-json\/wp\/v2\/pages\/3592"}],"wp:featuredmedia":[{"embeddable":true,"href":"https:\/\/www.jet-vip.com\/tr\/wp-json\/wp\/v2\/media\/2965"}],"wp:attachment":[{"href":"https:\/\/www.jet-vip.com\/tr\/wp-json\/wp\/v2\/media?parent=3594"}],"curies":[{"name":"wp","href":"https:\/\/api.w.org\/{rel}","templated":true}]}}