{"id":2665,"date":"2023-01-24T08:20:50","date_gmt":"2023-01-24T08:20:50","guid":{"rendered":"https:\/\/www.jet-vip.com\/grece\/"},"modified":"2025-09-05T13:05:46","modified_gmt":"2025-09-05T13:05:46","slug":"grece","status":"publish","type":"page","link":"https:\/\/www.jet-vip.com\/fr\/destinations\/grece\/","title":{"rendered":"Greece"},"content":{"rendered":"\n<div class=\"wp-block-group mx-7 max-w-7xl sm:mx-auto is-layout-constrained wp-block-group-is-layout-constrained\">\n<div class=\"wp-block-group is-layout-flex wp-container-core-group-is-layout-2 wp-block-group-is-layout-flex\">\n<blockquote class=\"wp-block-quote single-quote sm:w-1\/4 is-layout-flow wp-block-quote-is-layout-flow\">\n<p>La Gr\u00e8ce est un r\u00eave qui revient toute la vie&#8230;<\/p>\n<\/blockquote>\n\n\n\n<div class=\"wp-block-group sm:w-3\/5 is-vertical is-layout-flex wp-container-core-group-is-layout-1 wp-block-group-is-layout-flex\">\n<p>Dites bonjour \u00e0 la Gr\u00e8ce, un pays magique plein de plages de sable, d&#8217;eaux bleues et de bonnes vibrations tout au long de l&#8217;ann\u00e9e ! Bien que la Gr\u00e8ce ait connu sa part de difficult\u00e9s \u00e9conomiques au cours des derni\u00e8res ann\u00e9es, elle reste l&#8217;une des destinations de vacances les plus populaires et les plus pittoresques d&#8217;Europe. Chaque ann\u00e9e, les touristes se rendent en masse dans ce magnifique pays pour admirer les nombreux sites class\u00e9s au patrimoine mondial de l&#8217;UNESCO, les magnifiques structures et les paysages \u00e9poustouflants.  <\/p>\n\n\n\n<p>La Gr\u00e8ce a beaucoup \u00e0 offrir aux visiteurs : une cuisine d\u00e9lectable, des plages de classe mondiale, une histoire fascinante et des \u00eeles magnifiques. Les villes et les \u00eeles grecques telles que Mykonos, Ios et Zakynthos, ainsi que les m\u00e9tropoles telles qu&#8217;Ath\u00e8nes et Thessalonique, sont toujours en pleine effervescence, de sorte que l&#8217;ennui n&#8217;est pas envisageable. En Gr\u00e8ce, vous trouverez d&#8217;anciennes ruines blanchies par le soleil qui percent le ciel, la mer \u00c9g\u00e9e chaude qui clapote sur d&#8217;innombrables \u00e9tendues de littoral, et une culture vibrante d\u00e9bordant de musique passionn\u00e9e, de cuisine d\u00e9lectable et d&#8217;activit\u00e9s \u00e0 forte teneur en adr\u00e9naline qui vous divertiront.<\/p>\n<\/div>\n<\/div>\n\n\n\n<div class=\"wp-block-cb-carousel my-12 image-grid\" data-slick=\"{&quot;slidesToShow&quot;:3,&quot;slidesToScroll&quot;:1,&quot;speed&quot;:300,&quot;arrows&quot;:true,&quot;dots&quot;:true,&quot;autoplay&quot;:false,&quot;autoplaySpeed&quot;:3000,&quot;infinite&quot;:false,&quot;responsive&quot;:[{&quot;breakpoint&quot;:769,&quot;settings&quot;:{&quot;slidesToShow&quot;:1,&quot;slidesToScroll&quot;:1}}]}\">\n<div class=\"wp-block-cb-slide\">\n<figure class=\"wp-block-image size-full\"><img decoding=\"async\" width=\"675\" height=\"450\" src=\"https:\/\/test-jetvip.mendo.lv\/app\/uploads\/2023\/03\/greece1.jpg\" alt=\"\" class=\"wp-image-493\" srcset=\"https:\/\/www.jet-vip.com\/app\/uploads\/2023\/03\/greece1.jpg 675w, https:\/\/www.jet-vip.com\/app\/uploads\/2023\/03\/greece1-300x200.jpg 300w\" sizes=\"(max-width: 675px) 100vw, 675px\" \/><\/figure>\n<\/div>\n\n\n\n<div class=\"wp-block-cb-slide\">\n<figure class=\"wp-block-image size-full\"><img decoding=\"async\" width=\"700\" height=\"535\" src=\"https:\/\/test-jetvip.mendo.lv\/app\/uploads\/2023\/03\/greece3.jpg\" alt=\"\" class=\"wp-image-495\" srcset=\"https:\/\/www.jet-vip.com\/app\/uploads\/2023\/03\/greece3.jpg 700w, https:\/\/www.jet-vip.com\/app\/uploads\/2023\/03\/greece3-300x229.jpg 300w\" sizes=\"(max-width: 700px) 100vw, 700px\" \/><\/figure>\n<\/div>\n\n\n\n<div class=\"wp-block-cb-slide\">\n<figure class=\"wp-block-image size-full\"><img decoding=\"async\" width=\"700\" height=\"340\" src=\"https:\/\/test-jetvip.mendo.lv\/app\/uploads\/2023\/03\/greece4.jpg\" alt=\"\" class=\"wp-image-496\" srcset=\"https:\/\/www.jet-vip.com\/app\/uploads\/2023\/03\/greece4.jpg 700w, https:\/\/www.jet-vip.com\/app\/uploads\/2023\/03\/greece4-300x146.jpg 300w\" sizes=\"(max-width: 700px) 100vw, 700px\" \/><\/figure>\n<\/div>\n\n\n\n<div class=\"wp-block-cb-slide\">\n<figure class=\"wp-block-image size-full\"><img decoding=\"async\" width=\"564\" height=\"304\" src=\"https:\/\/test-jetvip.mendo.lv\/app\/uploads\/2023\/03\/greece2.jpg\" alt=\"\" class=\"wp-image-494\" srcset=\"https:\/\/www.jet-vip.com\/app\/uploads\/2023\/03\/greece2.jpg 564w, https:\/\/www.jet-vip.com\/app\/uploads\/2023\/03\/greece2-300x162.jpg 300w\" sizes=\"(max-width: 564px) 100vw, 564px\" \/><\/figure>\n<\/div>\n\n\n\n<div class=\"wp-block-cb-slide\">\n<figure class=\"wp-block-image size-full\"><img decoding=\"async\" width=\"700\" height=\"467\" src=\"https:\/\/test-jetvip.mendo.lv\/app\/uploads\/2023\/03\/greece5.jpg\" alt=\"\" class=\"wp-image-497\" srcset=\"https:\/\/www.jet-vip.com\/app\/uploads\/2023\/03\/greece5.jpg 700w, https:\/\/www.jet-vip.com\/app\/uploads\/2023\/03\/greece5-300x200.jpg 300w\" sizes=\"(max-width: 700px) 100vw, 700px\" \/><\/figure>\n<\/div>\n<\/div>\n\n\n\n<p>Les plages et les eaux cristallines de la Gr\u00e8ce sont c\u00e9l\u00e8bres dans le monde entier. En outre, c&#8217;est l&#8217;un des principaux lieux de vill\u00e9giature en Europe en raison de la beaut\u00e9 id\u00e9ale de l&#8217;architecture cycladique, des couchers de soleil \u00e0 couper le souffle et du climat estival agr\u00e9able.  <\/p>\n\n\n\n<p>La Gr\u00e8ce vaut certainement la peine d&#8217;\u00eatre visit\u00e9e ! Des monuments arch\u00e9ologiques et des cultures vieilles de plusieurs milliers d&#8217;ann\u00e9es se trouvent dans tout le pays, des \u00eeles tranquilles aux villes anim\u00e9es.  <\/p>\n\n\n\n<p>En outre, la Gr\u00e8ce propose des plats d\u00e9lectables et des gens sympathiques qu&#8217;il est difficile de trouver ailleurs ! Ces facteurs, combin\u00e9s au fait que la Gr\u00e8ce offre un rapport qualit\u00e9-prix exceptionnel par rapport \u00e0 d&#8217;autres pays europ\u00e9ens, contribuent \u00e0 sa popularit\u00e9 en tant que destination touristique.<\/p>\n<\/div>\n\n\n\n<div class=\"wp-block-group mx-7 max-w-7xl sm:mx-auto mt-12 is-layout-constrained wp-block-group-is-layout-constrained\">\n<h2 class=\"py-8 wp-block-heading\">Jet-VIP \u00e0 Santorin<\/h2>\n\n\n\n<hr class=\"wp-block-separator has-alpha-channel-opacity\"\/>\n\n\n\n<div class=\"wp-block-group is-content-justification-space-between is-layout-flex wp-container-core-group-is-layout-6 wp-block-group-is-layout-flex\">\n<div class=\"wp-block-group sm:w-1\/5 is-vertical is-layout-flex wp-container-core-group-is-layout-4 wp-block-group-is-layout-flex\">\n<figure class=\"wp-block-image size-full rounded-3xl\"><img decoding=\"async\" width=\"429\" height=\"322\" src=\"https:\/\/test-jetvip.mendo.lv\/app\/uploads\/2023\/03\/santorini-edited.jpg\" alt=\"\" class=\"wp-image-525\" srcset=\"https:\/\/www.jet-vip.com\/app\/uploads\/2023\/03\/santorini-edited.jpg 429w, https:\/\/www.jet-vip.com\/app\/uploads\/2023\/03\/santorini-edited-300x225.jpg 300w\" sizes=\"(max-width: 429px) 100vw, 429px\" \/><\/figure>\n\n\n\n<div class=\"wp-block-buttons my-8 is-layout-flex wp-block-buttons-is-layout-flex\">\n<div class=\"wp-block-button has-custom-width wp-block-button__width-100\"><a class=\"wp-block-button__link wp-element-button\" href=\"https:\/\/www.jet-vip.com\/flight-search\/\">Recherche de vols<\/a><\/div>\n<\/div>\n<\/div>\n\n\n\n<div class=\"wp-block-group sm:w-3\/4 is-vertical is-layout-flex wp-container-core-group-is-layout-5 wp-block-group-is-layout-flex\">\n<p>L&#8217;a\u00e9roport international de Santorin, \u00e9galement connu sous le nom d&#8217;a\u00e9roport de Thira, est situ\u00e9 sur la c\u00f4te orientale de l&#8217;\u00eele grecque, pr\u00e8s du village de Kamari, et dessert \u00e0 la fois les vols nationaux et internationaux. En plus d&#8217;\u00eatre le plus grand a\u00e9roport du sud de la mer \u00c9g\u00e9e, il sert \u00e9galement de champ de bataille pour les avions de chasse.  <\/p>\n\n\n\n<p>Situ\u00e9 \u00e0 l&#8217;est de l&#8217;\u00eele, \u00e0 peu pr\u00e8s au nord de Kamari et \u00e0 l&#8217;est de Fira, l&#8217;a\u00e9roport de Santorin est la principale porte d&#8217;entr\u00e9e de l&#8217;\u00eele. Seules quelques \u00eeles des Cyclades disposent d&#8217;un a\u00e9roport international, et Santorin est l&#8217;une d&#8217;entre elles. Thira se trouve \u00e0 6 km au sud-est. Les nombreuses routes de l&#8217;\u00eele grecque facilitent l&#8217;acc\u00e8s \u00e0 l&#8217;a\u00e9roport en voiture.  <\/p>\n\n\n\n<p>Ces derni\u00e8res ann\u00e9es, le terminal de l&#8217;a\u00e9roport a \u00e9t\u00e9 agrandi et reconstruit. Il a \u00e9t\u00e9 achev\u00e9 \u00e0 l&#8217;\u00e9t\u00e9 2021 et comprend 17 comptoirs d&#8217;enregistrement pour les passagers. La distance entre l&#8217;a\u00e9roport international de Santorin et le centre de Fira est de 6 km. Le centre de Fira se trouve \u00e0 20 minutes en voiture de l&#8217;a\u00e9roport.  <\/p>\n\n\n\n<p>Les possibilit\u00e9s de stationnement officiel \u00e0 l&#8217;a\u00e9roport de Santorin vont du plus cher au plus abordable. En outre, il existe plusieurs possibilit\u00e9s de stationnement \u00e0 proximit\u00e9 de l&#8217;a\u00e9roport.<\/p>\n<\/div>\n<\/div>\n<\/div>\n\n\n\n<div class=\"wp-block-group mx-7 max-w-7xl sm:mx-auto mt-12 is-layout-constrained wp-block-group-is-layout-constrained\">\n<h2 class=\"my-8 wp-block-heading\">Jet-VIP \u00e0 Mykonos<\/h2>\n\n\n\n<hr class=\"wp-block-separator has-alpha-channel-opacity\"\/>\n\n\n\n<div class=\"wp-block-group is-content-justification-space-between is-layout-flex wp-container-core-group-is-layout-10 wp-block-group-is-layout-flex\">\n<div class=\"wp-block-group sm:w-1\/5 is-vertical is-layout-flex wp-container-core-group-is-layout-8 wp-block-group-is-layout-flex\">\n<figure class=\"wp-block-image size-full\"><img decoding=\"async\" width=\"700\" height=\"469\" src=\"http:\/\/www.jet-vip.com\/app\/uploads\/2023\/03\/mykonos.jpg\" alt=\"\" class=\"wp-image-499\" srcset=\"https:\/\/www.jet-vip.com\/app\/uploads\/2023\/03\/mykonos.jpg 700w, https:\/\/www.jet-vip.com\/app\/uploads\/2023\/03\/mykonos-300x201.jpg 300w\" sizes=\"(max-width: 700px) 100vw, 700px\" \/><\/figure>\n\n\n\n<div class=\"wp-block-buttons my-8 is-layout-flex wp-block-buttons-is-layout-flex\">\n<div class=\"wp-block-button has-custom-width wp-block-button__width-100\"><a class=\"wp-block-button__link wp-element-button\" href=\"https:\/\/www.jet-vip.com\/flight-search\/\">Recherche de vols<\/a><\/div>\n<\/div>\n<\/div>\n\n\n\n<div class=\"wp-block-group sm:w-3\/4 is-vertical is-layout-flex wp-container-core-group-is-layout-9 wp-block-group-is-layout-flex\">\n<p>L&#8217;a\u00e9roport de l&#8217;\u00eele grecque de Mykonos, qui fait partie du groupe des \u00eeles Cyclades au sud-est de la Gr\u00e8ce continentale, est connu sous le nom d&#8217;a\u00e9roport de Mykonos ou d&#8217;a\u00e9roport international de Mykonos. L&#8217;a\u00e9roport est situ\u00e9 dans la partie ouest de l&#8217;\u00eele, au sud-est de la ville.  <\/p>\n\n\n\n<p>La ville de Chora\/Mykonos, le plus grand hameau de l&#8217;\u00eele, est situ\u00e9e \u00e0 3,5-4 kilom\u00e8tres de l&#8217;a\u00e9roport. Elle fournit des services pour les vols locaux ainsi que pour les vols internationaux \u00e0 l&#8217;int\u00e9rieur des pays de l&#8217;Union europ\u00e9enne.  <\/p>\n\n\n\n<p>&#8220;La nouvelle Ibiza&#8221; fait r\u00e9f\u00e9rence \u00e0 la pittoresque \u00eele grecque de Mykonos, tr\u00e8s pris\u00e9e des c\u00e9l\u00e9brit\u00e9s et des hommes d&#8217;affaires. Le nombre de personnes qui passent la nuit et utilisent l&#8217;a\u00e9roport de Mykonos augmente au fur et \u00e0 mesure que la renomm\u00e9e de l&#8217;\u00eele s&#8217;\u00e9tend.  <\/p>\n\n\n\n<p>Des distributeurs automatiques de billets et un bureau de change sont disponibles \u00e0 l&#8217;a\u00e9roport. Trois caf\u00e9s diff\u00e9rents sont install\u00e9s dans les parties terrestres et a\u00e9riennes du terminal.  <\/p>\n\n\n\n<p>3 km s\u00e9parent l&#8217;a\u00e9roport de Mykonos du c\u0153ur de la ville de Mykonos. Le centre de la ville de Mykonos est accessible en dix minutes de voiture. KTEL Mykonos exploite un certain nombre de bus sur l&#8217;\u00eele grecque de Mykonos. Aux heures de pointe, le bus pour la ville de Mykonos (Chora) part juste devant le terminal.<\/p>\n<\/div>\n<\/div>\n<\/div>\n\n\n\n<div class=\"wp-block-group mx-7 max-w-7xl sm:mx-auto mt-12 is-layout-constrained wp-block-group-is-layout-constrained\">\n<h2 class=\"wp-block-heading\">Jet-VIP \u00e0 H\u00e9raklion<\/h2>\n\n\n\n<hr class=\"wp-block-separator has-alpha-channel-opacity\"\/>\n\n\n\n<div class=\"wp-block-group is-content-justification-space-between is-layout-flex wp-container-core-group-is-layout-14 wp-block-group-is-layout-flex\">\n<div class=\"wp-block-group sm:w-1\/5 is-vertical is-layout-flex wp-container-core-group-is-layout-12 wp-block-group-is-layout-flex\">\n<figure class=\"wp-block-image size-full\"><img decoding=\"async\" width=\"700\" height=\"466\" src=\"http:\/\/www.jet-vip.com\/app\/uploads\/2023\/03\/heraklion.jpg\" alt=\"\" class=\"wp-image-498\" srcset=\"https:\/\/www.jet-vip.com\/app\/uploads\/2023\/03\/heraklion.jpg 700w, https:\/\/www.jet-vip.com\/app\/uploads\/2023\/03\/heraklion-300x200.jpg 300w\" sizes=\"(max-width: 700px) 100vw, 700px\" \/><\/figure>\n\n\n\n<div class=\"wp-block-buttons my-8 is-layout-flex wp-block-buttons-is-layout-flex\">\n<div class=\"wp-block-button has-custom-width wp-block-button__width-100\"><a class=\"wp-block-button__link wp-element-button\" href=\"https:\/\/www.jet-vip.com\/flight-search\/\">Recherche de vols<\/a><\/div>\n<\/div>\n<\/div>\n\n\n\n<div class=\"wp-block-group sm:w-3\/4 is-vertical is-layout-flex wp-container-core-group-is-layout-13 wp-block-group-is-layout-flex\">\n<p>L&#8217;a\u00e9roport d&#8217;H\u00e9raklion est la principale porte d&#8217;entr\u00e9e internationale de l&#8217;\u00eele. L&#8217;a\u00e9roport international d&#8217;H\u00e9raklion se trouve \u00e0 environ 5 km \u00e0 l&#8217;est de la ville d&#8217;H\u00e9raklion.  <\/p>\n\n\n\n<p>En termes de trafic, il s&#8217;agit du deuxi\u00e8me a\u00e9roport le plus fr\u00e9quent\u00e9 de Gr\u00e8ce, apr\u00e8s l&#8217;a\u00e9roport international d&#8217;Ath\u00e8nes. Il est en service depuis 1937 et dessert en moyenne 5 millions de passagers par an.  <\/p>\n\n\n\n<p>Un seul terminal accueille tous les avions de passagers. Les passagers en attente d&#8217;un vol ou en escale peuvent profiter des nombreux services et \u00e9quipements de l&#8217;a\u00e9roport.  <\/p>\n\n\n\n<p>L&#8217;a\u00e9roport d&#8217;H\u00e9raklion se trouve \u00e0 5 km du centre-ville. Le centre-ville d&#8217;H\u00e9raklion se trouve \u00e0 environ 10 minutes de route de l&#8217;a\u00e9roport.  <\/p>\n\n\n\n<p>Les taxis, les bus publics et les voitures de location sont facilement accessibles \u00e0 l&#8217;arriv\u00e9e, ce qui facilite les d\u00e9placements sur l&#8217;\u00eele. Le bus 78 Service ou #1 co\u00fbte 1 euro et prend 20 minutes pour vous transporter dans le centre d&#8217;H\u00e9raklion.  <\/p>\n\n\n\n<p>L&#8217;a\u00e9roport international d&#8217;H\u00e9raklion dispose d&#8217;un large choix de parkings officiels, allant du plus luxueux au plus \u00e9conomique. En outre, il existe plusieurs possibilit\u00e9s de stationnement \u00e0 proximit\u00e9 du terminal.<\/p>\n<\/div>\n<\/div>\n<\/div>\n\n\n\n<div class=\"wp-block-group mx-7 max-w-7xl sm:mx-auto mt-12 is-layout-constrained wp-block-group-is-layout-constrained\">\n<h2 class=\"wp-block-heading\">Jet-VIP \u00e0 Corfou<\/h2>\n\n\n\n<hr class=\"wp-block-separator has-alpha-channel-opacity\"\/>\n\n\n\n<div class=\"wp-block-group is-content-justification-space-between is-layout-flex wp-container-core-group-is-layout-18 wp-block-group-is-layout-flex\">\n<div class=\"wp-block-group sm:w-1\/5 is-vertical is-layout-flex wp-container-core-group-is-layout-16 wp-block-group-is-layout-flex\">\n<figure class=\"wp-block-image size-full\"><img decoding=\"async\" width=\"700\" height=\"467\" src=\"http:\/\/www.jet-vip.com\/app\/uploads\/2023\/03\/corfu.jpg\" alt=\"\" class=\"wp-image-491\" srcset=\"https:\/\/www.jet-vip.com\/app\/uploads\/2023\/03\/corfu.jpg 700w, https:\/\/www.jet-vip.com\/app\/uploads\/2023\/03\/corfu-300x200.jpg 300w\" sizes=\"(max-width: 700px) 100vw, 700px\" \/><\/figure>\n\n\n\n<div class=\"wp-block-buttons my-8 is-layout-flex wp-block-buttons-is-layout-flex\">\n<div class=\"wp-block-button has-custom-width wp-block-button__width-100\"><a class=\"wp-block-button__link wp-element-button\" href=\"https:\/\/www.jet-vip.com\/flight-search\/\">Recherche de vols<\/a><\/div>\n<\/div>\n<\/div>\n\n\n\n<div class=\"wp-block-group sm:w-3\/4 is-vertical is-layout-flex wp-container-core-group-is-layout-17 wp-block-group-is-layout-flex\">\n<p>A\u00e9roport public desservant la capitale de l&#8217;\u00eele grecque de Corfou, Kerkyra, l&#8217;a\u00e9roport international Ioannis Kapodistrias fait office d&#8217;a\u00e9roport international de Corfou. L&#8217;a\u00e9roport propose des vols r\u00e9guliers et des vols charters.  <\/p>\n\n\n\n<p>C&#8217;est l&#8217;a\u00e9roport le plus proche de Saranda, avec des vols directs vers plusieurs destinations \u00e9trang\u00e8res et locales. Le trafic a\u00e9roportuaire est le plus important pendant les mois d&#8217;\u00e9t\u00e9, lorsque la saison des vacances am\u00e8ne un grand nombre de visiteurs.  <\/p>\n\n\n\n<p>Le terminal contemporain de l&#8217;a\u00e9roport de Corfou a \u00e9t\u00e9 r\u00e9cemment agrandi et reconstruit. Les bureaux d&#8217;enregistrement et les portes d&#8217;embarquement sont au nombre de 28 dans le nouveau terminal de l&#8217;a\u00e9roport, qui a ouvert ses portes en mars.  <\/p>\n\n\n\n<p>L&#8217;a\u00e9roport de Corfou dispose d&#8217;une connexion Wi-Fi gratuite, ainsi que de distributeurs automatiques de billets et de stations de recharge de t\u00e9l\u00e9phones portables dans un certain nombre d&#8217;endroits. Il y a \u00e9galement des restaurants et des magasins hors taxes, tant du c\u00f4t\u00e9 terrestre que du c\u00f4t\u00e9 a\u00e9rien de l&#8217;a\u00e9roport.  <\/p>\n\n\n\n<p>3 kilom\u00e8tres, c&#8217;est la distance qui s\u00e9pare l&#8217;a\u00e9roport de Corfou du centre ville de Corfou. Le centre-ville de Corfou se trouve \u00e0 8 minutes en voiture de l&#8217;a\u00e9roport.  <\/p>\n\n\n\n<p>Il existe deux compagnies de bus sur l&#8217;\u00eele de Corfou. La ville de Corfou et ses environs sont desservis par des bus bleus, tandis que les villes et les villages sont desservis par des bus verts.<\/p>\n<\/div>\n<\/div>\n<\/div>\n\n\n\n<div class=\"wp-block-group mx-7 max-w-7xl sm:mx-auto mt-12 is-layout-constrained wp-block-group-is-layout-constrained\">\n<h2 class=\"wp-block-heading\">Jet-VIP \u00e0 Patras<\/h2>\n\n\n\n<hr class=\"wp-block-separator has-alpha-channel-opacity\"\/>\n\n\n\n<div class=\"wp-block-group is-content-justification-space-between is-layout-flex wp-container-core-group-is-layout-22 wp-block-group-is-layout-flex\">\n<div class=\"wp-block-group sm:w-1\/5 is-vertical is-layout-flex wp-container-core-group-is-layout-20 wp-block-group-is-layout-flex\">\n<figure class=\"wp-block-image size-full\"><img decoding=\"async\" width=\"700\" height=\"467\" src=\"http:\/\/www.jet-vip.com\/app\/uploads\/2023\/03\/patras.jpg\" alt=\"\" class=\"wp-image-501\" srcset=\"https:\/\/www.jet-vip.com\/app\/uploads\/2023\/03\/patras.jpg 700w, https:\/\/www.jet-vip.com\/app\/uploads\/2023\/03\/patras-300x200.jpg 300w\" sizes=\"(max-width: 700px) 100vw, 700px\" \/><\/figure>\n\n\n\n<div class=\"wp-block-buttons my-8 is-layout-flex wp-block-buttons-is-layout-flex\">\n<div class=\"wp-block-button has-custom-width wp-block-button__width-100\"><a class=\"wp-block-button__link wp-element-button\" href=\"https:\/\/www.jet-vip.com\/flight-search\/\">Recherche de vols<\/a><\/div>\n<\/div>\n<\/div>\n\n\n\n<div class=\"wp-block-group sm:w-3\/4 is-vertical is-layout-flex wp-container-core-group-is-layout-21 wp-block-group-is-layout-flex\">\n<p>Situ\u00e9 dans la pr\u00e9fecture d&#8217;Achaea, l&#8217;a\u00e9roport d&#8217;Araxos est un a\u00e9roport international grec qui dessert la ville de Patras. Patras, troisi\u00e8me ville de Gr\u00e8ce, est desservie par l&#8217;a\u00e9roport d&#8217;Araxos, situ\u00e9 juste \u00e0 l&#8217;ext\u00e9rieur de la ville. En Acha\u00efe, en Gr\u00e8ce, il fonctionne \u00e0 la fois comme a\u00e9roport civil et militaire et porte le nom du hameau d&#8217;Araxos. L&#8217;a\u00e9roport national d&#8217;Araxos, ou a\u00e9roport d&#8217;Agamemnon, est un autre nom pour cet a\u00e9roport. La Hellenic Aviation Force l&#8217;utilise comme base a\u00e9rienne op\u00e9rationnelle.  <\/p>\n\n\n\n<p>L&#8217;a\u00e9roport de Patras Araxos est reli\u00e9 \u00e0 16 destinations dans 8 pays par 25 avions sur 16 itin\u00e9raires distincts.  <\/p>\n\n\n\n<p>Il n&#8217;y a que quelques restaurants et magasins. Il est possible de faire des achats hors taxes.  <\/p>\n\n\n\n<p>L&#8217;a\u00e9roport n&#8217;est ouvert que quelques heures par jour. Seulement de 8h00 \u00e0 13h00 certains jours de la semaine, en fonction du jour de la semaine. Il ne reste jamais ouvert au-del\u00e0 de 21h30. Pendant la journ\u00e9e, l&#8217;a\u00e9roport peut parfois \u00eatre ferm\u00e9 pendant de nombreuses heures. En raison de la bri\u00e8vet\u00e9 des heures d&#8217;ouverture de l&#8217;a\u00e9roport, il n&#8217;est pas possible d&#8217;y passer la nuit. Des h\u00f4tels sont \u00e0 proximit\u00e9 si vous avez besoin d&#8217;une nuit de sommeil r\u00e9paratrice. Pour se rendre \u00e0 l&#8217;a\u00e9roport et en revenir, les taxis sont de la partie.  <\/p>\n\n\n\n<p>Avis, Hertz et Dirent font partie des soci\u00e9t\u00e9s de location de v\u00e9hicules op\u00e9rant \u00e0 l&#8217;a\u00e9roport d&#8217;Araxos.<\/p>\n<\/div>\n<\/div>\n<\/div>\n\n\n\n<div class=\"wp-block-group mx-7 max-w-7xl sm:mx-auto mt-12 is-layout-constrained wp-block-group-is-layout-constrained\">\n<h2 class=\"wp-block-heading\">Jet-VIP \u00e0 Paros<\/h2>\n\n\n\n<hr class=\"wp-block-separator has-alpha-channel-opacity\"\/>\n\n\n\n<div class=\"wp-block-group is-content-justification-space-between is-layout-flex wp-container-core-group-is-layout-26 wp-block-group-is-layout-flex\">\n<div class=\"wp-block-group sm:w-1\/5 is-vertical is-layout-flex wp-container-core-group-is-layout-24 wp-block-group-is-layout-flex\">\n<figure class=\"wp-block-image size-full\"><img decoding=\"async\" width=\"700\" height=\"395\" src=\"http:\/\/www.jet-vip.com\/app\/uploads\/2023\/03\/paros.jpg\" alt=\"\" class=\"wp-image-500\" srcset=\"https:\/\/www.jet-vip.com\/app\/uploads\/2023\/03\/paros.jpg 700w, https:\/\/www.jet-vip.com\/app\/uploads\/2023\/03\/paros-300x169.jpg 300w\" sizes=\"(max-width: 700px) 100vw, 700px\" \/><\/figure>\n\n\n\n<div class=\"wp-block-buttons my-8 is-layout-flex wp-block-buttons-is-layout-flex\">\n<div class=\"wp-block-button has-custom-width wp-block-button__width-100\"><a class=\"wp-block-button__link wp-element-button\" href=\"https:\/\/www.jet-vip.com\/flight-search\/\">Recherche de vols<\/a><\/div>\n<\/div>\n<\/div>\n\n\n\n<div class=\"wp-block-group sm:w-3\/4 is-vertical is-layout-flex wp-container-core-group-is-layout-25 wp-block-group-is-layout-flex\">\n<p>L&#8217;a\u00e9roport national de Paros dessert l&#8217;\u00eele de Paros, en Gr\u00e8ce, dans la r\u00e9gion des \u00eeles Cyclades. La distance entre l&#8217;a\u00e9roport et le port de Parikia, dans le sud-ouest de l&#8217;\u00eele, est d&#8217;environ 10 kilom\u00e8tres. Le nouvel a\u00e9roport national de Paros a \u00e9t\u00e9 inaugur\u00e9 le 25 juillet 2016.  <\/p>\n\n\n\n<p>L&#8217;a\u00e9roport se compose d&#8217;un seul terminal, situ\u00e9 \u00e0 Aliki, ainsi que d&#8217;une caserne de pompiers, d&#8217;une piste d&#8217;atterrissage et d&#8217;une tour d&#8217;observation.  <\/p>\n\n\n\n<p>Des bars, des caf\u00e9s, des restaurants et des boutiques hors taxes seront disponibles, ainsi qu&#8217;une s\u00e9curit\u00e9 a\u00e9roportuaire renforc\u00e9e pour le contr\u00f4le des passagers et du fret, et une gestion sophistiqu\u00e9e des bagages.  <\/p>\n\n\n\n<p>Le village de Parikias se trouve \u00e0 environ 30 minutes en taxi ou en bus de l&#8217;a\u00e9roport de l&#8217;\u00eele de Paros, qui se trouve \u00e0 environ 10 kilom\u00e8tres.  <\/p>\n\n\n\n<p>L&#8217;a\u00e9roport de Paro abrite plusieurs agences de location de v\u00e9hicules locales et internationales. Le trajet de 30 minutes entre l&#8217;a\u00e9roport et Parikia passe par Pounda &#8211; Voutakos dans les bus de ville. Pendant l&#8217;\u00e9t\u00e9, un service de bus \u00e0 destination et en provenance de Naoussa est \u00e9galement disponible.  <\/p>\n\n\n\n<p>En ce qui concerne les transports terrestres, il est facile de louer des taxis. Devant l&#8217;entr\u00e9e et la sortie principales du terminal, vous trouverez une station de taxis. Des soci\u00e9t\u00e9s de location de voitures comme Avis et Hertz ont des bureaux sur place. L&#8217;a\u00e9rogare dispose de 70 places de stationnement pour plus de commodit\u00e9 !<\/p>\n<\/div>\n<\/div>\n<\/div>\n\n\n\n<div class=\"wp-block-group mx-7 max-w-7xl sm:mx-auto mt-12 is-layout-constrained wp-block-group-is-layout-constrained\">\n<h2 class=\"wp-block-heading\">A\u00e9roports disponibles<\/h2>\n\n\n\n<hr class=\"wp-block-separator has-alpha-channel-opacity\"\/>\n\n\n\n<div class=\"wp-block-buttons my-8 button-flex-group is-layout-flex wp-block-buttons-is-layout-flex\">\n<div class=\"wp-block-button has-custom-width wp-block-button__width-100 has-custom-font-size has-lg-font-size\"><a class=\"wp-block-button__link wp-element-button\" href=\"https:\/\/www.jet-vip.com\/flight-search\/\">A\u00e9roport de Thira<\/a><\/div>\n\n\n\n<div class=\"wp-block-button has-custom-width wp-block-button__width-100 has-custom-font-size has-lg-font-size\"><a class=\"wp-block-button__link wp-element-button\" href=\"https:\/\/www.jet-vip.com\/flight-search\/\">A\u00e9roport international de Mykonos<\/a><\/div>\n\n\n\n<div class=\"wp-block-button has-custom-width wp-block-button__width-100 has-custom-font-size has-lg-font-size\"><a class=\"wp-block-button__link wp-element-button\" href=\"https:\/\/www.jet-vip.com\/flight-search\/\">A\u00e9roport d&#8217;H\u00e9raklion<\/a><\/div>\n\n\n\n<div class=\"wp-block-button has-custom-width wp-block-button__width-100 has-custom-font-size has-lg-font-size\"><a class=\"wp-block-button__link wp-element-button\">A\u00e9roport international Ioannis Kapodistrias<\/a><\/div>\n\n\n\n<div class=\"wp-block-button has-custom-width wp-block-button__width-100 has-custom-font-size has-lg-font-size\"><a class=\"wp-block-button__link wp-element-button\" href=\"https:\/\/www.jet-vip.com\/flight-search\/\">A\u00e9roport d&#8217;Araxos<\/a><\/div>\n\n\n\n<div class=\"wp-block-button has-custom-width wp-block-button__width-100 has-custom-font-size has-lg-font-size\"><a class=\"wp-block-button__link wp-element-button\" href=\"https:\/\/www.jet-vip.com\/flight-search\/\">A\u00e9roport national de Paros<\/a><\/div>\n<\/div>\n<\/div>\n\n\n\n<div class=\"wp-block-group mx-7 max-w-7xl sm:mx-auto mt-12 is-layout-constrained wp-block-group-is-layout-constrained\">\n<h2 class=\"wp-block-heading\">Autres lieux \u00e0 visiter<\/h2>\n\n\n\n<div class=\"wp-block-group container-cover-buttons is-horizontal is-content-justification-left is-layout-flex wp-container-core-group-is-layout-29 wp-block-group-is-layout-flex\">\n<div class=\"wp-block-cover\"><span aria-hidden=\"true\" class=\"wp-block-cover__background has-transparent-background-color has-background-dim-40 has-background-dim\"><\/span><img decoding=\"async\" width=\"305\" height=\"157\" class=\"wp-block-cover__image-background wp-image-61\" alt=\"\" src=\"http:\/\/www.jet-vip.com\/app\/uploads\/2022\/12\/Greece.png\" data-object-fit=\"cover\" srcset=\"https:\/\/www.jet-vip.com\/app\/uploads\/2022\/12\/Greece.png 305w, https:\/\/www.jet-vip.com\/app\/uploads\/2022\/12\/Greece-300x154.png 300w\" sizes=\"(max-width: 305px) 100vw, 305px\" \/><div class=\"wp-block-cover__inner-container is-layout-flow wp-block-cover-is-layout-flow\">\n<p class=\"has-text-align-center\"><a data-type=\"page\" data-id=\"260\" href=\"https:\/\/www.jet-vip.com\/destinations\/greece\/\">Greece<\/a><\/p>\n\n\n\n<div class=\"wp-block-buttons is-layout-flex wp-block-buttons-is-layout-flex\">\n<div class=\"wp-block-button\"><a class=\"wp-block-button__link wp-element-button\" href=\"https:\/\/www.jet-vip.com\/destinations\/greece\/\">Find out more<\/a><\/div>\n<\/div>\n<\/div><\/div>\n\n\n\n<div class=\"wp-block-cover\"><span aria-hidden=\"true\" class=\"wp-block-cover__background has-transparent-background-color has-background-dim\"><\/span><img decoding=\"async\" width=\"304\" height=\"157\" class=\"wp-block-cover__image-background wp-image-64\" alt=\"\" src=\"http:\/\/www.jet-vip.com\/app\/uploads\/2022\/12\/Germany.png\" data-object-fit=\"cover\" srcset=\"https:\/\/www.jet-vip.com\/app\/uploads\/2022\/12\/Germany.png 304w, https:\/\/www.jet-vip.com\/app\/uploads\/2022\/12\/Germany-300x155.png 300w\" sizes=\"(max-width: 304px) 100vw, 304px\" \/><div class=\"wp-block-cover__inner-container is-layout-flow wp-block-cover-is-layout-flow\">\n<p class=\"has-text-align-center has-large-font-size\"><a data-type=\"page\" data-id=\"209\" href=\"https:\/\/www.jet-vip.com\/destinations\/germany\/\">Germany<\/a><\/p>\n\n\n\n<div class=\"wp-block-buttons is-layout-flex wp-block-buttons-is-layout-flex\">\n<div class=\"wp-block-button\"><a class=\"wp-block-button__link wp-element-button\" href=\"https:\/\/www.jet-vip.com\/destinations\/germany\/\" target=\"_blank\" rel=\"noreferrer noopener\">Find out more<\/a><\/div>\n<\/div>\n<\/div><\/div>\n\n\n\n<div class=\"wp-block-cover is-light\"><span aria-hidden=\"true\" class=\"wp-block-cover__background has-transparent-background-color has-background-dim-0 has-background-dim\"><\/span><img decoding=\"async\" width=\"304\" height=\"157\" class=\"wp-block-cover__image-background wp-image-66\" alt=\"\" src=\"http:\/\/www.jet-vip.com\/app\/uploads\/2022\/12\/Italy-1.png\" data-object-fit=\"cover\" srcset=\"https:\/\/www.jet-vip.com\/app\/uploads\/2022\/12\/Italy-1.png 304w, https:\/\/www.jet-vip.com\/app\/uploads\/2022\/12\/Italy-1-300x155.png 300w\" sizes=\"(max-width: 304px) 100vw, 304px\" \/><div class=\"wp-block-cover__inner-container is-layout-flow wp-block-cover-is-layout-flow\">\n<p class=\"has-text-align-center has-large-font-size\"><a data-type=\"page\" data-id=\"176\" href=\"https:\/\/www.jet-vip.com\/destinations\/italy\/\">Italy<\/a><\/p>\n\n\n\n<div class=\"wp-block-buttons is-layout-flex wp-block-buttons-is-layout-flex\">\n<div class=\"wp-block-button\"><a class=\"wp-block-button__link wp-element-button\" href=\"https:\/\/www.jet-vip.com\/destinations\/italy\/\">Find out more<\/a><\/div>\n<\/div>\n<\/div><\/div>\n\n\n\n<div class=\"wp-block-cover is-light\"><span aria-hidden=\"true\" class=\"wp-block-cover__background has-transparent-background-color has-background-dim\"><\/span><img decoding=\"async\" width=\"305\" height=\"157\" class=\"wp-block-cover__image-background wp-image-67\" alt=\"\" src=\"http:\/\/www.jet-vip.com\/app\/uploads\/2022\/12\/Russia.png\" data-object-fit=\"cover\" srcset=\"https:\/\/www.jet-vip.com\/app\/uploads\/2022\/12\/Russia.png 305w, https:\/\/www.jet-vip.com\/app\/uploads\/2022\/12\/Russia-300x154.png 300w\" sizes=\"(max-width: 305px) 100vw, 305px\" \/><div class=\"wp-block-cover__inner-container is-layout-flow wp-block-cover-is-layout-flow\">\n<p class=\"has-text-align-center has-large-font-size\"><a href=\"#ru\">Russia<\/a><\/p>\n\n\n\n<div class=\"wp-block-buttons is-layout-flex wp-block-buttons-is-layout-flex\">\n<div class=\"wp-block-button\"><a class=\"wp-block-button__link wp-element-button\">Find out more<\/a><\/div>\n<\/div>\n<\/div><\/div>\n\n\n\n<div class=\"wp-block-cover is-light\"><span aria-hidden=\"true\" class=\"wp-block-cover__background has-transparent-background-color has-background-dim\"><\/span><img decoding=\"async\" width=\"305\" height=\"157\" class=\"wp-block-cover__image-background wp-image-68\" alt=\"\" src=\"http:\/\/www.jet-vip.com\/app\/uploads\/2022\/12\/Spain.png\" data-object-fit=\"cover\" srcset=\"https:\/\/www.jet-vip.com\/app\/uploads\/2022\/12\/Spain.png 305w, https:\/\/www.jet-vip.com\/app\/uploads\/2022\/12\/Spain-300x154.png 300w\" sizes=\"(max-width: 305px) 100vw, 305px\" \/><div class=\"wp-block-cover__inner-container is-layout-flow wp-block-cover-is-layout-flow\">\n<p class=\"has-text-align-center has-large-font-size\"><a href=\"#es\">Spain<\/a><\/p>\n\n\n\n<div class=\"wp-block-buttons is-layout-flex wp-block-buttons-is-layout-flex\">\n<div class=\"wp-block-button\"><a class=\"wp-block-button__link wp-element-button\">Find out more<\/a><\/div>\n<\/div>\n<\/div><\/div>\n\n\n\n<div class=\"wp-block-cover is-light\"><span aria-hidden=\"true\" class=\"wp-block-cover__background has-transparent-background-color has-background-dim\"><\/span><img decoding=\"async\" width=\"304\" height=\"157\" class=\"wp-block-cover__image-background wp-image-76\" alt=\"\" src=\"http:\/\/www.jet-vip.com\/app\/uploads\/2022\/12\/UK.png\" data-object-fit=\"cover\" srcset=\"https:\/\/www.jet-vip.com\/app\/uploads\/2022\/12\/UK.png 304w, https:\/\/www.jet-vip.com\/app\/uploads\/2022\/12\/UK-300x155.png 300w\" sizes=\"(max-width: 304px) 100vw, 304px\" \/><div class=\"wp-block-cover__inner-container is-layout-flow wp-block-cover-is-layout-flow\">\n<p class=\"has-text-align-center has-large-font-size\"><a data-type=\"page\" data-id=\"381\" href=\"https:\/\/www.jet-vip.com\/destinations\/united-kingdom\/\">U-K<\/a><\/p>\n\n\n\n<div class=\"wp-block-buttons is-layout-flex wp-block-buttons-is-layout-flex\">\n<div class=\"wp-block-button\"><a class=\"wp-block-button__link wp-element-button\" href=\"https:\/\/www.jet-vip.com\/destinations\/united-kingdom\/\">Find out more<\/a><\/div>\n<\/div>\n<\/div><\/div>\n\n\n\n<div class=\"wp-block-cover is-light\"><span aria-hidden=\"true\" class=\"wp-block-cover__background has-transparent-background-color has-background-dim\"><\/span><img decoding=\"async\" width=\"305\" height=\"157\" class=\"wp-block-cover__image-background wp-image-77\" alt=\"\" src=\"http:\/\/www.jet-vip.com\/app\/uploads\/2022\/12\/USA.png\" data-object-fit=\"cover\" srcset=\"https:\/\/www.jet-vip.com\/app\/uploads\/2022\/12\/USA.png 305w, https:\/\/www.jet-vip.com\/app\/uploads\/2022\/12\/USA-300x154.png 300w\" sizes=\"(max-width: 305px) 100vw, 305px\" \/><div class=\"wp-block-cover__inner-container is-layout-flow wp-block-cover-is-layout-flow\">\n<p class=\"has-text-align-center has-large-font-size\"><a href=\"https:\/\/www.jet-vip.com\/destinations\/usa\/\" data-type=\"page\" data-id=\"400\">USA<\/a><\/p>\n\n\n\n<div class=\"wp-block-buttons is-layout-flex wp-block-buttons-is-layout-flex\">\n<div class=\"wp-block-button\"><a class=\"wp-block-button__link wp-element-button\" href=\"https:\/\/www.jet-vip.com\/destinations\/usa\/\">Find out more<\/a><\/div>\n<\/div>\n<\/div><\/div>\n<\/div>\n<\/div>\n\n\n\n<div class=\"wp-block-group container-white-rounded-corner mt-20 is-layout-flow wp-block-group-is-layout-flow\">\n<div class=\"wp-block-group mx-7 max-w-7xl sm:mx-auto mt-12 is-layout-flow wp-block-group-is-layout-flow\">\n<div class=\"wp-block-group header-text-container bg-white pt-8 is-layout-constrained wp-block-group-is-layout-constrained\">\n<div class=\"wp-block-group block-header-container is-vertical is-layout-flex wp-container-core-group-is-layout-31 wp-block-group-is-layout-flex\">\n<h2 class=\"wp-block-heading\">En savoir plus<\/h2>\n\n\n\n<hr class=\"wp-block-separator has-alpha-channel-opacity\"\/>\n\n\n\n<p>Nous savons que vos besoins en mati\u00e8re de vols peuvent \u00eatre diff\u00e9rents, c&#8217;est pourquoi nous nous adaptons pour vous proposer diff\u00e9rents types de services :<\/p>\n<\/div>\n\n\n\n<div class=\"wp-block-group is-vertical is-layout-flex wp-container-core-group-is-layout-33 wp-block-group-is-layout-flex\">\n<h4 class=\"wp-block-heading\">La flotte<\/h4>\n\n\n\n<div class=\"wp-block-group is-nowrap is-layout-flex wp-container-core-group-is-layout-32 wp-block-group-is-layout-flex\">\n<p>Notre \u00e9quipe d&#8217;experts peut trouver le meilleur prix disponible pour votre location de jet priv\u00e9 sur l&#8217;avion priv\u00e9 le plus appropri\u00e9.<\/p>\n\n\n\n<p><a href=\"https:\/\/www.jet-vip.com\/our-fleet\/\" data-type=\"page\" data-id=\"1264\">Plus d&#8217;informations<\/a><\/p>\n<\/div>\n<\/div>\n\n\n\n<div class=\"wp-block-group is-vertical is-layout-flex wp-container-core-group-is-layout-35 wp-block-group-is-layout-flex\">\n<h4 class=\"wp-block-heading\">Destinations<\/h4>\n\n\n\n<div class=\"wp-block-group is-nowrap is-layout-flex wp-container-core-group-is-layout-34 wp-block-group-is-layout-flex\">\n<p>D\u00e9couvrez les destinations les plus demand\u00e9es pour votre voyage en jet priv\u00e9<\/p>\n\n\n\n<p><a href=\"https:\/\/www.jet-vip.com\/destinations\/\" data-type=\"page\" data-id=\"122\">Plus d&#8217;informations<\/a><\/p>\n<\/div>\n<\/div>\n\n\n\n<div class=\"wp-block-group is-vertical is-layout-flex wp-container-core-group-is-layout-37 wp-block-group-is-layout-flex\">\n<h4 class=\"wp-block-heading\">Questions fr\u00e9quemment pos\u00e9es<\/h4>\n\n\n\n<div class=\"wp-block-group is-nowrap is-layout-flex wp-container-core-group-is-layout-36 wp-block-group-is-layout-flex\">\n<p>Vous avez une question ? <br\/>Nous avons la r\u00e9ponse !<\/p>\n\n\n\n<p><a href=\"https:\/\/www.jet-vip.com\/frequently-asked-questions\/\" data-type=\"page\" data-id=\"417\">Plus d&#8217;informations<\/a><\/p>\n<\/div>\n<\/div>\n\n\n\n<div class=\"wp-block-group is-vertical is-layout-flex wp-container-core-group-is-layout-39 wp-block-group-is-layout-flex\">\n<h4 class=\"wp-block-heading\">Vols m\u00e9dicaux<\/h4>\n\n\n\n<div class=\"wp-block-group is-nowrap is-layout-flex wp-container-core-group-is-layout-38 wp-block-group-is-layout-flex\">\n<p>Si vous avez besoin de r\u00e9server un jet pour une occasion sp\u00e9ciale ou pour votre entreprise, ne cherchez pas plus loin !<\/p>\n\n\n\n<p><a href=\"https:\/\/www.jet-vip.com\/ambulance-flights\/\" data-type=\"page\" data-id=\"1184\">Plus d&#8217;informations<\/a><\/p>\n<\/div>\n<\/div>\n\n\n\n<div class=\"wp-block-group is-vertical is-layout-flex wp-container-core-group-is-layout-41 wp-block-group-is-layout-flex\">\n<h4 class=\"wp-block-heading\">S\u00e9curit\u00e9<\/h4>\n\n\n\n<div class=\"wp-block-group is-nowrap is-layout-flex wp-container-core-group-is-layout-40 wp-block-group-is-layout-flex\">\n<p>La s\u00e9curit\u00e9 dans l&#8217;aviation priv\u00e9e est notre principale pr\u00e9occupation. La s\u00e9curit\u00e9 a toujours \u00e9t\u00e9 la priorit\u00e9 de Jet-Vip<\/p>\n\n\n\n<p><a href=\"https:\/\/www.jet-vip.com\/safety-at-jet-vip\/\" data-type=\"page\" data-id=\"762\">Plus d&#8217;informations<\/a><\/p>\n<\/div>\n<\/div>\n\n\n\n<div class=\"wp-block-group is-vertical is-layout-flex wp-container-core-group-is-layout-43 wp-block-group-is-layout-flex\">\n<h4 class=\"wp-block-heading\">Vols \u00e0 vide<\/h4>\n\n\n\n<div class=\"wp-block-group is-nowrap is-layout-flex wp-container-core-group-is-layout-42 wp-block-group-is-layout-flex\">\n<p>L&#8217;affr\u00e8tement d&#8217;un vol \u00e0 vide est l&#8217;occasion d&#8217;\u00e9conomiser jusqu&#8217;\u00e0 50 % sur le prix de votre vol en jet priv\u00e9.<\/p>\n\n\n\n<p><a href=\"https:\/\/www.jet-vip.com\/empty-leg-flights-with-jet-vip\/\" data-type=\"page\" data-id=\"446\">Plus d&#8217;informations<\/a><\/p>\n<\/div>\n<\/div>\n<\/div>\n<\/div>\n<\/div>\n\n\n\n<div class=\"wp-block-group container-rounded-bottom-left -mt-10 white is-layout-constrained wp-block-group-is-layout-constrained\"><\/div>\n","protected":false},"excerpt":{"rendered":"<p>La Gr\u00e8ce est un r\u00eave qui revient toute la vie&#8230; Dites bonjour \u00e0 la Gr\u00e8ce, un pays magique plein de plages de sable, d&#8217;eaux bleues et de bonnes vibrations tout au long de l&#8217;ann\u00e9e ! Bien que la Gr\u00e8ce ait connu sa part de difficult\u00e9s \u00e9conomiques au cours des derni\u00e8res ann\u00e9es, elle reste l&#8217;une des &hellip; <a href=\"https:\/\/www.jet-vip.com\/fr\/destinations\/grece\/\">Continued<\/a><\/p>\n","protected":false},"author":2,"featured_media":1998,"parent":2677,"menu_order":0,"comment_status":"closed","ping_status":"closed","template":"","meta":{"footnotes":""},"class_list":["post-2665","page","type-page","status-publish","has-post-thumbnail","hentry"],"yoast_head":"<!-- This site is optimized with the Yoast SEO Premium plugin v23.9 (Yoast SEO v23.9) - https:\/\/yoast.com\/wordpress\/plugins\/seo\/ -->\n<title>Gr\u00e8ce | Destinations JET-VIP | R\u00e9servez votre vol en jet priv\u00e9<\/title>\n<meta name=\"description\" content=\"R\u00e9servez votre vol en jet priv\u00e9 vers Santorin, Mykonos, H\u00e9raklion, Corfou, Patras ou Paros et plongez-vous dans la beaut\u00e9 de la Gr\u00e8ce\" \/>\n<meta name=\"robots\" content=\"index, follow, max-snippet:-1, max-image-preview:large, max-video-preview:-1\" \/>\n<link rel=\"canonical\" href=\"https:\/\/www.jet-vip.com\/fr\/destinations\/grece\/\" \/>\n<meta property=\"og:locale\" content=\"fr_FR\" \/>\n<meta property=\"og:type\" content=\"article\" \/>\n<meta property=\"og:title\" content=\"Gr\u00e8ce | Destinations JET-VIP | R\u00e9servez votre vol en jet priv\u00e9\" \/>\n<meta property=\"og:description\" content=\"R\u00e9servez votre vol en jet priv\u00e9 vers Santorin, Mykonos, H\u00e9raklion, Corfou, Patras ou Paros et plongez-vous dans la beaut\u00e9 de la Gr\u00e8ce\" \/>\n<meta property=\"og:url\" content=\"https:\/\/www.jet-vip.com\/fr\/destinations\/grece\/\" \/>\n<meta property=\"og:site_name\" content=\"Jet VIP\" \/>\n<meta property=\"article:modified_time\" content=\"2025-09-05T13:05:46+00:00\" \/>\n<meta property=\"og:image\" content=\"http:\/\/www.jet-vip.com\/app\/uploads\/2023\/03\/greece_header.jpg\" \/>\n\t<meta property=\"og:image:width\" content=\"1944\" \/>\n\t<meta property=\"og:image:height\" content=\"723\" \/>\n\t<meta property=\"og:image:type\" content=\"image\/jpeg\" \/>\n<meta name=\"twitter:card\" content=\"summary_large_image\" \/>\n<meta name=\"twitter:label1\" content=\"Est. reading time\" \/>\n\t<meta name=\"twitter:data1\" content=\"29 minutes\" \/>\n<!-- \/ Yoast SEO Premium plugin. -->","yoast_head_json":{"title":"Gr\u00e8ce | Destinations JET-VIP | R\u00e9servez votre vol en jet priv\u00e9","description":"R\u00e9servez votre vol en jet priv\u00e9 vers Santorin, Mykonos, H\u00e9raklion, Corfou, Patras ou Paros et plongez-vous dans la beaut\u00e9 de la Gr\u00e8ce","robots":{"index":"index","follow":"follow","max-snippet":"max-snippet:-1","max-image-preview":"max-image-preview:large","max-video-preview":"max-video-preview:-1"},"canonical":"https:\/\/www.jet-vip.com\/fr\/destinations\/grece\/","og_locale":"fr_FR","og_type":"article","og_title":"Gr\u00e8ce | Destinations JET-VIP | R\u00e9servez votre vol en jet priv\u00e9","og_description":"R\u00e9servez votre vol en jet priv\u00e9 vers Santorin, Mykonos, H\u00e9raklion, Corfou, Patras ou Paros et plongez-vous dans la beaut\u00e9 de la Gr\u00e8ce","og_url":"https:\/\/www.jet-vip.com\/fr\/destinations\/grece\/","og_site_name":"Jet VIP","article_modified_time":"2025-09-05T13:05:46+00:00","og_image":[{"width":1944,"height":723,"url":"http:\/\/www.jet-vip.com\/app\/uploads\/2023\/03\/greece_header.jpg","type":"image\/jpeg"}],"twitter_card":"summary_large_image","twitter_misc":{"Est. reading time":"29 minutes"},"schema":{"@context":"https:\/\/schema.org","@graph":[{"@type":"WebPage","@id":"https:\/\/www.jet-vip.com\/fr\/destinations\/grece\/","url":"https:\/\/www.jet-vip.com\/fr\/destinations\/grece\/","name":"Gr\u00e8ce | Destinations JET-VIP | R\u00e9servez votre vol en jet priv\u00e9","isPartOf":{"@id":"https:\/\/www.jet-vip.com\/fr\/#website"},"primaryImageOfPage":{"@id":"https:\/\/www.jet-vip.com\/fr\/destinations\/grece\/#primaryimage"},"image":{"@id":"https:\/\/www.jet-vip.com\/fr\/destinations\/grece\/#primaryimage"},"thumbnailUrl":"https:\/\/www.jet-vip.com\/app\/uploads\/2023\/03\/greece_header.jpg","datePublished":"2023-01-24T08:20:50+00:00","dateModified":"2025-09-05T13:05:46+00:00","description":"R\u00e9servez votre vol en jet priv\u00e9 vers Santorin, Mykonos, H\u00e9raklion, Corfou, Patras ou Paros et plongez-vous dans la beaut\u00e9 de la Gr\u00e8ce","breadcrumb":{"@id":"https:\/\/www.jet-vip.com\/fr\/destinations\/grece\/#breadcrumb"},"inLanguage":"fr-FR","potentialAction":[{"@type":"ReadAction","target":["https:\/\/www.jet-vip.com\/fr\/destinations\/grece\/"]}]},{"@type":"ImageObject","inLanguage":"fr-FR","@id":"https:\/\/www.jet-vip.com\/fr\/destinations\/grece\/#primaryimage","url":"https:\/\/www.jet-vip.com\/app\/uploads\/2023\/03\/greece_header.jpg","contentUrl":"https:\/\/www.jet-vip.com\/app\/uploads\/2023\/03\/greece_header.jpg","width":1944,"height":723,"caption":"Greece, JET-VIP Destinations, Gr\u00e8ce"},{"@type":"BreadcrumbList","@id":"https:\/\/www.jet-vip.com\/fr\/destinations\/grece\/#breadcrumb","itemListElement":[{"@type":"ListItem","position":1,"name":"Destinations","item":"https:\/\/www.jet-vip.com\/fr\/destinations\/"},{"@type":"ListItem","position":2,"name":"Greece"}]},{"@type":"WebSite","@id":"https:\/\/www.jet-vip.com\/fr\/#website","url":"https:\/\/www.jet-vip.com\/fr\/","name":"www.jet-vip.com","description":"Private Jet &amp; Helicopter charter","publisher":{"@id":"https:\/\/www.jet-vip.com\/fr\/#organization"},"potentialAction":[{"@type":"SearchAction","target":{"@type":"EntryPoint","urlTemplate":"https:\/\/www.jet-vip.com\/fr\/?s={search_term_string}"},"query-input":{"@type":"PropertyValueSpecification","valueRequired":true,"valueName":"search_term_string"}}],"inLanguage":"fr-FR"},{"@type":"Organization","@id":"https:\/\/www.jet-vip.com\/fr\/#organization","name":"JET VIP","alternateName":"JET-VIP","url":"https:\/\/www.jet-vip.com\/fr\/","logo":{"@type":"ImageObject","inLanguage":"fr-FR","@id":"https:\/\/www.jet-vip.com\/fr\/#\/schema\/logo\/image\/","url":"https:\/\/www.jet-vip.com\/app\/uploads\/2023\/04\/logo_jetvip.png","contentUrl":"https:\/\/www.jet-vip.com\/app\/uploads\/2023\/04\/logo_jetvip.png","width":2344,"height":1500,"caption":"JET VIP"},"image":{"@id":"https:\/\/www.jet-vip.com\/fr\/#\/schema\/logo\/image\/"},"sameAs":["https:\/\/instagram.com\/jet_vip"]}]}},"_links":{"self":[{"href":"https:\/\/www.jet-vip.com\/fr\/wp-json\/wp\/v2\/pages\/2665","targetHints":{"allow":["GET"]}}],"collection":[{"href":"https:\/\/www.jet-vip.com\/fr\/wp-json\/wp\/v2\/pages"}],"about":[{"href":"https:\/\/www.jet-vip.com\/fr\/wp-json\/wp\/v2\/types\/page"}],"author":[{"embeddable":true,"href":"https:\/\/www.jet-vip.com\/fr\/wp-json\/wp\/v2\/users\/2"}],"replies":[{"embeddable":true,"href":"https:\/\/www.jet-vip.com\/fr\/wp-json\/wp\/v2\/comments?post=2665"}],"version-history":[{"count":3,"href":"https:\/\/www.jet-vip.com\/fr\/wp-json\/wp\/v2\/pages\/2665\/revisions"}],"predecessor-version":[{"id":2833,"href":"https:\/\/www.jet-vip.com\/fr\/wp-json\/wp\/v2\/pages\/2665\/revisions\/2833"}],"up":[{"embeddable":true,"href":"https:\/\/www.jet-vip.com\/fr\/wp-json\/wp\/v2\/pages\/2677"}],"wp:featuredmedia":[{"embeddable":true,"href":"https:\/\/www.jet-vip.com\/fr\/wp-json\/wp\/v2\/media\/1998"}],"wp:attachment":[{"href":"https:\/\/www.jet-vip.com\/fr\/wp-json\/wp\/v2\/media?parent=2665"}],"curies":[{"name":"wp","href":"https:\/\/api.w.org\/{rel}","templated":true}]}}